{"id":2736,"date":"2025-06-26T08:25:46","date_gmt":"2025-06-26T07:25:46","guid":{"rendered":"https:\/\/www.culture-dax.fr\/?page_id=2736"},"modified":"2025-07-15T07:03:01","modified_gmt":"2025-07-15T06:03:01","slug":"audiovisuel","status":"publish","type":"page","link":"https:\/\/www.culture-dax.fr\/?page_id=2736","title":{"rendered":"Audiovisuel"},"content":{"rendered":"<p>[et_pb_section fb_built=\u00a0\u00bb1&Prime; fullwidth=\u00a0\u00bbon\u00a0\u00bb _builder_version=\u00a0\u00bb4.25.0&Prime; _module_preset=\u00a0\u00bbdefault\u00a0\u00bb global_colors_info=\u00a0\u00bb{}\u00a0\u00bb][et_pb_fullwidth_image src=\u00a0\u00bbhttp:\/\/www.culture-dax.fr\/wp-content\/uploads\/2025\/07\/video_acd-scaled.jpg\u00a0\u00bb title_text=\u00a0\u00bbvideo_acd\u00a0\u00bb _builder_version=\u00a0\u00bb4.25.0&Prime; _module_preset=\u00a0\u00bbdefault\u00a0\u00bb global_colors_info=\u00a0\u00bb{}\u00a0\u00bb][\/et_pb_fullwidth_image][\/et_pb_section][et_pb_section fb_built=\u00a0\u00bb1&Prime; admin_label=\u00a0\u00bbsection\u00a0\u00bb _builder_version=\u00a0\u00bb4.16&Prime; global_colors_info=\u00a0\u00bb{}\u00a0\u00bb][et_pb_row admin_label=\u00a0\u00bbrow\u00a0\u00bb _builder_version=\u00a0\u00bb4.16&Prime; background_size=\u00a0\u00bbinitial\u00a0\u00bb background_position=\u00a0\u00bbtop_left\u00a0\u00bb background_repeat=\u00a0\u00bbrepeat\u00a0\u00bb global_colors_info=\u00a0\u00bb{}\u00a0\u00bb][et_pb_column type=\u00a0\u00bb4_4&Prime; _builder_version=\u00a0\u00bb4.16&Prime; custom_padding=\u00a0\u00bb|||\u00a0\u00bb global_colors_info=\u00a0\u00bb{}\u00a0\u00bb custom_padding__hover=\u00a0\u00bb|||\u00a0\u00bb][et_pb_text admin_label=\u00a0\u00bbText\u00a0\u00bb _builder_version=\u00a0\u00bb4.25.0&Prime; background_size=\u00a0\u00bbinitial\u00a0\u00bb background_position=\u00a0\u00bbtop_left\u00a0\u00bb background_repeat=\u00a0\u00bbrepeat\u00a0\u00bb hover_enabled=\u00a0\u00bb0&Prime; global_colors_info=\u00a0\u00bb{}\u00a0\u00bb sticky_enabled=\u00a0\u00bb0&Prime;]<\/p>\n<h1>PR\u00c9SENTATION DE L&rsquo;ATELIER VID\u00c9O<\/h1>\n<p>Le club vid\u00e9o s\u2019adresse \u00e0 tous les publics, sans limite d&rsquo;\u00e2ge, aux d\u00e9butants et aux apprentis vid\u00e9astes qui veulent compl\u00e9ter leur formation. Et plus largement a tous ceux d\u00e9sireux d\u2019apprendre comment filmer, comment cr\u00e9er et r\u00e9aliser un film. M\u00eame sans rien y conna\u00eetre ce groupe de travail est le v\u00f4tre ! Il faut juste se lancer&#8230;<\/p>\n<p>Le club vid\u00e9o est un lieu o\u00f9 vous exp\u00e9rimenterez les diff\u00e9rentes phases de fabrication d&rsquo;un film : \u00e9criture du sc\u00e9nario, prise en main de la cam\u00e9ra et du mat\u00e9riel son, art du cadrage, mise en sc\u00e8ne, direction des acteurs, tournage, montage, etc.<\/p>\n<p>Les adh\u00e9rents du dub disposant d\u00e9j\u00e0 d&rsquo;un mat\u00e9riel &#8211; cam\u00e9ra, appareil photo pour la vid\u00e9o mais aussi smartphone &#8211; apprendront \u00e0 1&rsquo;utiliser au mieux de ses possibilit\u00e9s. Tous ces moyens d&rsquo;expression sont de merveilleux outils au service.de nos id\u00e9es, de nos pens\u00e9es.<\/p>\n<p>Au club vid\u00e9o, l&rsquo;apprentissage passera avant tout par l&rsquo;action. Nous pratiquerons beaucoup parce que rien ne remplace un vrai tournage. Les sujets de films sont illimit\u00e9s. Nous apprendrons \u00e0 tourner sur le terrain, \u00e0 voir, sentir et capter les meilleures sc\u00e8nes, les images les plus caract\u00e9ristiques, enregistrer les faits et les t\u00e9moignages les plus vivants, les plus humains. A chaque \u00e9tape il s\u2019agira pour nous de d\u00e9velopper la qualit\u00e9 du regard, de sensibilit\u00e9 et d&rsquo;imagination. Le club vid\u00e9o est un formidable endroit en \u00e9quipe et a trouver sa place au sein du groupe. Apprendre \u00e0 compter sur soi, accro\u00eetre sa confiance en soi.<\/p>\n<p>&nbsp;<\/p>\n<p>[\/et_pb_text][\/et_pb_column][\/et_pb_row][\/et_pb_section]<\/p>\n","protected":false},"excerpt":{"rendered":"<p>PR\u00c9SENTATION DE L&rsquo;ATELIER VID\u00c9O Le club vid\u00e9o s\u2019adresse \u00e0 tous les publics, sans limite d&rsquo;\u00e2ge, aux d\u00e9butants et aux apprentis vid\u00e9astes qui veulent compl\u00e9ter leur formation. Et plus largement a tous ceux d\u00e9sireux d\u2019apprendre comment filmer, comment cr\u00e9er et r\u00e9aliser un film. M\u00eame sans rien y conna\u00eetre ce groupe de travail est le v\u00f4tre ! Il faut juste se lancer&#8230; Le club vid\u00e9o est un lieu o\u00f9 vous exp\u00e9rimenterez les diff\u00e9rentes phases de fabrication d&rsquo;un film : \u00e9criture du sc\u00e9nario, prise en main de la cam\u00e9ra et du mat\u00e9riel son, art du cadrage, mise en sc\u00e8ne, direction des acteurs, tournage, montage, etc. Les adh\u00e9rents du dub disposant d\u00e9j\u00e0 d&rsquo;un mat\u00e9riel &#8211; cam\u00e9ra, appareil photo pour la vid\u00e9o mais aussi smartphone &#8211; apprendront \u00e0 1&rsquo;utiliser au mieux de ses possibilit\u00e9s. Tous ces moyens d&rsquo;expression sont de merveilleux outils au service.de nos id\u00e9es, de nos pens\u00e9es. Au club vid\u00e9o, l&rsquo;apprentissage passera avant tout par l&rsquo;action. Nous pratiquerons beaucoup parce que rien ne remplace un vrai tournage. Les sujets de films sont illimit\u00e9s. Nous apprendrons \u00e0 tourner sur le terrain, \u00e0 voir, sentir et capter les meilleures sc\u00e8nes, les images les plus caract\u00e9ristiques, enregistrer les faits et les t\u00e9moignages les plus vivants, les [&hellip;]<\/p>\n","protected":false},"author":1,"featured_media":0,"parent":0,"menu_order":0,"comment_status":"closed","ping_status":"closed","template":"","meta":{"_et_pb_use_builder":"on","_et_pb_old_content":"[vc_row][vc_column][rev_slider_vc alias=\"pilatesdef-1\"][\/vc_column][\/vc_row][vc_row][vc_column][vc_column_text]\r\n<h1>PR\u00c9SENTATION DE L'ATELIER VID\u00c9O<\/h1>\r\nLe club vid\u00e9o s\u2019adresse \u00e0 tous les publics, sans limite d'\u00e2ge, aux d\u00e9butants et aux apprentis vid\u00e9astes qui veulent compl\u00e9ter leur formation. Et plus largement a tous ceux d\u00e9sireux d\u2019apprendre comment filmer, comment cr\u00e9er et r\u00e9aliser un film. M\u00eame sans rien y conna\u00eetre ce groupe de travail est le v\u00f4tre ! Il faut juste se lancer...\r\n\r\nLe club vid\u00e9o est un lieu o\u00f9 vous exp\u00e9rimenterez les diff\u00e9rentes phases de fabrication d'un film : \u00e9criture du sc\u00e9nario, prise en main de la cam\u00e9ra et du mat\u00e9riel son, art du cadrage, mise en sc\u00e8ne, direction des acteurs, tournage, montage, etc.\r\n\r\nLes adh\u00e9rents du dub disposant d\u00e9j\u00e0 d'un mat\u00e9riel - cam\u00e9ra, appareil photo pour la vid\u00e9o mais aussi smartphone - apprendront \u00e0 1'utiliser au mieux de ses possibilit\u00e9s. Tous ces moyens d'expression sont de merveilleux outils au service.de nos id\u00e9es, de nos pens\u00e9es.\r\n\r\nAu club vid\u00e9o, l'apprentissage passera avant tout par l'action. Nous pratiquerons beaucoup parce que rien ne remplace un vrai tournage. Les sujets de films sont illimit\u00e9s. Nous apprendrons \u00e0 tourner sur le terrain, \u00e0 voir, sentir et capter les meilleures sc\u00e8nes, les images les plus caract\u00e9ristiques, enregistrer les faits et les t\u00e9moignages les plus vivants, les plus humains. A chaque \u00e9tape il s\u2019agira pour nous de d\u00e9velopper la qualit\u00e9 du regard, de sensibilit\u00e9 et d'imagination. Le club vid\u00e9o est un formidable endroit en \u00e9quipe et a trouver sa place au sein du groupe. Apprendre \u00e0 compter sur soi, accro\u00eetre sa confiance en soi.\r\n\r\nCours les samedis de 9h \u00e0 12h.\r\nTarif annuel : 120 \u20ac[\/vc_column_text][\/vc_column][\/vc_row]","_et_gb_content_width":"","footnotes":""},"class_list":["post-2736","page","type-page","status-publish","hentry"],"_links":{"self":[{"href":"https:\/\/www.culture-dax.fr\/index.php?rest_route=\/wp\/v2\/pages\/2736","targetHints":{"allow":["GET"]}}],"collection":[{"href":"https:\/\/www.culture-dax.fr\/index.php?rest_route=\/wp\/v2\/pages"}],"about":[{"href":"https:\/\/www.culture-dax.fr\/index.php?rest_route=\/wp\/v2\/types\/page"}],"author":[{"embeddable":true,"href":"https:\/\/www.culture-dax.fr\/index.php?rest_route=\/wp\/v2\/users\/1"}],"replies":[{"embeddable":true,"href":"https:\/\/www.culture-dax.fr\/index.php?rest_route=%2Fwp%2Fv2%2Fcomments&post=2736"}],"version-history":[{"count":10,"href":"https:\/\/www.culture-dax.fr\/index.php?rest_route=\/wp\/v2\/pages\/2736\/revisions"}],"predecessor-version":[{"id":2965,"href":"https:\/\/www.culture-dax.fr\/index.php?rest_route=\/wp\/v2\/pages\/2736\/revisions\/2965"}],"wp:attachment":[{"href":"https:\/\/www.culture-dax.fr\/index.php?rest_route=%2Fwp%2Fv2%2Fmedia&parent=2736"}],"curies":[{"name":"wp","href":"https:\/\/api.w.org\/{rel}","templated":true}]}}