{"id":35,"date":"2014-10-24T14:57:19","date_gmt":"2014-10-24T13:57:19","guid":{"rendered":"http:\/\/www.culture-dax.fr\/?page_id=35"},"modified":"2026-01-23T07:31:19","modified_gmt":"2026-01-23T06:31:19","slug":"tarifs-et-horaires","status":"publish","type":"page","link":"https:\/\/www.culture-dax.fr\/?page_id=35","title":{"rendered":"Tarifs et horaires"},"content":{"rendered":"<p>[et_pb_section fb_built=\u00a0\u00bb1&Prime; admin_label=\u00a0\u00bbsection\u00a0\u00bb _builder_version=\u00a0\u00bb4.16&Prime; global_colors_info=\u00a0\u00bb{}\u00a0\u00bb][et_pb_row _builder_version=\u00a0\u00bb4.25.0&Prime; _module_preset=\u00a0\u00bbdefault\u00a0\u00bb global_colors_info=\u00a0\u00bb{}\u00a0\u00bb][et_pb_column type=\u00a0\u00bb4_4&Prime; _builder_version=\u00a0\u00bb4.25.0&Prime; _module_preset=\u00a0\u00bbdefault\u00a0\u00bb global_colors_info=\u00a0\u00bb{}\u00a0\u00bb][et_pb_text _builder_version=\u00a0\u00bb4.25.0&Prime; _module_preset=\u00a0\u00bbdefault\u00a0\u00bb global_colors_info=\u00a0\u00bb{}\u00a0\u00bb]<\/p>\n<h1><span style=\"color: #993300;\">TARIFS ACTIVIT\u00c9S 2025 &#8211; 2026\u00a0<\/span><\/h1>\n<p>[\/et_pb_text][\/et_pb_column][\/et_pb_row][et_pb_row _builder_version=\u00a0\u00bb4.25.0&Prime; _module_preset=\u00a0\u00bbdefault\u00a0\u00bb global_colors_info=\u00a0\u00bb{}\u00a0\u00bb][et_pb_column type=\u00a0\u00bb4_4&Prime; _builder_version=\u00a0\u00bb4.25.0&Prime; _module_preset=\u00a0\u00bbdefault\u00a0\u00bb global_colors_info=\u00a0\u00bb{}\u00a0\u00bb][dsm_block_reveal_image src=\u00a0\u00bbhttp:\/\/www.culture-dax.fr\/wp-content\/uploads\/2025\/01\/2025_bandeau_tarif_bas.jpg\u00a0\u00bb title_text=\u00a0\u00bb2025_bandeau_tarif_bas\u00a0\u00bb _builder_version=\u00a0\u00bb4.25.0&Prime; _module_preset=\u00a0\u00bbdefault\u00a0\u00bb global_colors_info=\u00a0\u00bb{}\u00a0\u00bb][\/dsm_block_reveal_image][\/et_pb_column][\/et_pb_row][et_pb_row _builder_version=\u00a0\u00bb4.25.0&Prime; _module_preset=\u00a0\u00bbdefault\u00a0\u00bb global_colors_info=\u00a0\u00bb{}\u00a0\u00bb][et_pb_column type=\u00a0\u00bb4_4&Prime; _builder_version=\u00a0\u00bb4.25.0&Prime; _module_preset=\u00a0\u00bbdefault\u00a0\u00bb global_colors_info=\u00a0\u00bb{}\u00a0\u00bb][et_pb_text _builder_version=\u00a0\u00bb4.25.0&Prime; _module_preset=\u00a0\u00bbdefault\u00a0\u00bb global_colors_info=\u00a0\u00bb{}\u00a0\u00bb]<\/p>\n<h2><strong>D\u00c9BUT DES INSCRIPTIONS 2025 &#8211; 2026<\/strong><span style=\"font-size: 14px;\">\u00a0<\/span><\/h2>\n<p>D\u00e8s le mois de juin 2025 bulletin disponible sur notre site, aupr\u00e8s des professeurs et animateurs et au secr\u00e9tariat.<br \/><strong>Nombre minimum adh\u00e9rents<\/strong> pour atelier et stages = 7 personnes.<br \/><strong><br \/>Cours d&rsquo;essai \u00e0 la rentr\u00e9e<\/strong><\/p>\n<p>Toute personne (hors curiste) pourra fr\u00e9quenter l&rsquo;atelier de son choix, gratuitement et sans engagement, <br \/>pendant 2 semaines cons\u00e9cutives (s&rsquo;inscrire aupr\u00e8s du secr\u00e9tariat ou par mail)<\/p>\n<p><strong><br \/>Dates de cours des ateliers<\/strong><br \/>D\u00e9but : le 15\/09\/2025 &#8211; Fin : le 30\/06\/2026 &#8211; Pas de cours pendant les jours f\u00e9ri\u00e9s et vacances scolaires.<br \/>Possibilit\u00e9 de 2 cours d&rsquo;essai cons\u00e9cutifs pour les nouveaux adh\u00e9rents.<br \/>Outils pour les nouveaux adh\u00e9rents (hors curiste et stage)<\/p>\n<p>[\/et_pb_text][\/et_pb_column][\/et_pb_row][et_pb_row _builder_version=\u00a0\u00bb4.25.0&Prime; _module_preset=\u00a0\u00bbdefault\u00a0\u00bb global_colors_info=\u00a0\u00bb{}\u00a0\u00bb][et_pb_column type=\u00a0\u00bb4_4&Prime; _builder_version=\u00a0\u00bb4.25.0&Prime; _module_preset=\u00a0\u00bbdefault\u00a0\u00bb global_colors_info=\u00a0\u00bb{}\u00a0\u00bb][et_pb_divider _builder_version=\u00a0\u00bb4.25.0&Prime; _module_preset=\u00a0\u00bbdefault\u00a0\u00bb global_colors_info=\u00a0\u00bb{}\u00a0\u00bb][\/et_pb_divider][\/et_pb_column][\/et_pb_row][et_pb_row _builder_version=\u00a0\u00bb4.25.0&Prime; _module_preset=\u00a0\u00bbdefault\u00a0\u00bb global_colors_info=\u00a0\u00bb{}\u00a0\u00bb][et_pb_column type=\u00a0\u00bb4_4&Prime; _builder_version=\u00a0\u00bb4.25.0&Prime; _module_preset=\u00a0\u00bbdefault\u00a0\u00bb global_colors_info=\u00a0\u00bb{}\u00a0\u00bb][et_pb_text _builder_version=\u00a0\u00bb4.25.0&Prime; _module_preset=\u00a0\u00bbdefault\u00a0\u00bb global_colors_info=\u00a0\u00bb{}\u00a0\u00bb]<\/p>\n<table style=\"height: 351px;\" width=\"955\">\n<tbody>\n<tr>\n<td colspan=\"2\" width=\"940\">\n<h2><strong>ADHESIONS<\/strong><\/h2>\n<\/td>\n<\/tr>\n<tr>\n<td width=\"778\">Adultes (plus de 18 ans)<\/td>\n<td width=\"162\">40 \u20ac<\/td>\n<\/tr>\n<tr>\n<td width=\"778\">Enfants, adolescents et jeunes adultes (moins de 18 ans)<\/td>\n<td width=\"162\">22 \u20ac<\/td>\n<\/tr>\n<tr>\n<td width=\"778\">Etudiants (entre 18 et 27 ans sur production du justificatif d\u2019\u00e9tudes)<\/td>\n<td width=\"162\">22 \u20ac<\/td>\n<\/tr>\n<tr>\n<td width=\"778\">Couples et famille (minimum 2 membres)<\/td>\n<td width=\"162\">60 \u20ac<\/td>\n<\/tr>\n<tr>\n<td width=\"778\">B\u00e9n\u00e9ficiaires de minimas sociaux (RSA)\u00a0sur justificatifs et \u00e9tude du dossier<br \/><strong>R\u00e9duction<\/strong> de 40 % sur le tarif de(s) l\u2019atelier(s) choisi(s)<\/td>\n<td width=\"162\">15 \u20ac<\/td>\n<\/tr>\n<tr>\n<td width=\"778\">Occasionnels et curistes<\/td>\n<td width=\"162\">10 \u20ac<\/td>\n<\/tr>\n<tr>\n<td width=\"778\">Stages<\/td>\n<td width=\"162\">5 \u20ac<\/td>\n<\/tr>\n<tr>\n<td width=\"778\"><\/td>\n<td width=\"162\"><\/td>\n<\/tr>\n<\/tbody>\n<\/table>\n<p>&nbsp;<\/p>\n<p>[\/et_pb_text][\/et_pb_column][\/et_pb_row][et_pb_row _builder_version=\u00a0\u00bb4.25.0&Prime; _module_preset=\u00a0\u00bbdefault\u00a0\u00bb global_colors_info=\u00a0\u00bb{}\u00a0\u00bb][et_pb_column type=\u00a0\u00bb4_4&Prime; _builder_version=\u00a0\u00bb4.25.0&Prime; _module_preset=\u00a0\u00bbdefault\u00a0\u00bb global_colors_info=\u00a0\u00bb{}\u00a0\u00bb][et_pb_divider _builder_version=\u00a0\u00bb4.25.0&Prime; _module_preset=\u00a0\u00bbdefault\u00a0\u00bb global_colors_info=\u00a0\u00bb{}\u00a0\u00bb][\/et_pb_divider][\/et_pb_column][\/et_pb_row][et_pb_row _builder_version=\u00a0\u00bb4.25.0&Prime; _module_preset=\u00a0\u00bbdefault\u00a0\u00bb global_colors_info=\u00a0\u00bb{}\u00a0\u00bb][et_pb_column type=\u00a0\u00bb4_4&Prime; _builder_version=\u00a0\u00bb4.25.0&Prime; _module_preset=\u00a0\u00bbdefault\u00a0\u00bb global_colors_info=\u00a0\u00bb{}\u00a0\u00bb][et_pb_text _builder_version=\u00a0\u00bb4.25.0&Prime; _module_preset=\u00a0\u00bbdefault\u00a0\u00bb global_colors_info=\u00a0\u00bb{}\u00a0\u00bb]<\/p>\n<h2><strong>PAIEMENT\u00a0<\/strong><\/h2>\n<p><strong><u>PAR CHEQUE\u00a0:<\/u><\/strong><\/p>\n<p>Option 1 : r\u00e8glement en une seule fois \u00e0 l&rsquo;inscription, encaissement imm\u00e9diat.<br \/>Option 2 : En trois ch\u00e8ques d&rsquo;un tiers : encaissement imm\u00e9diat du 1er ch\u00e8que \u00e0 l&rsquo;inscription, puis le 15 d\u00e8s 2 mois suivants.<\/p>\n<p><strong><u>PAR VIREMENT BANCAIRE\u00a0:<br \/><\/u><\/strong>FR76 1090 7004 0000 0202 0212 277<br \/>BIC CCBPFRPPBDX<\/p>\n<p>[\/et_pb_text][\/et_pb_column][\/et_pb_row][et_pb_row _builder_version=\u00a0\u00bb4.25.0&Prime; _module_preset=\u00a0\u00bbdefault\u00a0\u00bb global_colors_info=\u00a0\u00bb{}\u00a0\u00bb][et_pb_column type=\u00a0\u00bb4_4&Prime; _builder_version=\u00a0\u00bb4.25.0&Prime; _module_preset=\u00a0\u00bbdefault\u00a0\u00bb global_colors_info=\u00a0\u00bb{}\u00a0\u00bb][et_pb_divider _builder_version=\u00a0\u00bb4.25.0&Prime; _module_preset=\u00a0\u00bbdefault\u00a0\u00bb global_colors_info=\u00a0\u00bb{}\u00a0\u00bb][\/et_pb_divider][\/et_pb_column][\/et_pb_row][et_pb_row _builder_version=\u00a0\u00bb4.25.0&Prime; _module_preset=\u00a0\u00bbdefault\u00a0\u00bb global_colors_info=\u00a0\u00bb{}\u00a0\u00bb][et_pb_column type=\u00a0\u00bb4_4&Prime; _builder_version=\u00a0\u00bb4.25.0&Prime; _module_preset=\u00a0\u00bbdefault\u00a0\u00bb global_colors_info=\u00a0\u00bb{}\u00a0\u00bb][et_pb_text _builder_version=\u00a0\u00bb4.25.0&Prime; _module_preset=\u00a0\u00bbdefault\u00a0\u00bb global_colors_info=\u00a0\u00bb{}\u00a0\u00bb]<\/p>\n<h2><strong>FLYER<br \/>horaires A.C.D. 2025-2026 <a href=\"https:\/\/www.culture-dax.fr\/pdf\/flyer_tarifs_saison_2025_2026.pdf\" target=\"_blank\" rel=\"noopener\">(\u00e0 t\u00e9l\u00e9charger ici)<\/a><\/strong><\/h2>\n<p>[\/et_pb_text][\/et_pb_column][\/et_pb_row][et_pb_row _builder_version=\u00a0\u00bb4.25.0&Prime; _module_preset=\u00a0\u00bbdefault\u00a0\u00bb global_colors_info=\u00a0\u00bb{}\u00a0\u00bb][et_pb_column type=\u00a0\u00bb4_4&Prime; _builder_version=\u00a0\u00bb4.25.0&Prime; _module_preset=\u00a0\u00bbdefault\u00a0\u00bb global_colors_info=\u00a0\u00bb{}\u00a0\u00bb][et_pb_divider _builder_version=\u00a0\u00bb4.25.0&Prime; _module_preset=\u00a0\u00bbdefault\u00a0\u00bb global_colors_info=\u00a0\u00bb{}\u00a0\u00bb][\/et_pb_divider][\/et_pb_column][\/et_pb_row][et_pb_row _builder_version=\u00a0\u00bb4.25.0&Prime; _module_preset=\u00a0\u00bbdefault\u00a0\u00bb global_colors_info=\u00a0\u00bb{}\u00a0\u00bb][et_pb_column type=\u00a0\u00bb4_4&Prime; _builder_version=\u00a0\u00bb4.25.0&Prime; _module_preset=\u00a0\u00bbdefault\u00a0\u00bb global_colors_info=\u00a0\u00bb{}\u00a0\u00bb][et_pb_text _builder_version=\u00a0\u00bb4.25.0&Prime; _module_preset=\u00a0\u00bbdefault\u00a0\u00bb global_colors_info=\u00a0\u00bb{}\u00a0\u00bb]<\/p>\n<h1><strong><span style=\"color: #333399;\">COURS DE LANGUE<\/span><\/strong><\/h1>\n<p>[\/et_pb_text][\/et_pb_column][\/et_pb_row][et_pb_row column_structure=\u00a0\u00bb1_3,1_3,1_3&Prime; _builder_version=\u00a0\u00bb4.25.0&Prime; _module_preset=\u00a0\u00bbdefault\u00a0\u00bb global_colors_info=\u00a0\u00bb{}\u00a0\u00bb][et_pb_column type=\u00a0\u00bb1_3&Prime; _builder_version=\u00a0\u00bb4.25.0&Prime; _module_preset=\u00a0\u00bbdefault\u00a0\u00bb global_colors_info=\u00a0\u00bb{}\u00a0\u00bb][dsm_card title=\u00a0\u00bbANGLAIS niveau B1&Prime; image=\u00a0\u00bbhttp:\/\/www.culture-dax.fr\/wp-content\/uploads\/2014\/10\/anglais1.jpg\u00a0\u00bb image_background_animation=\u00a0\u00bbzoom_in\u00a0\u00bb badge_text=\u00a0\u00bb \u00a0\u00bb button_url_new_window=\u00a0\u00bb1&Prime; _builder_version=\u00a0\u00bb4.25.0&Prime; _module_preset=\u00a0\u00bbdefault\u00a0\u00bb border_radii=\u00a0\u00bbon|20px|20px|20px|20px\u00a0\u00bb box_shadow_style=\u00a0\u00bbpreset1&Prime; global_colors_info=\u00a0\u00bb{}\u00a0\u00bb]<\/p>\n<p><span>Mardi 17h30 \u2013 19h00 : niveau B1<\/span><\/p>\n<p>[\/dsm_card][dsm_dual_heading before_text=\u00a0\u00bbTarif Annuel Anglais moyens 189 \u20ac\u00a0\u00bb middle_text=\u00a0\u00bb \u00a0\u00bb heading_html_tag=\u00a0\u00bbp\u00a0\u00bb _builder_version=\u00a0\u00bb4.25.0&Prime; _module_preset=\u00a0\u00bbdefault\u00a0\u00bb header_font=\u00a0\u00bb|300|||||||\u00a0\u00bb header_text_color=\u00a0\u00bb#FFFFFF\u00a0\u00bb header_font_size=\u00a0\u00bb15px\u00a0\u00bb background_color=\u00a0\u00bb#00457A\u00a0\u00bb text_orientation=\u00a0\u00bbcenter\u00a0\u00bb background_layout=\u00a0\u00bbdark\u00a0\u00bb custom_margin=\u00a0\u00bb5px|5px|5px|5px|true|true\u00a0\u00bb custom_padding=\u00a0\u00bb5px|5px|5px|5px|true|true\u00a0\u00bb global_colors_info=\u00a0\u00bb{}\u00a0\u00bb][\/dsm_dual_heading][\/et_pb_column][et_pb_column type=\u00a0\u00bb1_3&Prime; _builder_version=\u00a0\u00bb4.25.0&Prime; _module_preset=\u00a0\u00bbdefault\u00a0\u00bb global_colors_info=\u00a0\u00bb{}\u00a0\u00bb][dsm_card title=\u00a0\u00bbANGLAIS niveaux : C1 conversation \u2013 A1+ faux d\u00e9butants \u2013 A1 d\u00e9butants \u2013 B1 avanc\u00e9s\u00a0\u00bb image=\u00a0\u00bbhttp:\/\/www.culture-dax.fr\/wp-content\/uploads\/2014\/10\/anglais1.jpg\u00a0\u00bb image_background_animation=\u00a0\u00bbzoom_in\u00a0\u00bb badge_text=\u00a0\u00bb \u00a0\u00bb button_url_new_window=\u00a0\u00bb1&Prime; _builder_version=\u00a0\u00bb4.25.0&Prime; _module_preset=\u00a0\u00bbdefault\u00a0\u00bb border_radii=\u00a0\u00bbon|20px|20px|20px|20px\u00a0\u00bb box_shadow_style=\u00a0\u00bbpreset1&Prime; global_colors_info=\u00a0\u00bb{}\u00a0\u00bb]<\/p>\n<p><span>Mardi 16h15 \u2013 17h15 : moyens (A2)<\/span><br \/><span>Mardi 19h \u2013 20h : conversation (Cl)<\/span><br \/><span>Jeudi 16h00 \u2013 17h00 : moyens (A2)<\/span><br \/><span>Jeudi 17h00 \u2013 18h00 : d\u00e9butants (Al)<\/span><br \/><span>Jeudi 18h00 \u2013 19h00 : faux \u2013 d\u00e9butants. (Al+)<\/span><\/p>\n<p>[\/dsm_card][dsm_dual_heading before_text=\u00a0\u00bbTarif Annuel Anglais :129\u20ac\u00a0\u00bb middle_text=\u00a0\u00bb \u00a0\u00bb heading_html_tag=\u00a0\u00bbp\u00a0\u00bb _builder_version=\u00a0\u00bb4.25.0&Prime; _module_preset=\u00a0\u00bbdefault\u00a0\u00bb header_font=\u00a0\u00bb|300|||||||\u00a0\u00bb header_text_color=\u00a0\u00bb#FFFFFF\u00a0\u00bb header_font_size=\u00a0\u00bb15px\u00a0\u00bb background_color=\u00a0\u00bb#00457A\u00a0\u00bb text_orientation=\u00a0\u00bbcenter\u00a0\u00bb background_layout=\u00a0\u00bbdark\u00a0\u00bb custom_margin=\u00a0\u00bb5px|5px|5px|5px|true|true\u00a0\u00bb custom_padding=\u00a0\u00bb5px|5px|5px|5px|true|true\u00a0\u00bb global_colors_info=\u00a0\u00bb{}\u00a0\u00bb][\/dsm_dual_heading][\/et_pb_column][et_pb_column type=\u00a0\u00bb1_3&Prime; _builder_version=\u00a0\u00bb4.25.0&Prime; _module_preset=\u00a0\u00bbdefault\u00a0\u00bb global_colors_info=\u00a0\u00bb{}\u00a0\u00bb][\/et_pb_column][\/et_pb_row][et_pb_row column_structure=\u00a0\u00bb1_3,1_3,1_3&Prime; _builder_version=\u00a0\u00bb4.25.0&Prime; _module_preset=\u00a0\u00bbdefault\u00a0\u00bb global_colors_info=\u00a0\u00bb{}\u00a0\u00bb][et_pb_column type=\u00a0\u00bb1_3&Prime; _builder_version=\u00a0\u00bb4.25.0&Prime; _module_preset=\u00a0\u00bbdefault\u00a0\u00bb global_colors_info=\u00a0\u00bb{}\u00a0\u00bb][dsm_card title=\u00a0\u00bbESPAGNOL avec Maryke\u00a0\u00bb image=\u00a0\u00bbhttp:\/\/www.culture-dax.fr\/wp-content\/uploads\/2014\/11\/espagnol0.jpg\u00a0\u00bb image_background_animation=\u00a0\u00bbzoom_in\u00a0\u00bb badge_text=\u00a0\u00bb \u00a0\u00bb button_url_new_window=\u00a0\u00bb1&Prime; _builder_version=\u00a0\u00bb4.25.0&Prime; _module_preset=\u00a0\u00bbdefault\u00a0\u00bb border_radii=\u00a0\u00bbon|20px|20px|20px|20px\u00a0\u00bb box_shadow_style=\u00a0\u00bbpreset1&Prime; global_colors_info=\u00a0\u00bb{}\u00a0\u00bb]<\/p>\n<p><span>Mardi 16h30 \u2013 18h00 : d\u00e9butants 1<\/span><br \/><span>Mardi 18h00 \u2013 19h30 : moyens 1<\/span><br \/><span>Mercredi 17h00 \u2013 18h30: moyens 2<\/span><br \/><span>Mercredi 18h30 \u2013 20h00: d\u00e9butants 2<\/span><br \/><span>Jeudi 14h00 \u2013 15h30 : avanc\u00e9s<\/span><\/p>\n<p>[\/dsm_card][dsm_dual_heading before_text=\u00a0\u00bbTarif Annuel Espagnol : 189 \u20ac\u00a0\u00bb middle_text=\u00a0\u00bb \u00a0\u00bb heading_html_tag=\u00a0\u00bbp\u00a0\u00bb _builder_version=\u00a0\u00bb4.25.0&Prime; _module_preset=\u00a0\u00bbdefault\u00a0\u00bb header_font=\u00a0\u00bb|300|||||||\u00a0\u00bb header_text_color=\u00a0\u00bb#FFFFFF\u00a0\u00bb header_font_size=\u00a0\u00bb15px\u00a0\u00bb background_color=\u00a0\u00bb#00457A\u00a0\u00bb text_orientation=\u00a0\u00bbcenter\u00a0\u00bb background_layout=\u00a0\u00bbdark\u00a0\u00bb custom_margin=\u00a0\u00bb5px|5px|5px|5px|true|true\u00a0\u00bb custom_padding=\u00a0\u00bb5px|5px|5px|5px|true|true\u00a0\u00bb global_colors_info=\u00a0\u00bb{}\u00a0\u00bb][\/dsm_dual_heading][\/et_pb_column][et_pb_column type=\u00a0\u00bb1_3&Prime; _builder_version=\u00a0\u00bb4.25.0&Prime; _module_preset=\u00a0\u00bbdefault\u00a0\u00bb global_colors_info=\u00a0\u00bb{}\u00a0\u00bb][dsm_card title=\u00a0\u00bbESPAGNOL avec Esther\u00a0\u00bb image=\u00a0\u00bbhttp:\/\/www.culture-dax.fr\/wp-content\/uploads\/2014\/11\/espagnol0.jpg\u00a0\u00bb image_background_animation=\u00a0\u00bbzoom_in\u00a0\u00bb button_url_new_window=\u00a0\u00bb1&Prime; _builder_version=\u00a0\u00bb4.25.0&Prime; _module_preset=\u00a0\u00bbdefault\u00a0\u00bb border_radii=\u00a0\u00bbon|20px|20px|20px|20px\u00a0\u00bb box_shadow_style=\u00a0\u00bbpreset1&Prime; global_colors_info=\u00a0\u00bb{}\u00a0\u00bb]<\/p>\n<p><span>Lundi 14h00 \u2013 15h30 \u2013 confirm\u00e9s 2<\/span><br \/><span>Lundi 15h45 \u2013 17h15 : avanc\u00e9s<\/span><br \/><span>Jeudi 14h30 \u2013 16h00 : conversation<\/span><\/p>\n<p>[\/dsm_card][dsm_dual_heading before_text=\u00a0\u00bbTarif Annuel Espagnol : 189\u20ac\u00a0\u00bb middle_text=\u00a0\u00bb \u00a0\u00bb heading_html_tag=\u00a0\u00bbp\u00a0\u00bb _builder_version=\u00a0\u00bb4.25.0&Prime; _module_preset=\u00a0\u00bbdefault\u00a0\u00bb header_font=\u00a0\u00bb|300|||||||\u00a0\u00bb header_text_color=\u00a0\u00bb#FFFFFF\u00a0\u00bb header_font_size=\u00a0\u00bb15px\u00a0\u00bb background_color=\u00a0\u00bb#00457A\u00a0\u00bb text_orientation=\u00a0\u00bbcenter\u00a0\u00bb background_layout=\u00a0\u00bbdark\u00a0\u00bb custom_margin=\u00a0\u00bb5px|5px|5px|5px|true|true\u00a0\u00bb custom_padding=\u00a0\u00bb5px|5px|5px|5px|true|true\u00a0\u00bb global_colors_info=\u00a0\u00bb{}\u00a0\u00bb][\/dsm_dual_heading][\/et_pb_column][et_pb_column type=\u00a0\u00bb1_3&Prime; _builder_version=\u00a0\u00bb4.25.0&Prime; _module_preset=\u00a0\u00bbdefault\u00a0\u00bb global_colors_info=\u00a0\u00bb{}\u00a0\u00bb][dsm_card title=\u00a0\u00bbITALIEN\u00a0\u00bb image=\u00a0\u00bbhttp:\/\/www.culture-dax.fr\/wp-content\/uploads\/2014\/11\/italiano0.jpg\u00a0\u00bb image_background_animation=\u00a0\u00bbzoom_in\u00a0\u00bb button_url_new_window=\u00a0\u00bb1&Prime; _builder_version=\u00a0\u00bb4.25.0&Prime; _module_preset=\u00a0\u00bbdefault\u00a0\u00bb border_radii=\u00a0\u00bbon|20px|20px|20px|20px\u00a0\u00bb box_shadow_style=\u00a0\u00bbpreset1&Prime; global_colors_info=\u00a0\u00bb{}\u00a0\u00bb]<\/p>\n<p><span>Jeudi 15h45 \u2013 17h15: niveau Al+ (Faux D\u00e9butants)<\/span><br \/><span>Jeudi 17h30 \u2013 19h00 : d\u00e9butants {Al)<\/span><br \/><span>Tarif exceptionnel pour cette saison, la professeur ne pouvant assurer que 28 cours<\/span><\/p>\n<p>[\/dsm_card][dsm_dual_heading before_text=\u00a0\u00bbTarif Annuel Italien : 156 \u20ac\u00a0\u00bb middle_text=\u00a0\u00bb \u00a0\u00bb heading_html_tag=\u00a0\u00bbp\u00a0\u00bb _builder_version=\u00a0\u00bb4.25.0&Prime; _module_preset=\u00a0\u00bbdefault\u00a0\u00bb header_font=\u00a0\u00bb|300|||||||\u00a0\u00bb header_text_color=\u00a0\u00bb#FFFFFF\u00a0\u00bb header_font_size=\u00a0\u00bb15px\u00a0\u00bb background_color=\u00a0\u00bb#00457A\u00a0\u00bb text_orientation=\u00a0\u00bbcenter\u00a0\u00bb background_layout=\u00a0\u00bbdark\u00a0\u00bb custom_margin=\u00a0\u00bb5px|5px|5px|5px|true|true\u00a0\u00bb custom_padding=\u00a0\u00bb5px|5px|5px|5px|true|true\u00a0\u00bb global_colors_info=\u00a0\u00bb{}\u00a0\u00bb][\/dsm_dual_heading][\/et_pb_column][\/et_pb_row][et_pb_row column_structure=\u00a0\u00bb1_3,1_3,1_3&Prime; _builder_version=\u00a0\u00bb4.25.0&Prime; _module_preset=\u00a0\u00bbdefault\u00a0\u00bb global_colors_info=\u00a0\u00bb{}\u00a0\u00bb][et_pb_column type=\u00a0\u00bb1_3&Prime; _builder_version=\u00a0\u00bb4.25.0&Prime; _module_preset=\u00a0\u00bbdefault\u00a0\u00bb global_colors_info=\u00a0\u00bb{}\u00a0\u00bb][dsm_card title=\u00a0\u00bbBASQUE\u00a0\u00bb image=\u00a0\u00bbhttp:\/\/www.culture-dax.fr\/wp-content\/uploads\/2014\/10\/euskara3.jpg\u00a0\u00bb image_background_animation=\u00a0\u00bbzoom_in\u00a0\u00bb button_url_new_window=\u00a0\u00bb1&Prime; _builder_version=\u00a0\u00bb4.25.0&Prime; _module_preset=\u00a0\u00bbdefault\u00a0\u00bb border_radii=\u00a0\u00bbon|20px|20px|20px|20px\u00a0\u00bb box_shadow_style=\u00a0\u00bbpreset1&Prime; global_colors_info=\u00a0\u00bb{}\u00a0\u00bb]<\/p>\n<p>Lundi\u00a0\u00a0\u00a0 18 h 30\u00a0 &#8211; 20 h\u00a000 : Niveau\u00a0 4<br \/>Mardi\u00a0\u00a0 10 h 30\u00a0 &#8211; 12 h 00 : Niveau 5<br \/>Mardi\u00a0\u00a0 18 h 30\u00a0 -20 h 00 : Niveau 3<br \/>Mercredi 18 h 30 \u2013 20 h 00 : D\u00e9butants<br \/>Jeudi\u00a0\u00a0 18 h 00 &#8211;\u00a0 19 h 30 : Niveau 2<\/p>\n<p>[\/dsm_card][dsm_dual_heading before_text=\u00a0\u00bbTarif Annuel Basque : 189 \u20ac\u00a0\u00bb middle_text=\u00a0\u00bb \u00a0\u00bb heading_html_tag=\u00a0\u00bbp\u00a0\u00bb _builder_version=\u00a0\u00bb4.25.0&Prime; _module_preset=\u00a0\u00bbdefault\u00a0\u00bb header_font=\u00a0\u00bb|300|||||||\u00a0\u00bb header_text_color=\u00a0\u00bb#FFFFFF\u00a0\u00bb header_font_size=\u00a0\u00bb15px\u00a0\u00bb background_color=\u00a0\u00bb#00457A\u00a0\u00bb text_orientation=\u00a0\u00bbcenter\u00a0\u00bb background_layout=\u00a0\u00bbdark\u00a0\u00bb custom_margin=\u00a0\u00bb5px|5px|5px|5px|true|true\u00a0\u00bb custom_padding=\u00a0\u00bb5px|5px|5px|5px|true|true\u00a0\u00bb global_colors_info=\u00a0\u00bb{}\u00a0\u00bb][\/dsm_dual_heading][\/et_pb_column][et_pb_column type=\u00a0\u00bb1_3&Prime; _builder_version=\u00a0\u00bb4.25.0&Prime; _module_preset=\u00a0\u00bbdefault\u00a0\u00bb global_colors_info=\u00a0\u00bb{}\u00a0\u00bb][\/et_pb_column][et_pb_column type=\u00a0\u00bb1_3&Prime; _builder_version=\u00a0\u00bb4.25.0&Prime; _module_preset=\u00a0\u00bbdefault\u00a0\u00bb global_colors_info=\u00a0\u00bb{}\u00a0\u00bb][\/et_pb_column][\/et_pb_row][et_pb_row _builder_version=\u00a0\u00bb4.25.0&Prime; _module_preset=\u00a0\u00bbdefault\u00a0\u00bb global_colors_info=\u00a0\u00bb{}\u00a0\u00bb][et_pb_column type=\u00a0\u00bb4_4&Prime; _builder_version=\u00a0\u00bb4.25.0&Prime; _module_preset=\u00a0\u00bbdefault\u00a0\u00bb global_colors_info=\u00a0\u00bb{}\u00a0\u00bb][et_pb_divider _builder_version=\u00a0\u00bb4.25.0&Prime; _module_preset=\u00a0\u00bbdefault\u00a0\u00bb global_colors_info=\u00a0\u00bb{}\u00a0\u00bb][\/et_pb_divider][\/et_pb_column][\/et_pb_row][et_pb_row _builder_version=\u00a0\u00bb4.25.0&Prime; _module_preset=\u00a0\u00bbdefault\u00a0\u00bb global_colors_info=\u00a0\u00bb{}\u00a0\u00bb][et_pb_column type=\u00a0\u00bb4_4&Prime; _builder_version=\u00a0\u00bb4.25.0&Prime; _module_preset=\u00a0\u00bbdefault\u00a0\u00bb global_colors_info=\u00a0\u00bb{}\u00a0\u00bb][et_pb_text _builder_version=\u00a0\u00bb4.25.0&Prime; _module_preset=\u00a0\u00bbdefault\u00a0\u00bb global_colors_info=\u00a0\u00bb{}\u00a0\u00bb]<\/p>\n<h1><strong><span style=\"color: #333399;\">BIEN-\u00caTRE<\/span><\/strong><\/h1>\n<p>[\/et_pb_text][\/et_pb_column][\/et_pb_row][et_pb_row column_structure=\u00a0\u00bb1_3,1_3,1_3&Prime; _builder_version=\u00a0\u00bb4.25.0&Prime; _module_preset=\u00a0\u00bbdefault\u00a0\u00bb global_colors_info=\u00a0\u00bb{}\u00a0\u00bb][et_pb_column type=\u00a0\u00bb1_3&Prime; _builder_version=\u00a0\u00bb4.25.0&Prime; _module_preset=\u00a0\u00bbdefault\u00a0\u00bb global_colors_info=\u00a0\u00bb{}\u00a0\u00bb][dsm_card title=\u00a0\u00bbTA\u00cf CHI CHUAN\u00a0\u00bb image=\u00a0\u00bbhttp:\/\/www.culture-dax.fr\/wp-content\/uploads\/2014\/10\/taichi1.jpg\u00a0\u00bb image_background_animation=\u00a0\u00bbzoom_in\u00a0\u00bb button_url_new_window=\u00a0\u00bb1&Prime; _builder_version=\u00a0\u00bb4.25.0&Prime; _module_preset=\u00a0\u00bbdefault\u00a0\u00bb border_radii=\u00a0\u00bbon|20px|20px|20px|20px\u00a0\u00bb box_shadow_style=\u00a0\u00bbpreset1&Prime; global_colors_info=\u00a0\u00bb{}\u00a0\u00bb]<\/p>\n<p><span>lundi 18h30-20h \u00e0 partir 3\u00e8me ann\u00e9e<\/span><br \/><span>jeudi 19h-20h d\u00e9butants 1 \u00e8re ann\u00e9e<\/span><br \/><span>jeudi 19h-20h30 d\u00e9butants 2\u00e8me ann\u00e9e<\/span><\/p>\n<p>[\/dsm_card][dsm_dual_heading before_text=\u00a0\u00bbTarif Annuel Ta\u00ef chi chuan : Cours 1h30 : 189 \u20ac\/an &#8211; 2\u00e8me et 3\u00e8me ann\u00e9es \/\/ Cours 1h &#8211; D\u00e9butants : 129 \u20ac \/\/ D\u00e9butants \/\/ + Licence 35 \u20ac environ\u00a0\u00bb middle_text=\u00a0\u00bb \u00a0\u00bb heading_html_tag=\u00a0\u00bbp\u00a0\u00bb _builder_version=\u00a0\u00bb4.25.0&Prime; _module_preset=\u00a0\u00bbdefault\u00a0\u00bb header_font=\u00a0\u00bb|300|||||||\u00a0\u00bb header_text_color=\u00a0\u00bb#FFFFFF\u00a0\u00bb header_font_size=\u00a0\u00bb15px\u00a0\u00bb background_color=\u00a0\u00bb#00457A\u00a0\u00bb text_orientation=\u00a0\u00bbcenter\u00a0\u00bb background_layout=\u00a0\u00bbdark\u00a0\u00bb custom_margin=\u00a0\u00bb5px|5px|5px|5px|true|true\u00a0\u00bb custom_padding=\u00a0\u00bb5px|5px|5px|5px|true|true\u00a0\u00bb global_colors_info=\u00a0\u00bb{}\u00a0\u00bb][\/dsm_dual_heading][\/et_pb_column][et_pb_column type=\u00a0\u00bb1_3&Prime; _builder_version=\u00a0\u00bb4.25.0&Prime; _module_preset=\u00a0\u00bbdefault\u00a0\u00bb global_colors_info=\u00a0\u00bb{}\u00a0\u00bb][dsm_card title=\u00a0\u00bbSOPHROLOGIE\u00a0\u00bb image=\u00a0\u00bbhttp:\/\/www.culture-dax.fr\/wp-content\/uploads\/2014\/10\/sophro1.jpg\u00a0\u00bb image_background_animation=\u00a0\u00bbzoom_in\u00a0\u00bb button_url_new_window=\u00a0\u00bb1&Prime; _builder_version=\u00a0\u00bb4.25.0&Prime; _module_preset=\u00a0\u00bbdefault\u00a0\u00bb border_radii=\u00a0\u00bbon|20px|20px|20px|20px\u00a0\u00bb box_shadow_style=\u00a0\u00bbpreset1&Prime; global_colors_info=\u00a0\u00bb{}\u00a0\u00bb]<\/p>\n<p><span>Lundi 14h00 \u2013 15h30<\/span><br \/><span>Mercredi : 18h30 \u2013 20h00<\/span><br \/><span>Jeudi : 10h30 \u2013 12h00<\/span><\/p>\n<p>[\/dsm_card][dsm_dual_heading before_text=\u00a0\u00bbTarif Annuel Sophrologie : 189 \u20ac\u00a0\u00bb middle_text=\u00a0\u00bb \u00a0\u00bb heading_html_tag=\u00a0\u00bbp\u00a0\u00bb _builder_version=\u00a0\u00bb4.25.0&Prime; _module_preset=\u00a0\u00bbdefault\u00a0\u00bb header_font=\u00a0\u00bb|300|||||||\u00a0\u00bb header_text_color=\u00a0\u00bb#FFFFFF\u00a0\u00bb header_font_size=\u00a0\u00bb15px\u00a0\u00bb background_color=\u00a0\u00bb#00457A\u00a0\u00bb text_orientation=\u00a0\u00bbcenter\u00a0\u00bb background_layout=\u00a0\u00bbdark\u00a0\u00bb custom_margin=\u00a0\u00bb5px|5px|5px|5px|true|true\u00a0\u00bb custom_padding=\u00a0\u00bb5px|5px|5px|5px|true|true\u00a0\u00bb global_colors_info=\u00a0\u00bb{}\u00a0\u00bb][\/dsm_dual_heading][\/et_pb_column][et_pb_column type=\u00a0\u00bb1_3&Prime; _builder_version=\u00a0\u00bb4.25.0&Prime; _module_preset=\u00a0\u00bbdefault\u00a0\u00bb global_colors_info=\u00a0\u00bb{}\u00a0\u00bb][dsm_card title=\u00a0\u00bbHATHA YOGA\u00a0\u00bb image=\u00a0\u00bbhttp:\/\/www.culture-dax.fr\/wp-content\/uploads\/2014\/10\/viniyoga.jpg\u00a0\u00bb image_background_animation=\u00a0\u00bbzoom_in\u00a0\u00bb button_url_new_window=\u00a0\u00bb1&Prime; _builder_version=\u00a0\u00bb4.25.0&Prime; _module_preset=\u00a0\u00bbdefault\u00a0\u00bb border_radii=\u00a0\u00bbon|20px|20px|20px|20px\u00a0\u00bb box_shadow_style=\u00a0\u00bbpreset1&Prime; global_colors_info=\u00a0\u00bb{}\u00a0\u00bb]<\/p>\n<p><span>Lundi : 12h30 \u2013 13h30<\/span><br \/><span>Mardi : 19h00 \u2013 20h00<br \/>Jeudi\u00a0 : 19h00 &#8211; 20h00<\/span><\/p>\n<p>[\/dsm_card][dsm_dual_heading before_text=\u00a0\u00bbTarif Annuel Hatha Yoga : 129 \u20ac\u00a0\u00bb middle_text=\u00a0\u00bb \u00a0\u00bb heading_html_tag=\u00a0\u00bbp\u00a0\u00bb _builder_version=\u00a0\u00bb4.25.0&Prime; _module_preset=\u00a0\u00bbdefault\u00a0\u00bb header_font=\u00a0\u00bb|300|||||||\u00a0\u00bb header_text_color=\u00a0\u00bb#FFFFFF\u00a0\u00bb header_font_size=\u00a0\u00bb15px\u00a0\u00bb background_color=\u00a0\u00bb#00457A\u00a0\u00bb text_orientation=\u00a0\u00bbcenter\u00a0\u00bb background_layout=\u00a0\u00bbdark\u00a0\u00bb custom_margin=\u00a0\u00bb5px|5px|5px|5px|true|true\u00a0\u00bb custom_padding=\u00a0\u00bb5px|5px|5px|5px|true|true\u00a0\u00bb global_colors_info=\u00a0\u00bb{}\u00a0\u00bb][\/dsm_dual_heading][\/et_pb_column][\/et_pb_row][et_pb_row column_structure=\u00a0\u00bb1_3,1_3,1_3&Prime; _builder_version=\u00a0\u00bb4.25.0&Prime; _module_preset=\u00a0\u00bbdefault\u00a0\u00bb global_colors_info=\u00a0\u00bb{}\u00a0\u00bb][et_pb_column type=\u00a0\u00bb1_3&Prime; _builder_version=\u00a0\u00bb4.25.0&Prime; _module_preset=\u00a0\u00bbdefault\u00a0\u00bb global_colors_info=\u00a0\u00bb{}\u00a0\u00bb][dsm_card title=\u00a0\u00bbPILATES &#8211; GYM DOUCE\u00a0\u00bb image=\u00a0\u00bbhttp:\/\/www.culture-dax.fr\/wp-content\/uploads\/2023\/08\/gymdouce.jpg\u00a0\u00bb image_background_animation=\u00a0\u00bbzoom_in\u00a0\u00bb button_url_new_window=\u00a0\u00bb1&Prime; _builder_version=\u00a0\u00bb4.25.0&Prime; _module_preset=\u00a0\u00bbdefault\u00a0\u00bb border_radii=\u00a0\u00bbon|20px|20px|20px|20px\u00a0\u00bb box_shadow_style=\u00a0\u00bbpreset1&Prime; global_colors_info=\u00a0\u00bb{}\u00a0\u00bb]<\/p>\n<p><span>Lundi 9h00 \u2013 10h00<\/span><br \/><span>Mardi : 12 h 30 \u2013 13 h 30<\/span><br \/><span>Mercredi : 12h30 \u2013 13h30<\/span><br \/><span>Vendredi : 10 h 30 \u2013 11 h 30<\/span><\/p>\n<p>[\/dsm_card][dsm_dual_heading before_text=\u00a0\u00bbTarif Annuel Gym douce : 129 \u20ac\u00a0\u00bb middle_text=\u00a0\u00bb \u00a0\u00bb heading_html_tag=\u00a0\u00bbp\u00a0\u00bb _builder_version=\u00a0\u00bb4.25.0&Prime; _module_preset=\u00a0\u00bbdefault\u00a0\u00bb header_font=\u00a0\u00bb|300|||||||\u00a0\u00bb header_text_color=\u00a0\u00bb#FFFFFF\u00a0\u00bb header_font_size=\u00a0\u00bb15px\u00a0\u00bb background_color=\u00a0\u00bb#00457A\u00a0\u00bb text_orientation=\u00a0\u00bbcenter\u00a0\u00bb background_layout=\u00a0\u00bbdark\u00a0\u00bb custom_margin=\u00a0\u00bb5px|5px|5px|5px|true|true\u00a0\u00bb custom_padding=\u00a0\u00bb5px|5px|5px|5px|true|true\u00a0\u00bb global_colors_info=\u00a0\u00bb{}\u00a0\u00bb][\/dsm_dual_heading][\/et_pb_column][et_pb_column type=\u00a0\u00bb1_3&Prime; _builder_version=\u00a0\u00bb4.25.0&Prime; _module_preset=\u00a0\u00bbdefault\u00a0\u00bb global_colors_info=\u00a0\u00bb{}\u00a0\u00bb][\/et_pb_column][et_pb_column type=\u00a0\u00bb1_3&Prime; _builder_version=\u00a0\u00bb4.25.0&Prime; _module_preset=\u00a0\u00bbdefault\u00a0\u00bb global_colors_info=\u00a0\u00bb{}\u00a0\u00bb][\/et_pb_column][\/et_pb_row][et_pb_row _builder_version=\u00a0\u00bb4.25.0&Prime; _module_preset=\u00a0\u00bbdefault\u00a0\u00bb global_colors_info=\u00a0\u00bb{}\u00a0\u00bb][et_pb_column type=\u00a0\u00bb4_4&Prime; _builder_version=\u00a0\u00bb4.25.0&Prime; _module_preset=\u00a0\u00bbdefault\u00a0\u00bb global_colors_info=\u00a0\u00bb{}\u00a0\u00bb][et_pb_divider _builder_version=\u00a0\u00bb4.25.0&Prime; _module_preset=\u00a0\u00bbdefault\u00a0\u00bb global_colors_info=\u00a0\u00bb{}\u00a0\u00bb][\/et_pb_divider][\/et_pb_column][\/et_pb_row][et_pb_row _builder_version=\u00a0\u00bb4.25.0&Prime; _module_preset=\u00a0\u00bbdefault\u00a0\u00bb global_colors_info=\u00a0\u00bb{}\u00a0\u00bb][et_pb_column type=\u00a0\u00bb4_4&Prime; _builder_version=\u00a0\u00bb4.25.0&Prime; _module_preset=\u00a0\u00bbdefault\u00a0\u00bb global_colors_info=\u00a0\u00bb{}\u00a0\u00bb][et_pb_text _builder_version=\u00a0\u00bb4.25.0&Prime; _module_preset=\u00a0\u00bbdefault\u00a0\u00bb global_colors_info=\u00a0\u00bb{}\u00a0\u00bb]<\/p>\n<h1><strong><span style=\"color: #333399;\">SCIENCES &amp; TECHONOLOGIE<\/span><\/strong><\/h1>\n<p>[\/et_pb_text][\/et_pb_column][\/et_pb_row][et_pb_row column_structure=\u00a0\u00bb1_3,1_3,1_3&Prime; _builder_version=\u00a0\u00bb4.25.0&Prime; _module_preset=\u00a0\u00bbdefault\u00a0\u00bb global_colors_info=\u00a0\u00bb{}\u00a0\u00bb][et_pb_column type=\u00a0\u00bb1_3&Prime; _builder_version=\u00a0\u00bb4.25.0&Prime; _module_preset=\u00a0\u00bbdefault\u00a0\u00bb global_colors_info=\u00a0\u00bb{}\u00a0\u00bb][dsm_card title=\u00a0\u00bbASTRONOMIE\u00a0\u00bb image=\u00a0\u00bbhttp:\/\/www.culture-dax.fr\/wp-content\/uploads\/2014\/10\/ob_df41df1561bf0acd9b9050a0cb5876d8_m31-andromede.jpg\u00a0\u00bb image_background_animation=\u00a0\u00bbzoom_in\u00a0\u00bb button_url_new_window=\u00a0\u00bb1&Prime; _builder_version=\u00a0\u00bb4.25.0&Prime; _module_preset=\u00a0\u00bbdefault\u00a0\u00bb border_radii=\u00a0\u00bbon|20px|20px|20px|20px\u00a0\u00bb box_shadow_style=\u00a0\u00bbpreset1&Prime; global_colors_info=\u00a0\u00bb{}\u00a0\u00bb]<\/p>\n<p><span>Vendredi \u00e0 partir de 21h<\/span><br \/><span>Observatoire \u2013 rue Pascal Lafitte \u2013 40100 DAX<\/span><br \/><span>Tarif \u00e0 la s\u00e9ance ados\/jeunes\/adultes\u00a0 : 6\u20ac<\/span><br \/><span>Tarif \u00e0 la s\u00e9ance enfants (jusqu\u2019\u00e0 13 ans) : 4 \u20ac<\/span><\/p>\n<p>[\/dsm_card][dsm_dual_heading before_text=\u00a0\u00bbTarif Annuel Astronomie : 59 \u20ac\u00a0\u00bb middle_text=\u00a0\u00bb \u00a0\u00bb heading_html_tag=\u00a0\u00bbp\u00a0\u00bb _builder_version=\u00a0\u00bb4.25.0&Prime; _module_preset=\u00a0\u00bbdefault\u00a0\u00bb header_font=\u00a0\u00bb|300|||||||\u00a0\u00bb header_text_color=\u00a0\u00bb#FFFFFF\u00a0\u00bb header_font_size=\u00a0\u00bb15px\u00a0\u00bb background_color=\u00a0\u00bb#00457A\u00a0\u00bb text_orientation=\u00a0\u00bbcenter\u00a0\u00bb background_layout=\u00a0\u00bbdark\u00a0\u00bb custom_margin=\u00a0\u00bb5px|5px|5px|5px|true|true\u00a0\u00bb custom_padding=\u00a0\u00bb5px|5px|5px|5px|true|true\u00a0\u00bb global_colors_info=\u00a0\u00bb{}\u00a0\u00bb][\/dsm_dual_heading][\/et_pb_column][et_pb_column type=\u00a0\u00bb1_3&Prime; _builder_version=\u00a0\u00bb4.25.0&Prime; _module_preset=\u00a0\u00bbdefault\u00a0\u00bb global_colors_info=\u00a0\u00bb{}\u00a0\u00bb][dsm_card title=\u00a0\u00bbINFORMATIQUE\u00a0\u00bb subtitle=\u00a0\u00bbStage\u00a0\u00bb image=\u00a0\u00bbhttp:\/\/www.culture-dax.fr\/wp-content\/uploads\/2014\/11\/informatique1.jpg\u00a0\u00bb image_background_animation=\u00a0\u00bbzoom_in\u00a0\u00bb button_url_new_window=\u00a0\u00bb1&Prime; _builder_version=\u00a0\u00bb4.25.0&Prime; _module_preset=\u00a0\u00bbdefault\u00a0\u00bb subhead_text_color=\u00a0\u00bb#E02B20&Prime; border_radii=\u00a0\u00bbon|20px|20px|20px|20px\u00a0\u00bb box_shadow_style=\u00a0\u00bbpreset1&Prime; global_colors_info=\u00a0\u00bb{}\u00a0\u00bb]<\/p>\n<p><span>Utiliser son orinateur au quotidien + administratif<br \/>2 fois par semaine sur 12 semaines<br \/>Mardi 9 h 30 \u2013 11 h 00<\/span><br \/><span>Vendredi 9 h 30 \u2013 11 h<\/span><\/p>\n<p><span>R\u00e9seaux sociaux + Canva<br \/>1 fois par semaine sur 12 semaines<br \/>Lundi 10h30 &#8211; 12h00<\/span><\/p>\n<p>[\/dsm_card][dsm_dual_heading before_text=\u00a0\u00bbUtiliser son ordinateur au quotidien + administratif : 129 \u20ac  \/ R\u00e9seaux sociaux + Canva : 65 \u20ac\u00a0\u00bb middle_text=\u00a0\u00bb \u00a0\u00bb heading_html_tag=\u00a0\u00bbp\u00a0\u00bb _builder_version=\u00a0\u00bb4.25.0&Prime; _module_preset=\u00a0\u00bbdefault\u00a0\u00bb header_font=\u00a0\u00bb|300|||||||\u00a0\u00bb header_text_color=\u00a0\u00bb#FFFFFF\u00a0\u00bb header_font_size=\u00a0\u00bb15px\u00a0\u00bb background_color=\u00a0\u00bb#00457A\u00a0\u00bb text_orientation=\u00a0\u00bbcenter\u00a0\u00bb background_layout=\u00a0\u00bbdark\u00a0\u00bb custom_margin=\u00a0\u00bb5px|5px|5px|5px|true|true\u00a0\u00bb custom_padding=\u00a0\u00bb5px|5px|5px|5px|true|true\u00a0\u00bb global_colors_info=\u00a0\u00bb{}\u00a0\u00bb][\/dsm_dual_heading][\/et_pb_column][et_pb_column type=\u00a0\u00bb1_3&Prime; _builder_version=\u00a0\u00bb4.25.0&Prime; _module_preset=\u00a0\u00bbdefault\u00a0\u00bb global_colors_info=\u00a0\u00bb{}\u00a0\u00bb][dsm_card title=\u00a0\u00bbPHOTOGRAPHIE\u00a0\u00bb image=\u00a0\u00bbhttp:\/\/www.culture-dax.fr\/wp-content\/uploads\/2025\/07\/activite_photo_acd.jpg\u00a0\u00bb image_background_animation=\u00a0\u00bbzoom_in\u00a0\u00bb button_url_new_window=\u00a0\u00bb1&Prime; _builder_version=\u00a0\u00bb4.25.0&Prime; _module_preset=\u00a0\u00bbdefault\u00a0\u00bb border_radii=\u00a0\u00bbon|20px|20px|20px|20px\u00a0\u00bb box_shadow_style=\u00a0\u00bbpreset1&Prime; global_colors_info=\u00a0\u00bb{}\u00a0\u00bb]<\/p>\n<p><span>Club tous les jeudis a partir de 20h30 \u00e0 23h00<\/span><br \/><span>+ licence individuelle optionnelle 40 \u20ac environ<\/span><\/p>\n<p>[\/dsm_card][dsm_dual_heading before_text=\u00a0\u00bbTarif Annuel Photographie : 59 \u20ac + licence 40 \u20ac\u00a0\u00bb middle_text=\u00a0\u00bb \u00a0\u00bb heading_html_tag=\u00a0\u00bbp\u00a0\u00bb _builder_version=\u00a0\u00bb4.25.0&Prime; _module_preset=\u00a0\u00bbdefault\u00a0\u00bb header_font=\u00a0\u00bb|300|||||||\u00a0\u00bb header_text_color=\u00a0\u00bb#FFFFFF\u00a0\u00bb header_font_size=\u00a0\u00bb15px\u00a0\u00bb background_color=\u00a0\u00bb#00457A\u00a0\u00bb text_orientation=\u00a0\u00bbcenter\u00a0\u00bb background_layout=\u00a0\u00bbdark\u00a0\u00bb custom_margin=\u00a0\u00bb5px|5px|5px|5px|true|true\u00a0\u00bb custom_padding=\u00a0\u00bb5px|5px|5px|5px|true|true\u00a0\u00bb global_colors_info=\u00a0\u00bb{}\u00a0\u00bb][\/dsm_dual_heading][\/et_pb_column][\/et_pb_row][et_pb_row _builder_version=\u00a0\u00bb4.25.0&Prime; _module_preset=\u00a0\u00bbdefault\u00a0\u00bb global_colors_info=\u00a0\u00bb{}\u00a0\u00bb][et_pb_column type=\u00a0\u00bb4_4&Prime; _builder_version=\u00a0\u00bb4.25.0&Prime; _module_preset=\u00a0\u00bbdefault\u00a0\u00bb global_colors_info=\u00a0\u00bb{}\u00a0\u00bb][et_pb_divider _builder_version=\u00a0\u00bb4.25.0&Prime; _module_preset=\u00a0\u00bbdefault\u00a0\u00bb global_colors_info=\u00a0\u00bb{}\u00a0\u00bb][\/et_pb_divider][\/et_pb_column][\/et_pb_row][et_pb_row _builder_version=\u00a0\u00bb4.25.0&Prime; _module_preset=\u00a0\u00bbdefault\u00a0\u00bb global_colors_info=\u00a0\u00bb{}\u00a0\u00bb][et_pb_column type=\u00a0\u00bb4_4&Prime; _builder_version=\u00a0\u00bb4.25.0&Prime; _module_preset=\u00a0\u00bbdefault\u00a0\u00bb global_colors_info=\u00a0\u00bb{}\u00a0\u00bb][et_pb_text _builder_version=\u00a0\u00bb4.25.0&Prime; _module_preset=\u00a0\u00bbdefault\u00a0\u00bb global_colors_info=\u00a0\u00bb{}\u00a0\u00bb]<\/p>\n<h1><strong><span style=\"color: #333399;\">MUSIQUE<\/span><\/strong><\/h1>\n<p>[\/et_pb_text][\/et_pb_column][\/et_pb_row][et_pb_row column_structure=\u00a0\u00bb1_3,1_3,1_3&Prime; _builder_version=\u00a0\u00bb4.25.0&Prime; _module_preset=\u00a0\u00bbdefault\u00a0\u00bb global_colors_info=\u00a0\u00bb{}\u00a0\u00bb][et_pb_column type=\u00a0\u00bb1_3&Prime; _builder_version=\u00a0\u00bb4.25.0&Prime; _module_preset=\u00a0\u00bbdefault\u00a0\u00bb global_colors_info=\u00a0\u00bb{}\u00a0\u00bb][dsm_card title=\u00a0\u00bbGUITARE avec Ga\u00ebl\u00a0\u00bb subtitle=\u00a0\u00bbprofesseur de conservatoire\u00a0\u00bb image=\u00a0\u00bbhttp:\/\/www.culture-dax.fr\/wp-content\/uploads\/2014\/10\/guitare2.jpg\u00a0\u00bb image_background_animation=\u00a0\u00bbzoom_in\u00a0\u00bb button_url_new_window=\u00a0\u00bb1&Prime; _builder_version=\u00a0\u00bb4.25.0&Prime; _module_preset=\u00a0\u00bbdefault\u00a0\u00bb border_radii=\u00a0\u00bbon|20px|20px|20px|20px\u00a0\u00bb box_shadow_style=\u00a0\u00bbpreset1&Prime; global_colors_info=\u00a0\u00bb{}\u00a0\u00bb]<\/p>\n<p>Lundi : 16h00 \u2013 17h00<br \/>Lundi : 17h00 \u2013 18h00<br \/>Lundi : 18h00 \u2013 19h00<br \/>Lundi : 19h00 \u2013 20h00<\/p>\n<p>Tarif Annuel Guitare : 220\u20ac<\/p>\n<p>[\/dsm_card][dsm_dual_heading before_text=\u00a0\u00bbTarif Annuel guitare : 220 \u20ac\u00a0\u00bb middle_text=\u00a0\u00bb \u00a0\u00bb heading_html_tag=\u00a0\u00bbp\u00a0\u00bb _builder_version=\u00a0\u00bb4.25.0&Prime; _module_preset=\u00a0\u00bbdefault\u00a0\u00bb header_font=\u00a0\u00bb|300|||||||\u00a0\u00bb header_text_color=\u00a0\u00bb#FFFFFF\u00a0\u00bb header_font_size=\u00a0\u00bb15px\u00a0\u00bb background_color=\u00a0\u00bb#00457A\u00a0\u00bb text_orientation=\u00a0\u00bbcenter\u00a0\u00bb background_layout=\u00a0\u00bbdark\u00a0\u00bb custom_margin=\u00a0\u00bb5px|5px|5px|5px|true|true\u00a0\u00bb custom_padding=\u00a0\u00bb5px|5px|5px|5px|true|true\u00a0\u00bb global_colors_info=\u00a0\u00bb{}\u00a0\u00bb][\/dsm_dual_heading][\/et_pb_column][et_pb_column type=\u00a0\u00bb1_3&Prime; _builder_version=\u00a0\u00bb4.25.0&Prime; _module_preset=\u00a0\u00bbdefault\u00a0\u00bb global_colors_info=\u00a0\u00bb{}\u00a0\u00bb][dsm_card title=\u00a0\u00bbGUITARE avec Ga\u00ebtan et Aur\u00e9lien\u00a0\u00bb image=\u00a0\u00bbhttp:\/\/www.culture-dax.fr\/wp-content\/uploads\/2014\/10\/guitare2.jpg\u00a0\u00bb image_background_animation=\u00a0\u00bbzoom_in\u00a0\u00bb button_url_new_window=\u00a0\u00bb1&Prime; _builder_version=\u00a0\u00bb4.25.0&Prime; _module_preset=\u00a0\u00bbdefault\u00a0\u00bb border_radii=\u00a0\u00bbon|20px|20px|20px|20px\u00a0\u00bb box_shadow_style=\u00a0\u00bbpreset1&Prime; global_colors_info=\u00a0\u00bb{}\u00a0\u00bb]<\/p>\n<p><strong>Cours avec Ga\u00ebtan<\/strong><br \/>Jeudi 18h00 \u2013 19h00<\/p>\n<p><strong>Cours avec Aur\u00e9lien<\/strong><br \/>Vendredi 18h00 \u2013 19h00<br \/>Vendredi 19h00 \u2013 20h00<\/p>\n<p>[\/dsm_card][dsm_dual_heading before_text=\u00a0\u00bbTarif Annuel guitare : 159 \u20ac\u00a0\u00bb middle_text=\u00a0\u00bb \u00a0\u00bb heading_html_tag=\u00a0\u00bbp\u00a0\u00bb _builder_version=\u00a0\u00bb4.25.0&Prime; _module_preset=\u00a0\u00bbdefault\u00a0\u00bb header_font=\u00a0\u00bb|300|||||||\u00a0\u00bb header_text_color=\u00a0\u00bb#FFFFFF\u00a0\u00bb header_font_size=\u00a0\u00bb15px\u00a0\u00bb background_color=\u00a0\u00bb#00457A\u00a0\u00bb text_orientation=\u00a0\u00bbcenter\u00a0\u00bb background_layout=\u00a0\u00bbdark\u00a0\u00bb custom_margin=\u00a0\u00bb5px|5px|5px|5px|true|true\u00a0\u00bb custom_padding=\u00a0\u00bb5px|5px|5px|5px|true|true\u00a0\u00bb global_colors_info=\u00a0\u00bb{}\u00a0\u00bb][\/dsm_dual_heading][\/et_pb_column][et_pb_column type=\u00a0\u00bb1_3&Prime; _builder_version=\u00a0\u00bb4.25.0&Prime; _module_preset=\u00a0\u00bbdefault\u00a0\u00bb global_colors_info=\u00a0\u00bb{}\u00a0\u00bb][\/et_pb_column][\/et_pb_row][et_pb_row _builder_version=\u00a0\u00bb4.25.0&Prime; _module_preset=\u00a0\u00bbdefault\u00a0\u00bb global_colors_info=\u00a0\u00bb{}\u00a0\u00bb][et_pb_column type=\u00a0\u00bb4_4&Prime; _builder_version=\u00a0\u00bb4.25.0&Prime; _module_preset=\u00a0\u00bbdefault\u00a0\u00bb global_colors_info=\u00a0\u00bb{}\u00a0\u00bb][et_pb_divider _builder_version=\u00a0\u00bb4.25.0&Prime; _module_preset=\u00a0\u00bbdefault\u00a0\u00bb global_colors_info=\u00a0\u00bb{}\u00a0\u00bb][\/et_pb_divider][\/et_pb_column][\/et_pb_row][et_pb_row _builder_version=\u00a0\u00bb4.25.0&Prime; _module_preset=\u00a0\u00bbdefault\u00a0\u00bb global_colors_info=\u00a0\u00bb{}\u00a0\u00bb][et_pb_column type=\u00a0\u00bb4_4&Prime; _builder_version=\u00a0\u00bb4.25.0&Prime; _module_preset=\u00a0\u00bbdefault\u00a0\u00bb global_colors_info=\u00a0\u00bb{}\u00a0\u00bb][et_pb_text _builder_version=\u00a0\u00bb4.25.0&Prime; _module_preset=\u00a0\u00bbdefault\u00a0\u00bb global_colors_info=\u00a0\u00bb{}\u00a0\u00bb]<\/p>\n<h1><strong><span style=\"color: #333399;\">EXPRESSION ARTISTIQUE<\/span><\/strong><\/h1>\n<p>[\/et_pb_text][\/et_pb_column][\/et_pb_row][et_pb_row column_structure=\u00a0\u00bb1_3,1_3,1_3&Prime; _builder_version=\u00a0\u00bb4.25.0&Prime; _module_preset=\u00a0\u00bbdefault\u00a0\u00bb global_colors_info=\u00a0\u00bb{}\u00a0\u00bb][et_pb_column type=\u00a0\u00bb1_3&Prime; _builder_version=\u00a0\u00bb4.25.0&Prime; _module_preset=\u00a0\u00bbdefault\u00a0\u00bb global_colors_info=\u00a0\u00bb{}\u00a0\u00bb][dsm_card title=\u00a0\u00bbAtelier des enfants Compagnie du Trou de Serrure\u00a0\u00bb image=\u00a0\u00bbhttp:\/\/www.culture-dax.fr\/wp-content\/uploads\/2014\/10\/theatre1.jpg\u00a0\u00bb image_background_animation=\u00a0\u00bbzoom_out\u00a0\u00bb button_url_new_window=\u00a0\u00bb1&Prime; _builder_version=\u00a0\u00bb4.25.0&Prime; _module_preset=\u00a0\u00bbdefault\u00a0\u00bb border_radii=\u00a0\u00bbon|20px|20px|20px|20px\u00a0\u00bb box_shadow_style=\u00a0\u00bbpreset1&Prime; global_colors_info=\u00a0\u00bb{}\u00a0\u00bb]<\/p>\n<p><span>de 7 \u00e0 11 ans : Mercredi 15h45 \u2013 17h30<\/span><\/p>\n<p>[\/dsm_card][dsm_dual_heading before_text=\u00a0\u00bbTarif Annuel Th\u00e9\u00e2tre 7\/11 ans : 149 \u20ac\u00a0\u00bb middle_text=\u00a0\u00bb \u00a0\u00bb heading_html_tag=\u00a0\u00bbp\u00a0\u00bb _builder_version=\u00a0\u00bb4.25.0&Prime; _module_preset=\u00a0\u00bbdefault\u00a0\u00bb header_font=\u00a0\u00bb|300|||||||\u00a0\u00bb header_text_color=\u00a0\u00bb#FFFFFF\u00a0\u00bb header_font_size=\u00a0\u00bb15px\u00a0\u00bb background_color=\u00a0\u00bb#00457A\u00a0\u00bb text_orientation=\u00a0\u00bbcenter\u00a0\u00bb background_layout=\u00a0\u00bbdark\u00a0\u00bb custom_margin=\u00a0\u00bb5px|5px|5px|5px|true|true\u00a0\u00bb custom_padding=\u00a0\u00bb5px|5px|5px|5px|true|true\u00a0\u00bb global_colors_info=\u00a0\u00bb{}\u00a0\u00bb][\/dsm_dual_heading][\/et_pb_column][et_pb_column type=\u00a0\u00bb1_3&Prime; _builder_version=\u00a0\u00bb4.25.0&Prime; _module_preset=\u00a0\u00bbdefault\u00a0\u00bb global_colors_info=\u00a0\u00bb{}\u00a0\u00bb][dsm_card title=\u00a0\u00bbAtelier des jeunes Compagnie du Trou de Serrure\u00a0\u00bb image=\u00a0\u00bbhttp:\/\/www.culture-dax.fr\/wp-content\/uploads\/2014\/10\/theatre1.jpg\u00a0\u00bb image_background_animation=\u00a0\u00bbzoom_out\u00a0\u00bb button_url_new_window=\u00a0\u00bb1&Prime; _builder_version=\u00a0\u00bb4.25.0&Prime; _module_preset=\u00a0\u00bbdefault\u00a0\u00bb border_radii=\u00a0\u00bbon|20px|20px|20px|20px\u00a0\u00bb box_shadow_style=\u00a0\u00bbpreset1&Prime; global_colors_info=\u00a0\u00bb{}\u00a0\u00bb]<\/p>\n<p><span>de 11 \u00e0 14 ans : Mercredi 17h30 \u2013 20h<\/span><\/p>\n<p>[\/dsm_card][dsm_dual_heading before_text=\u00a0\u00bbTarif Annuel Th\u00e9\u00e2tre 11\/14 ans : 165 \u20ac\u00a0\u00bb middle_text=\u00a0\u00bb \u00a0\u00bb heading_html_tag=\u00a0\u00bbp\u00a0\u00bb _builder_version=\u00a0\u00bb4.25.0&Prime; _module_preset=\u00a0\u00bbdefault\u00a0\u00bb header_font=\u00a0\u00bb|300|||||||\u00a0\u00bb header_text_color=\u00a0\u00bb#FFFFFF\u00a0\u00bb header_font_size=\u00a0\u00bb15px\u00a0\u00bb background_color=\u00a0\u00bb#00457A\u00a0\u00bb text_orientation=\u00a0\u00bbcenter\u00a0\u00bb background_layout=\u00a0\u00bbdark\u00a0\u00bb custom_margin=\u00a0\u00bb5px|5px|5px|5px|true|true\u00a0\u00bb custom_padding=\u00a0\u00bb5px|5px|5px|5px|true|true\u00a0\u00bb global_colors_info=\u00a0\u00bb{}\u00a0\u00bb][\/dsm_dual_heading][\/et_pb_column][et_pb_column type=\u00a0\u00bb1_3&Prime; _builder_version=\u00a0\u00bb4.25.0&Prime; _module_preset=\u00a0\u00bbdefault\u00a0\u00bb global_colors_info=\u00a0\u00bb{}\u00a0\u00bb][dsm_card title=\u00a0\u00bbAtelier des Ados Compagnie du Trou de Serrure\u00a0\u00bb image=\u00a0\u00bbhttp:\/\/www.culture-dax.fr\/wp-content\/uploads\/2014\/10\/theatre1.jpg\u00a0\u00bb image_background_animation=\u00a0\u00bbzoom_out\u00a0\u00bb button_url_new_window=\u00a0\u00bb1&Prime; _builder_version=\u00a0\u00bb4.25.0&Prime; _module_preset=\u00a0\u00bbdefault\u00a0\u00bb border_radii=\u00a0\u00bbon|20px|20px|20px|20px\u00a0\u00bb box_shadow_style=\u00a0\u00bbpreset1&Prime; global_colors_info=\u00a0\u00bb{}\u00a0\u00bb]<\/p>\n<p><span>de 14 \u00e0 20 ans : Vendredi 18h30 \u2013 21h30<\/span><\/p>\n<p>[\/dsm_card][dsm_dual_heading before_text=\u00a0\u00bbTarif Annuel Th\u00e9\u00e2tre 14\/20 ans : 185 \u20ac\u00a0\u00bb middle_text=\u00a0\u00bb \u00a0\u00bb heading_html_tag=\u00a0\u00bbp\u00a0\u00bb _builder_version=\u00a0\u00bb4.25.0&Prime; _module_preset=\u00a0\u00bbdefault\u00a0\u00bb header_font=\u00a0\u00bb|300|||||||\u00a0\u00bb header_text_color=\u00a0\u00bb#FFFFFF\u00a0\u00bb header_font_size=\u00a0\u00bb15px\u00a0\u00bb background_color=\u00a0\u00bb#00457A\u00a0\u00bb text_orientation=\u00a0\u00bbcenter\u00a0\u00bb background_layout=\u00a0\u00bbdark\u00a0\u00bb custom_margin=\u00a0\u00bb5px|5px|5px|5px|true|true\u00a0\u00bb custom_padding=\u00a0\u00bb5px|5px|5px|5px|true|true\u00a0\u00bb global_colors_info=\u00a0\u00bb{}\u00a0\u00bb][\/dsm_dual_heading][\/et_pb_column][\/et_pb_row][et_pb_row column_structure=\u00a0\u00bb1_3,1_3,1_3&Prime; _builder_version=\u00a0\u00bb4.25.0&Prime; _module_preset=\u00a0\u00bbdefault\u00a0\u00bb global_colors_info=\u00a0\u00bb{}\u00a0\u00bb][et_pb_column type=\u00a0\u00bb1_3&Prime; _builder_version=\u00a0\u00bb4.25.0&Prime; _module_preset=\u00a0\u00bbdefault\u00a0\u00bb global_colors_info=\u00a0\u00bb{}\u00a0\u00bb][dsm_card title=\u00a0\u00bbJacadi Impro Adultes Compagnie du Trou de Serrure\u00a0\u00bb image=\u00a0\u00bbhttp:\/\/www.culture-dax.fr\/wp-content\/uploads\/2014\/10\/theatre1.jpg\u00a0\u00bb image_background_animation=\u00a0\u00bbzoom_out\u00a0\u00bb button_url_new_window=\u00a0\u00bb1&Prime; _builder_version=\u00a0\u00bb4.25.0&Prime; _module_preset=\u00a0\u00bbdefault\u00a0\u00bb border_radii=\u00a0\u00bbon|20px|20px|20px|20px\u00a0\u00bb box_shadow_style=\u00a0\u00bbpreset1&Prime; global_colors_info=\u00a0\u00bb{}\u00a0\u00bb]<\/p>\n<p><span>Mercredi 20h \u2013 22h00<\/span><\/p>\n<p>[\/dsm_card][dsm_dual_heading before_text=\u00a0\u00bbTarif Annuel Th\u00e9\u00e2tre adultes d\u00e9but. : 165 \u20ac\u00a0\u00bb middle_text=\u00a0\u00bb \u00a0\u00bb heading_html_tag=\u00a0\u00bbp\u00a0\u00bb _builder_version=\u00a0\u00bb4.25.0&Prime; _module_preset=\u00a0\u00bbdefault\u00a0\u00bb header_font=\u00a0\u00bb|300|||||||\u00a0\u00bb header_text_color=\u00a0\u00bb#FFFFFF\u00a0\u00bb header_font_size=\u00a0\u00bb15px\u00a0\u00bb background_color=\u00a0\u00bb#00457A\u00a0\u00bb text_orientation=\u00a0\u00bbcenter\u00a0\u00bb background_layout=\u00a0\u00bbdark\u00a0\u00bb custom_margin=\u00a0\u00bb5px|5px|5px|5px|true|true\u00a0\u00bb custom_padding=\u00a0\u00bb5px|5px|5px|5px|true|true\u00a0\u00bb global_colors_info=\u00a0\u00bb{}\u00a0\u00bb][\/dsm_dual_heading][\/et_pb_column][et_pb_column type=\u00a0\u00bb1_3&Prime; _builder_version=\u00a0\u00bb4.25.0&Prime; _module_preset=\u00a0\u00bbdefault\u00a0\u00bb global_colors_info=\u00a0\u00bb{}\u00a0\u00bb][dsm_card title=\u00a0\u00bbJacadi Impro Juniors Compagnie du Trou de Serrure\u00a0\u00bb image=\u00a0\u00bbhttp:\/\/www.culture-dax.fr\/wp-content\/uploads\/2014\/10\/theatre1.jpg\u00a0\u00bb image_background_animation=\u00a0\u00bbzoom_out\u00a0\u00bb button_url_new_window=\u00a0\u00bb1&Prime; _builder_version=\u00a0\u00bb4.25.0&Prime; _module_preset=\u00a0\u00bbdefault\u00a0\u00bb border_radii=\u00a0\u00bbon|20px|20px|20px|20px\u00a0\u00bb box_shadow_style=\u00a0\u00bbpreset1&Prime; global_colors_info=\u00a0\u00bb{}\u00a0\u00bb]<\/p>\n<p><span>Jeudi 18h30 \u2013 20h00<\/span><\/p>\n<p>[\/dsm_card][dsm_dual_heading before_text=\u00a0\u00bbTarif Annuel Th\u00e9\u00e2tre impro d\u00e9but. : 109 \u20ac\u00a0\u00bb middle_text=\u00a0\u00bb \u00a0\u00bb heading_html_tag=\u00a0\u00bbp\u00a0\u00bb _builder_version=\u00a0\u00bb4.25.0&Prime; _module_preset=\u00a0\u00bbdefault\u00a0\u00bb header_font=\u00a0\u00bb|300|||||||\u00a0\u00bb header_text_color=\u00a0\u00bb#FFFFFF\u00a0\u00bb header_font_size=\u00a0\u00bb15px\u00a0\u00bb background_color=\u00a0\u00bb#00457A\u00a0\u00bb text_orientation=\u00a0\u00bbcenter\u00a0\u00bb background_layout=\u00a0\u00bbdark\u00a0\u00bb custom_margin=\u00a0\u00bb5px|5px|5px|5px|true|true\u00a0\u00bb custom_padding=\u00a0\u00bb5px|5px|5px|5px|true|true\u00a0\u00bb global_colors_info=\u00a0\u00bb{}\u00a0\u00bb][\/dsm_dual_heading][\/et_pb_column][et_pb_column type=\u00a0\u00bb1_3&Prime; _builder_version=\u00a0\u00bb4.25.0&Prime; _module_preset=\u00a0\u00bbdefault\u00a0\u00bb global_colors_info=\u00a0\u00bb{}\u00a0\u00bb][dsm_card title=\u00a0\u00bbTHEATRE Impro longue\u00a0\u00bb image=\u00a0\u00bbhttp:\/\/www.culture-dax.fr\/wp-content\/uploads\/2014\/10\/theatre1.jpg\u00a0\u00bb image_background_animation=\u00a0\u00bbzoom_out\u00a0\u00bb button_url_new_window=\u00a0\u00bb1&Prime; _builder_version=\u00a0\u00bb4.25.0&Prime; _module_preset=\u00a0\u00bbdefault\u00a0\u00bb border_radii=\u00a0\u00bbon|20px|20px|20px|20px\u00a0\u00bb box_shadow_style=\u00a0\u00bbpreset1&Prime; global_colors_info=\u00a0\u00bb{}\u00a0\u00bb]<\/p>\n<p><span>Lundi : 19h30 \u2013 21h30<\/span><\/p>\n<p>[\/dsm_card][dsm_dual_heading before_text=\u00a0\u00bbTarif Annuel Th\u00e9\u00e2tre impro longue : 59 \u20ac\u00a0\u00bb middle_text=\u00a0\u00bb \u00a0\u00bb heading_html_tag=\u00a0\u00bbp\u00a0\u00bb _builder_version=\u00a0\u00bb4.25.0&Prime; _module_preset=\u00a0\u00bbdefault\u00a0\u00bb header_font=\u00a0\u00bb|300|||||||\u00a0\u00bb header_text_color=\u00a0\u00bb#FFFFFF\u00a0\u00bb header_font_size=\u00a0\u00bb15px\u00a0\u00bb background_color=\u00a0\u00bb#00457A\u00a0\u00bb text_orientation=\u00a0\u00bbcenter\u00a0\u00bb background_layout=\u00a0\u00bbdark\u00a0\u00bb custom_margin=\u00a0\u00bb5px|5px|5px|5px|true|true\u00a0\u00bb custom_padding=\u00a0\u00bb5px|5px|5px|5px|true|true\u00a0\u00bb global_colors_info=\u00a0\u00bb{}\u00a0\u00bb][\/dsm_dual_heading][\/et_pb_column][\/et_pb_row][et_pb_row column_structure=\u00a0\u00bb1_3,1_3,1_3&Prime; _builder_version=\u00a0\u00bb4.25.0&Prime; _module_preset=\u00a0\u00bbdefault\u00a0\u00bb global_colors_info=\u00a0\u00bb{}\u00a0\u00bb][et_pb_column type=\u00a0\u00bb1_3&Prime; _builder_version=\u00a0\u00bb4.25.0&Prime; _module_preset=\u00a0\u00bbdefault\u00a0\u00bb global_colors_info=\u00a0\u00bb{}\u00a0\u00bb][dsm_card title=\u00a0\u00bbPOTERIE confirm\u00e9s cours libre\u00a0\u00bb image=\u00a0\u00bbhttp:\/\/www.culture-dax.fr\/wp-content\/uploads\/2014\/10\/poterie1.jpg\u00a0\u00bb image_background_animation=\u00a0\u00bbzoom_out\u00a0\u00bb button_url_new_window=\u00a0\u00bb1&Prime; _builder_version=\u00a0\u00bb4.25.0&Prime; _module_preset=\u00a0\u00bbdefault\u00a0\u00bb border_radii=\u00a0\u00bbon|20px|20px|20px|20px\u00a0\u00bb box_shadow_style=\u00a0\u00bbpreset1&Prime; global_colors_info=\u00a0\u00bb{}\u00a0\u00bb]<\/p>\n<p><span>Atelier sans professeur<br \/><\/span><\/p>\n<p><span>Mardi 14h00 \u2013 16h30 \u2013 apr\u00e8s avis du responsable de l\u2019atelier<\/span><br \/><span>Mardi 16h30 \u2013 19h00 \u2013 apr\u00e8s avis du responsable de l\u2019atelier<\/span><\/p>\n<p>[\/dsm_card][dsm_dual_heading before_text=\u00a0\u00bbTarif Annuel Poterie confirm\u00e9s : 59 \u20ac\u00a0\u00bb middle_text=\u00a0\u00bb \u00a0\u00bb heading_html_tag=\u00a0\u00bbp\u00a0\u00bb _builder_version=\u00a0\u00bb4.25.0&Prime; _module_preset=\u00a0\u00bbdefault\u00a0\u00bb header_font=\u00a0\u00bb|300|||||||\u00a0\u00bb header_text_color=\u00a0\u00bb#FFFFFF\u00a0\u00bb header_font_size=\u00a0\u00bb15px\u00a0\u00bb background_color=\u00a0\u00bb#00457A\u00a0\u00bb text_orientation=\u00a0\u00bbcenter\u00a0\u00bb background_layout=\u00a0\u00bbdark\u00a0\u00bb custom_margin=\u00a0\u00bb5px|5px|5px|5px|true|true\u00a0\u00bb custom_padding=\u00a0\u00bb5px|5px|5px|5px|true|true\u00a0\u00bb global_colors_info=\u00a0\u00bb{}\u00a0\u00bb][\/dsm_dual_heading][\/et_pb_column][et_pb_column type=\u00a0\u00bb1_3&Prime; _builder_version=\u00a0\u00bb4.25.0&Prime; _module_preset=\u00a0\u00bbdefault\u00a0\u00bb global_colors_info=\u00a0\u00bb{}\u00a0\u00bb][dsm_card title=\u00a0\u00bbPOTERIE enfants\/adultes avec professeur\u00a0\u00bb image=\u00a0\u00bbhttp:\/\/www.culture-dax.fr\/wp-content\/uploads\/2014\/10\/poterie1.jpg\u00a0\u00bb image_background_animation=\u00a0\u00bbzoom_out\u00a0\u00bb button_url_new_window=\u00a0\u00bb1&Prime; _builder_version=\u00a0\u00bb4.25.0&Prime; _module_preset=\u00a0\u00bbdefault\u00a0\u00bb border_radii=\u00a0\u00bbon|20px|20px|20px|20px\u00a0\u00bb box_shadow_style=\u00a0\u00bbpreset1&Prime; global_colors_info=\u00a0\u00bb{}\u00a0\u00bb]<\/p>\n<p><span>Lundi\u00a0 16h00 &#8211; 18h00<br \/>Lundi\u00a0 18h00\u00a0 &#8211;\u00a0 20h00<br \/>Mercredi 14h00 \u201316h00 \u2013 Enfants \/ Adultes<\/span><br \/><span>Mercredi 16h00 \u2013 18h00 \u2013 Adultes<\/span><br \/><span>Mercredi 18h00 \u2013 20h00 \u2013 Adultes<\/span><\/p>\n<p><span>NOUVEAU : Initiation au tournage<br \/>Mercredi de 10h00 \u00e0 12h00 (terre fournie)<br \/>1 cours tous les 15 jours &#8211; 35 \u20ac le cours<\/span><\/p>\n<p>[\/dsm_card][dsm_dual_heading before_text=\u00a0\u00bbTarif Annuel Poterie : enfants : 169 \u20ac \/ adultes : 220 \u20ac\u00a0\u00bb middle_text=\u00a0\u00bb \u00a0\u00bb heading_html_tag=\u00a0\u00bbp\u00a0\u00bb _builder_version=\u00a0\u00bb4.25.0&Prime; _module_preset=\u00a0\u00bbdefault\u00a0\u00bb header_font=\u00a0\u00bb|300|||||||\u00a0\u00bb header_text_color=\u00a0\u00bb#FFFFFF\u00a0\u00bb header_font_size=\u00a0\u00bb15px\u00a0\u00bb background_color=\u00a0\u00bb#00457A\u00a0\u00bb text_orientation=\u00a0\u00bbcenter\u00a0\u00bb background_layout=\u00a0\u00bbdark\u00a0\u00bb custom_margin=\u00a0\u00bb5px|5px|5px|5px|true|true\u00a0\u00bb custom_padding=\u00a0\u00bb5px|5px|5px|5px|true|true\u00a0\u00bb global_colors_info=\u00a0\u00bb{}\u00a0\u00bb][\/dsm_dual_heading][\/et_pb_column][et_pb_column type=\u00a0\u00bb1_3&Prime; _builder_version=\u00a0\u00bb4.25.0&Prime; _module_preset=\u00a0\u00bbdefault\u00a0\u00bb global_colors_info=\u00a0\u00bb{}\u00a0\u00bb][\/et_pb_column][\/et_pb_row][et_pb_row column_structure=\u00a0\u00bb1_3,1_3,1_3&Prime; _builder_version=\u00a0\u00bb4.25.0&Prime; _module_preset=\u00a0\u00bbdefault\u00a0\u00bb global_colors_info=\u00a0\u00bb{}\u00a0\u00bb][et_pb_column type=\u00a0\u00bb1_3&Prime; _builder_version=\u00a0\u00bb4.25.0&Prime; _module_preset=\u00a0\u00bbdefault\u00a0\u00bb global_colors_info=\u00a0\u00bb{}\u00a0\u00bb][dsm_card title=\u00a0\u00bbSCULPTURE sur Bois avec Professeur\u00a0\u00bb image=\u00a0\u00bbhttp:\/\/www.culture-dax.fr\/wp-content\/uploads\/2014\/11\/sculpture1.jpg\u00a0\u00bb image_background_animation=\u00a0\u00bbzoom_out\u00a0\u00bb button_url_new_window=\u00a0\u00bb1&Prime; _builder_version=\u00a0\u00bb4.25.0&Prime; _module_preset=\u00a0\u00bbdefault\u00a0\u00bb border_radii=\u00a0\u00bbon|20px|20px|20px|20px\u00a0\u00bb box_shadow_style=\u00a0\u00bbpreset1&Prime; global_colors_info=\u00a0\u00bb{}\u00a0\u00bb]<\/p>\n<p><span>Mercredi 10h \u2013 16h30 avec coupure de 30 minutes<br \/><\/span><\/p>\n<p><span>1 cours\/mois sur 8 mois<\/span><\/p>\n<p>[\/dsm_card][dsm_dual_heading before_text=\u00a0\u00bbTarif Annuel sculpture initiation : 183 \u20ac\u00a0\u00bb middle_text=\u00a0\u00bb \u00a0\u00bb heading_html_tag=\u00a0\u00bbp\u00a0\u00bb _builder_version=\u00a0\u00bb4.25.0&Prime; _module_preset=\u00a0\u00bbdefault\u00a0\u00bb header_font=\u00a0\u00bb|300|||||||\u00a0\u00bb header_text_color=\u00a0\u00bb#FFFFFF\u00a0\u00bb header_font_size=\u00a0\u00bb15px\u00a0\u00bb background_color=\u00a0\u00bb#00457A\u00a0\u00bb text_orientation=\u00a0\u00bbcenter\u00a0\u00bb background_layout=\u00a0\u00bbdark\u00a0\u00bb custom_margin=\u00a0\u00bb5px|5px|5px|5px|true|true\u00a0\u00bb custom_padding=\u00a0\u00bb5px|5px|5px|5px|true|true\u00a0\u00bb global_colors_info=\u00a0\u00bb{}\u00a0\u00bb][\/dsm_dual_heading][\/et_pb_column][et_pb_column type=\u00a0\u00bb1_3&Prime; _builder_version=\u00a0\u00bb4.25.0&Prime; _module_preset=\u00a0\u00bbdefault\u00a0\u00bb global_colors_info=\u00a0\u00bb{}\u00a0\u00bb][dsm_card title=\u00a0\u00bbSCULPTURE sur Bois \u2013 Atelier libre \u00a0\u00bb image=\u00a0\u00bbhttp:\/\/www.culture-dax.fr\/wp-content\/uploads\/2014\/11\/sculpture1.jpg\u00a0\u00bb image_background_animation=\u00a0\u00bbzoom_out\u00a0\u00bb button_url_new_window=\u00a0\u00bb1&Prime; _builder_version=\u00a0\u00bb4.25.0&Prime; _module_preset=\u00a0\u00bbdefault\u00a0\u00bb border_radii=\u00a0\u00bbon|20px|20px|20px|20px\u00a0\u00bb box_shadow_style=\u00a0\u00bbpreset1&Prime; global_colors_info=\u00a0\u00bb{}\u00a0\u00bb]<\/p>\n<p><span>Atelier sans professeur<\/span><br \/><span>Mercredi 14h00 \u2013 17h00<\/span><\/p>\n<p>[\/dsm_card][dsm_dual_heading before_text=\u00a0\u00bbTarif Annuel sculpture initiation : 59 \u20ac\u00a0\u00bb middle_text=\u00a0\u00bb \u00a0\u00bb heading_html_tag=\u00a0\u00bbp\u00a0\u00bb _builder_version=\u00a0\u00bb4.25.0&Prime; _module_preset=\u00a0\u00bbdefault\u00a0\u00bb header_font=\u00a0\u00bb|300|||||||\u00a0\u00bb header_text_color=\u00a0\u00bb#FFFFFF\u00a0\u00bb header_font_size=\u00a0\u00bb15px\u00a0\u00bb background_color=\u00a0\u00bb#00457A\u00a0\u00bb text_orientation=\u00a0\u00bbcenter\u00a0\u00bb background_layout=\u00a0\u00bbdark\u00a0\u00bb custom_margin=\u00a0\u00bb5px|5px|5px|5px|true|true\u00a0\u00bb custom_padding=\u00a0\u00bb5px|5px|5px|5px|true|true\u00a0\u00bb global_colors_info=\u00a0\u00bb{}\u00a0\u00bb][\/dsm_dual_heading][\/et_pb_column][et_pb_column type=\u00a0\u00bb1_3&Prime; _builder_version=\u00a0\u00bb4.25.0&Prime; _module_preset=\u00a0\u00bbdefault\u00a0\u00bb global_colors_info=\u00a0\u00bb{}\u00a0\u00bb][\/et_pb_column][\/et_pb_row][et_pb_row column_structure=\u00a0\u00bb1_3,1_3,1_3&Prime; _builder_version=\u00a0\u00bb4.25.0&Prime; _module_preset=\u00a0\u00bbdefault\u00a0\u00bb global_colors_info=\u00a0\u00bb{}\u00a0\u00bb][et_pb_column type=\u00a0\u00bb1_3&Prime; _builder_version=\u00a0\u00bb4.25.0&Prime; _module_preset=\u00a0\u00bbdefault\u00a0\u00bb global_colors_info=\u00a0\u00bb{}\u00a0\u00bb][dsm_card title=\u00a0\u00bbBOTANIQUE\u00a0\u00bb image=\u00a0\u00bbhttp:\/\/www.culture-dax.fr\/wp-content\/uploads\/2024\/09\/botanique_03-1.jpg\u00a0\u00bb image_background_animation=\u00a0\u00bbzoom_out\u00a0\u00bb button_url_new_window=\u00a0\u00bb1&Prime; _builder_version=\u00a0\u00bb4.25.0&Prime; _module_preset=\u00a0\u00bbdefault\u00a0\u00bb border_radii=\u00a0\u00bbon|20px|20px|20px|20px\u00a0\u00bb box_shadow_style=\u00a0\u00bbpreset1&Prime; global_colors_info=\u00a0\u00bb{}\u00a0\u00bb]<\/p>\n<p><span>Le jeudi de 14h \u00e0 17h<br \/><\/span><span>1 fois tous les 15 jours<\/span><\/p>\n<p>[\/dsm_card][dsm_dual_heading before_text=\u00a0\u00bbTarif Annuel botanique : 59 \u20ac\u00a0\u00bb middle_text=\u00a0\u00bb \u00a0\u00bb heading_html_tag=\u00a0\u00bbp\u00a0\u00bb _builder_version=\u00a0\u00bb4.25.0&Prime; _module_preset=\u00a0\u00bbdefault\u00a0\u00bb header_font=\u00a0\u00bb|300|||||||\u00a0\u00bb header_text_color=\u00a0\u00bb#FFFFFF\u00a0\u00bb header_font_size=\u00a0\u00bb15px\u00a0\u00bb background_color=\u00a0\u00bb#00457A\u00a0\u00bb text_orientation=\u00a0\u00bbcenter\u00a0\u00bb background_layout=\u00a0\u00bbdark\u00a0\u00bb custom_margin=\u00a0\u00bb5px|5px|5px|5px|true|true\u00a0\u00bb custom_padding=\u00a0\u00bb5px|5px|5px|5px|true|true\u00a0\u00bb global_colors_info=\u00a0\u00bb{}\u00a0\u00bb][\/dsm_dual_heading][\/et_pb_column][et_pb_column type=\u00a0\u00bb1_3&Prime; _builder_version=\u00a0\u00bb4.25.0&Prime; _module_preset=\u00a0\u00bbdefault\u00a0\u00bb global_colors_info=\u00a0\u00bb{}\u00a0\u00bb][dsm_card title=\u00a0\u00bbATELIER PEINTURE INTUITIVE\u00a0\u00bb image=\u00a0\u00bbhttp:\/\/www.culture-dax.fr\/wp-content\/uploads\/2025\/07\/peinture_intuitive_acd-e1752054547352.jpg\u00a0\u00bb image_background_animation=\u00a0\u00bbzoom_out\u00a0\u00bb button_url_new_window=\u00a0\u00bb1&Prime; _builder_version=\u00a0\u00bb4.25.0&Prime; _module_preset=\u00a0\u00bbdefault\u00a0\u00bb hover_enabled=\u00a0\u00bb0&Prime; border_radii=\u00a0\u00bbon|20px|20px|20px|20px\u00a0\u00bb box_shadow_style=\u00a0\u00bbpreset1&Prime; global_colors_info=\u00a0\u00bb{}\u00a0\u00bb sticky_enabled=\u00a0\u00bb0&Prime;]<\/p>\n<p><span style=\"color: #ff0000;\">Stage\u00a0<\/span><br \/>Nombre de s\u00e9ances :<br \/>4 d\u2019une dur\u00e9e de 1h30<br \/>Date \u00e0 d\u00e9finir<br \/>Contacter le secr\u00e9tariat : 05 58 74 31 67<\/p>\n<p>[\/dsm_card][dsm_dual_heading before_text=\u00a0\u00bbTarif Annuel peinture intuitive : 45 \u20ac + adh\u00e9sion\u00a0\u00bb middle_text=\u00a0\u00bb \u00a0\u00bb heading_html_tag=\u00a0\u00bbp\u00a0\u00bb _builder_version=\u00a0\u00bb4.25.0&Prime; _module_preset=\u00a0\u00bbdefault\u00a0\u00bb header_font=\u00a0\u00bb|300|||||||\u00a0\u00bb header_text_color=\u00a0\u00bb#FFFFFF\u00a0\u00bb header_font_size=\u00a0\u00bb15px\u00a0\u00bb background_color=\u00a0\u00bb#00457A\u00a0\u00bb text_orientation=\u00a0\u00bbcenter\u00a0\u00bb background_layout=\u00a0\u00bbdark\u00a0\u00bb custom_margin=\u00a0\u00bb5px|5px|5px|5px|true|true\u00a0\u00bb custom_padding=\u00a0\u00bb5px|5px|5px|5px|true|true\u00a0\u00bb global_colors_info=\u00a0\u00bb{}\u00a0\u00bb][\/dsm_dual_heading][\/et_pb_column][et_pb_column type=\u00a0\u00bb1_3&Prime; _builder_version=\u00a0\u00bb4.25.0&Prime; _module_preset=\u00a0\u00bbdefault\u00a0\u00bb global_colors_info=\u00a0\u00bb{}\u00a0\u00bb][\/et_pb_column][\/et_pb_row][et_pb_row _builder_version=\u00a0\u00bb4.25.0&Prime; _module_preset=\u00a0\u00bbdefault\u00a0\u00bb global_colors_info=\u00a0\u00bb{}\u00a0\u00bb][et_pb_column type=\u00a0\u00bb4_4&Prime; _builder_version=\u00a0\u00bb4.25.0&Prime; _module_preset=\u00a0\u00bbdefault\u00a0\u00bb global_colors_info=\u00a0\u00bb{}\u00a0\u00bb][et_pb_divider _builder_version=\u00a0\u00bb4.25.0&Prime; _module_preset=\u00a0\u00bbdefault\u00a0\u00bb global_colors_info=\u00a0\u00bb{}\u00a0\u00bb][\/et_pb_divider][\/et_pb_column][\/et_pb_row][et_pb_row _builder_version=\u00a0\u00bb4.25.0&Prime; _module_preset=\u00a0\u00bbdefault\u00a0\u00bb global_colors_info=\u00a0\u00bb{}\u00a0\u00bb][et_pb_column type=\u00a0\u00bb4_4&Prime; _builder_version=\u00a0\u00bb4.25.0&Prime; _module_preset=\u00a0\u00bbdefault\u00a0\u00bb global_colors_info=\u00a0\u00bb{}\u00a0\u00bb][et_pb_text _builder_version=\u00a0\u00bb4.25.0&Prime; _module_preset=\u00a0\u00bbdefault\u00a0\u00bb global_colors_info=\u00a0\u00bb{}\u00a0\u00bb]<\/p>\n<h1><strong><span style=\"color: #333399;\">NOUVEAUT\u00c9S<\/span><\/strong><\/h1>\n<p>[\/et_pb_text][\/et_pb_column][\/et_pb_row][et_pb_row column_structure=\u00a0\u00bb1_3,1_3,1_3&Prime; _builder_version=\u00a0\u00bb4.25.0&Prime; _module_preset=\u00a0\u00bbdefault\u00a0\u00bb global_colors_info=\u00a0\u00bb{}\u00a0\u00bb][et_pb_column type=\u00a0\u00bb1_3&Prime; _builder_version=\u00a0\u00bb4.25.0&Prime; _module_preset=\u00a0\u00bbdefault\u00a0\u00bb global_colors_info=\u00a0\u00bb{}\u00a0\u00bb][dsm_card title=\u00a0\u00bbATELIER VID\u00c9O\u00a0\u00bb image=\u00a0\u00bbhttp:\/\/www.culture-dax.fr\/wp-content\/uploads\/2025\/07\/video_acd-scaled.jpg\u00a0\u00bb image_background_animation=\u00a0\u00bbzoom_out\u00a0\u00bb button_url_new_window=\u00a0\u00bb1&Prime; _builder_version=\u00a0\u00bb4.25.0&Prime; _module_preset=\u00a0\u00bbdefault\u00a0\u00bb border_radii=\u00a0\u00bbon|20px|20px|20px|20px\u00a0\u00bb box_shadow_style=\u00a0\u00bbpreset1&Prime; global_colors_info=\u00a0\u00bb{}\u00a0\u00bb]<\/p>\n<p><span>Les samedis de 9h \u00e0 12h<\/span><\/p>\n<p>[\/dsm_card][dsm_dual_heading before_text=\u00a0\u00bbTarif Annuel audiovisuel : 120 \u20ac\u00a0\u00bb middle_text=\u00a0\u00bb \u00a0\u00bb heading_html_tag=\u00a0\u00bbp\u00a0\u00bb _builder_version=\u00a0\u00bb4.25.0&Prime; _module_preset=\u00a0\u00bbdefault\u00a0\u00bb header_font=\u00a0\u00bb|300|||||||\u00a0\u00bb header_text_color=\u00a0\u00bb#FFFFFF\u00a0\u00bb header_font_size=\u00a0\u00bb15px\u00a0\u00bb background_color=\u00a0\u00bb#00457A\u00a0\u00bb text_orientation=\u00a0\u00bbcenter\u00a0\u00bb background_layout=\u00a0\u00bbdark\u00a0\u00bb custom_margin=\u00a0\u00bb5px|5px|5px|5px|true|true\u00a0\u00bb custom_padding=\u00a0\u00bb5px|5px|5px|5px|true|true\u00a0\u00bb global_colors_info=\u00a0\u00bb{}\u00a0\u00bb][\/dsm_dual_heading][\/et_pb_column][et_pb_column type=\u00a0\u00bb1_3&Prime; _builder_version=\u00a0\u00bb4.25.0&Prime; _module_preset=\u00a0\u00bbdefault\u00a0\u00bb global_colors_info=\u00a0\u00bb{}\u00a0\u00bb][dsm_card title=\u00a0\u00bbAQUARELLE\/PEINTURE A L&rsquo;HUILE\u00a0\u00bb image=\u00a0\u00bbhttp:\/\/www.culture-dax.fr\/wp-content\/uploads\/2025\/06\/watercolor-3534528-scaled.jpg\u00a0\u00bb image_background_animation=\u00a0\u00bbzoom_out\u00a0\u00bb button_url_new_window=\u00a0\u00bb1&Prime; _builder_version=\u00a0\u00bb4.25.0&Prime; _module_preset=\u00a0\u00bbdefault\u00a0\u00bb border_radii=\u00a0\u00bbon|20px|20px|20px|20px\u00a0\u00bb box_shadow_style=\u00a0\u00bbpreset1&Prime; global_colors_info=\u00a0\u00bb{}\u00a0\u00bb]<\/p>\n<p>Mardi de 15h00 &#8211; 17h00<br \/>Jeudi\u00a0 de 15h00 &#8211; 17h00<\/p>\n<p>[\/dsm_card][dsm_dual_heading before_text=\u00a0\u00bbTarif Annuel aquarelle : 252 \u20ac\u00a0\u00bb middle_text=\u00a0\u00bb \u00a0\u00bb heading_html_tag=\u00a0\u00bbp\u00a0\u00bb _builder_version=\u00a0\u00bb4.25.0&Prime; _module_preset=\u00a0\u00bbdefault\u00a0\u00bb header_font=\u00a0\u00bb|300|||||||\u00a0\u00bb header_text_color=\u00a0\u00bb#FFFFFF\u00a0\u00bb header_font_size=\u00a0\u00bb15px\u00a0\u00bb background_color=\u00a0\u00bb#00457A\u00a0\u00bb text_orientation=\u00a0\u00bbcenter\u00a0\u00bb background_layout=\u00a0\u00bbdark\u00a0\u00bb custom_margin=\u00a0\u00bb5px|5px|5px|5px|true|true\u00a0\u00bb custom_padding=\u00a0\u00bb5px|5px|5px|5px|true|true\u00a0\u00bb global_colors_info=\u00a0\u00bb{}\u00a0\u00bb][\/dsm_dual_heading][\/et_pb_column][et_pb_column type=\u00a0\u00bb1_3&Prime; _builder_version=\u00a0\u00bb4.25.0&Prime; _module_preset=\u00a0\u00bbdefault\u00a0\u00bb global_colors_info=\u00a0\u00bb{}\u00a0\u00bb][dsm_card title=\u00a0\u00bbATELIER PHILOSOPHIE\u00a0\u00bb image=\u00a0\u00bbhttp:\/\/www.culture-dax.fr\/wp-content\/uploads\/2025\/08\/philosophie.jpg\u00a0\u00bb image_background_animation=\u00a0\u00bbzoom_out\u00a0\u00bb button_url_new_window=\u00a0\u00bb1&Prime; _builder_version=\u00a0\u00bb4.25.0&Prime; _module_preset=\u00a0\u00bbdefault\u00a0\u00bb border_radii=\u00a0\u00bbon|20px|20px|20px|20px\u00a0\u00bb box_shadow_style=\u00a0\u00bbpreset1&Prime; global_colors_info=\u00a0\u00bb{}\u00a0\u00bb]<\/p>\n<p><strong>\u00a0\u00a0<\/strong>1 fois tous les 15 jours pendant 17 semaines<br \/>Mercredi du 14h00 &#8211; 16h00<\/p>\n<p>[\/dsm_card][dsm_dual_heading before_text=\u00a0\u00bbTarif philosophie : 129 \u20ac\u00a0\u00bb middle_text=\u00a0\u00bb \u00a0\u00bb heading_html_tag=\u00a0\u00bbp\u00a0\u00bb _builder_version=\u00a0\u00bb4.25.0&Prime; _module_preset=\u00a0\u00bbdefault\u00a0\u00bb header_font=\u00a0\u00bb|300|||||||\u00a0\u00bb header_text_color=\u00a0\u00bb#FFFFFF\u00a0\u00bb header_font_size=\u00a0\u00bb15px\u00a0\u00bb background_color=\u00a0\u00bb#00457A\u00a0\u00bb text_orientation=\u00a0\u00bbcenter\u00a0\u00bb background_layout=\u00a0\u00bbdark\u00a0\u00bb custom_margin=\u00a0\u00bb5px|5px|5px|5px|true|true\u00a0\u00bb custom_padding=\u00a0\u00bb5px|5px|5px|5px|true|true\u00a0\u00bb global_colors_info=\u00a0\u00bb{}\u00a0\u00bb][\/dsm_dual_heading][\/et_pb_column][\/et_pb_row][\/et_pb_section]<\/p>\n","protected":false},"excerpt":{"rendered":"","protected":false},"author":1,"featured_media":0,"parent":0,"menu_order":0,"comment_status":"closed","ping_status":"closed","template":"","meta":{"_et_pb_use_builder":"on","_et_pb_old_content":"<p>[vc_row][vc_column][vc_empty_space height=\"20px\"][vc_column_text]<\/p>\n<h1><span style=\"color: #993300;\">TARIFS ACTIVIT\u00c9S 2025 - 2026 - 34 cours maximum<\/span><\/h1>\n<p>[\/vc_column_text][\/vc_column][\/vc_row][vc_row][vc_column][vc_column_text]&nbsp;<\/p>\n<p>&nbsp;<\/p>\n<table style=\"height: 351px;\" width=\"955\">\n<tbody>\n<tr>\n<td colspan=\"2\" width=\"940\">\n<h2><strong>ADHESIONS<\/strong><\/h2>\n<\/td>\n<\/tr>\n<tr>\n<td width=\"778\">Adultes (plus de 18 ans)<\/td>\n<td width=\"162\">40 \u20ac<\/td>\n<\/tr>\n<tr>\n<td width=\"778\">Enfants, adolescents et jeunes adultes (moins de 18 ans)<\/td>\n<td width=\"162\">22 \u20ac<\/td>\n<\/tr>\n<tr>\n<td width=\"778\">Etudiants (entre 18 et 27 ans sur production du justificatif d\u2019\u00e9tudes)<\/td>\n<td width=\"162\">22 \u20ac<\/td>\n<\/tr>\n<tr>\n<td width=\"778\">Couples et famille (minimum 2 membres)<\/td>\n<td width=\"162\">60 \u20ac<\/td>\n<\/tr>\n<tr>\n<td width=\"778\">B\u00e9n\u00e9ficiaires de minimas sociaux (RSA)\u00a0sur justificatifs et \u00e9tude du dossier<br \/>\n<strong>R\u00e9duction<\/strong> de 40 % sur le tarif de(s) l\u2019atelier(s) choisi(s)<\/td>\n<td width=\"162\">15 \u20ac<\/td>\n<\/tr>\n<tr>\n<td width=\"778\">Occasionnels et curistes<\/td>\n<td width=\"162\">10 \u20ac<\/td>\n<\/tr>\n<tr>\n<td width=\"778\">Stages<\/td>\n<td width=\"162\">5 \u20ac<\/td>\n<\/tr>\n<tr>\n<td width=\"778\"><\/td>\n<td width=\"162\"><\/td>\n<\/tr>\n<\/tbody>\n<\/table>\n<p>&nbsp;<\/p>\n<p>D\u00c9BUT DES INSCRIPTIONS 2025 - 2026 :<\/p>\n<p>D\u00e8s le mois de juin 2025 bulletin disponible sur notre site, aupr\u00e8s des professeurs et animateurs et au secr\u00e9tariat.<br \/>\n<strong>Nombre minimum adh\u00e9rents<\/strong> pour atelier et stages = 7 personnes.<br \/>\n<strong><br \/>\nTarif pour adh\u00e9sion \u00e0 plusieurs ateliers<\/strong><br \/>\nPlein tarifs pour atelier le plus cher, r\u00e9duction de 20% sur le tarif du ou des ateliers suppl\u00e9mentaires.<br \/>\n<strong><br \/>\nDates de cours des ateliers<\/strong><br \/>\nD\u00e9but : le 15\/09\/2025 - Fin : le 30\/06\/2026 - Pas de cours pendant les jours f\u00e9ri\u00e9s et vacances scolaires.<br \/>\nPossibilit\u00e9 de 2 cours d'essai cons\u00e9cutifs pour les nouveaux adh\u00e9rents.<br \/>\nOutils pour les nouveaux adh\u00e9rents (hors curiste et stage)<\/p>\n<p>&nbsp;<\/p>\n<h2><strong>PAIEMENT\u00a0:<\/strong><\/h2>\n<p><strong><u>PAR CHEQUE\u00a0:<\/u><\/strong><\/p>\n<p>Option 1 : r\u00e8glement en une seule fois \u00e0 l'inscription, encaissement imm\u00e9diat.<br \/>\nOption 2 : r\u00e8glement en 3 ch\u00e8ques : encaissement imm\u00e9diat du 1\u00e8re ch\u00e8que \u00e0 l'inscription.<\/p>\n<p><strong><u>PAR VIREMENT BANCAIRE\u00a0:<br \/>\n<\/u><\/strong>FR76 1090 7004 0000 0202 0212 277<br \/>\nBIC CCBPFRPPBDX<\/p>\n<h2><strong><br \/>\nFLYER<br \/>\nhoraires A.C.D. 2025-2026 <a href=\"https:\/\/www.culture-dax.fr\/pdf\/flyer_tarifs_saison_2025_2026.pdf\" target=\"_blank\" rel=\"noopener\">(\u00e0 t\u00e9l\u00e9charger ici)<\/a><\/strong><\/h2>\n<p>&nbsp;<\/p>\n<p>&nbsp;[\/vc_column_text][\/vc_column][\/vc_row][vc_row][vc_column][vc_empty_space height=\"20px\"][vc_column_text]<\/p>\n<h2><span style=\"color: #993300;\"><strong>COURS DE LANGUE<\/strong><\/span><\/h2>\n<p>[\/vc_column_text][\/vc_column][\/vc_row][vc_row][vc_column width=\"1\/3\"][vc_single_image image=\"174\" img_size=\"medium\"][vc_column_text]<\/p>\n<h2>ANGLAIS niveau B1<\/h2>\n<p>Mardi 17h30 \u2013 19h00 : niveau B1[\/vc_column_text][vc_button title=\"Tarif Annuel Anglais moyens: 189 \u20ac\" color=\"btn-info\" href=\"http:\/\/www.culture-dax.fr\/?page_id=56\"][vc_empty_space][\/vc_column][vc_column width=\"1\/3\"][vc_single_image image=\"174\" img_size=\"medium\"][vc_column_text]<\/p>\n<h2>ANGLAIS niveaux : C1 conversation - A1+ faux d\u00e9butants - A1 d\u00e9butants - B1 avanc\u00e9s<\/h2>\n<p>Mardi 16h15 - 17h15 : moyens (A2)<br \/>\nMardi 19h - 20h : conversation (Cl)<br \/>\nJeudi 16h00 - 17h00 : moyens (A2)<br \/>\nJeudi 17h15 - 18h15 : d\u00e9butants (Al)<br \/>\nJeudi 18h30 - 19h30 : faux - d\u00e9butants. (Al+)[\/vc_column_text][vc_button title=\"Tarif Annuel Anglais : 129 \u20ac\" color=\"btn-info\" href=\"http:\/\/www.culture-dax.fr\/?page_id=56\"][\/vc_column][vc_column width=\"1\/3\"][\/vc_column][\/vc_row][vc_row][vc_column][vc_empty_space height=\"20px\"][\/vc_column][\/vc_row][vc_row][vc_column][vc_empty_space height=\"20px\"][\/vc_column][\/vc_row][vc_row][vc_column width=\"1\/3\"][vc_single_image image=\"185\" img_size=\"medium\"][vc_column_text]<\/p>\n<h2><span style=\"color: #000080;\">ESPAGNOL avec Maryke<\/span><\/h2>\n<p>Mardi 16h30 - 18h00 : d\u00e9butants 1<br \/>\nMardi 18h00 - 19h30 : moyens 1<br \/>\nMercredi 17h00 - 18h30: moyens 2<br \/>\nMercredi 18h30 - 20h00: d\u00e9butants 2<br \/>\nJeudi 14h00 - 15h30 : avanc\u00e9s[\/vc_column_text][vc_button title=\"Tarif Annuel Espagnol : 189 \u20ac\" color=\"btn-info\" href=\"http:\/\/www.culture-dax.fr\/?page_id=59\"][\/vc_column][vc_column width=\"1\/3\"][vc_single_image image=\"185\" img_size=\"medium\"][vc_column_text]<\/p>\n<h2>ESPAGNOL avec Esther<\/h2>\n<p>Lundi 14h00 - 15h30 - confirm\u00e9s 2<br \/>\nLundi 15h45 - 17h15 : avanc\u00e9s<br \/>\nJeudi 14h30 - 16h00 : conversation<\/p>\n<h4><\/h4>\n<p>[\/vc_column_text][vc_button title=\"Tarif Annuel Espagnol : 189 \u20ac\" color=\"btn-info\" href=\"http:\/\/www.culture-dax.fr\/?page_id=63\"][\/vc_column][vc_column width=\"1\/3\"][vc_single_image image=\"607\" img_size=\"medium\"][vc_column_text]<\/p>\n<h2><span style=\"color: #000080;\">ITALIEN<\/span><\/h2>\n<p>Jeudi 15h45 - 17h15: niveau Al+ (Faux D\u00e9butants)<br \/>\nJeudi 17h30 - 19h00 : d\u00e9butants {Al)<br \/>\nTarif exceptionnel pour cette saison, la professeur ne pouvant assurer que 28 cours[\/vc_column_text][vc_button title=\"Tarif Annuel Italien : 156\u20ac\" color=\"btn-info\" href=\"http:\/\/www.culture-dax.fr\/?page_id=61\"][\/vc_column][\/vc_row][vc_row][vc_column width=\"1\/3\"][vc_single_image image=\"189\" img_size=\"medium\"][vc_column_text]<\/p>\n<h2><span style=\"color: #000080;\">BASQUE<\/span><\/h2>\n<p>Lundi 18h30 - 20h : niveau 2<br \/>\nMardi 18h00 - 19h45 : niveau l<br \/>\nMercredi 18h30 - 20h : niveau 3<br \/>\nJeudi : 18h00 - 19h45 : initiation[\/vc_column_text][vc_button title=\"Tarif Annuel Basque : 189 \u20ac\" color=\"btn-info\" href=\"http:\/\/www.culture-dax.fr\/?page_id=61\"][\/vc_column][\/vc_row][vc_row][vc_column][vc_empty_space height=\"20px\"][\/vc_column][\/vc_row][vc_row][vc_column][vc_empty_space height=\"20px\"][vc_column_text]<\/p>\n<h2><span style=\"color: #993300;\"><strong>BIEN-\u00caTRE<\/strong><\/span><\/h2>\n<p>[\/vc_column_text][\/vc_column][\/vc_row][vc_row][vc_column width=\"1\/3\"][vc_single_image image=\"209\" img_size=\"medium\"][vc_column_text]<\/p>\n<h2><span style=\"color: #000080;\">TA\u00cf CHI CHUAN<\/span><\/h2>\n<p>lundi 18h30-20h \u00e0 partir 3\u00e8me ann\u00e9e<br \/>\njeudi 19h-20h d\u00e9butants 1 \u00e8re ann\u00e9e<br \/>\njeudi 19h-20h30 d\u00e9butants 2\u00e8me ann\u00e9e[\/vc_column_text][vc_button title=\"Tarif Annuel Ta\u00ef Chi Chuan : Cours 1h30 : 189 \u20ac\/an  - 2\u00e8me et 3\u00e8me ann\u00e9es \/\/ Cours 1h - D\u00e9butants : 129\u20ac \/\/ D\u00e9butants \/\/ + Licence 35 \u20ac environ\" color=\"btn-info\" href=\"http:\/\/www.culture-dax.fr\/?page_id=81\"][\/vc_column][vc_column width=\"1\/3\"][vc_single_image image=\"241\" img_size=\"medium\"][vc_column_text]<\/p>\n<h2>SOPHROLOGIE<\/h2>\n<p>Mardi 14h30 - 16h00<br \/>\nMercredi : 18h30 - 20h00<br \/>\nJeudi : 10h30 - 12h00[\/vc_column_text][vc_button title=\"Tarif Annuel Sophrologie : 189 \u20ac\" color=\"btn-info\" href=\"http:\/\/www.culture-dax.fr\/?page_id=77\"][\/vc_column][vc_column width=\"1\/3\"][vc_single_image image=\"1559\"][vc_column_text]<\/p>\n<h2>HATHA YOGA<\/h2>\n<p>Lundi : 12h30 \u2013 13h30<br \/>\nMardi : 19h00 \u2013 20h00[\/vc_column_text][vc_button title=\"Tarif Annuel Yoga : 129 \u20ac\" color=\"btn-info\" href=\"http:\/\/www.culture-dax.fr\/?page_id=77\"][\/vc_column][\/vc_row][vc_row][vc_column width=\"1\/3\"][vc_single_image image=\"2449\" img_size=\"medium\"][vc_column_text]<\/p>\n<h2><span style=\"color: #000080;\">PILATES - GYM DOUCE<\/span><\/h2>\n<p>Lundi 9h00 - 10h00<br \/>\nMardi : 12 h 30 - 13 h 30<br \/>\nMercredi : 12h30 - 13h30<br \/>\nVendredi : 10 h 30 \u2013 11 h 30[\/vc_column_text][vc_button title=\"Tarif Annuel Gym douce : 129 \u20ac\/an\" color=\"btn-info\"][\/vc_column][vc_column width=\"1\/3\"][\/vc_column][\/vc_row][vc_row][vc_column][vc_empty_space height=\"20px\"][\/vc_column][\/vc_row][vc_row][vc_column][vc_empty_space height=\"20px\"][vc_column_text]<\/p>\n<h2><span style=\"color: #993300;\"><strong>SCIENCES et TECHNOLOGIE<\/strong><\/span><\/h2>\n<p>[\/vc_column_text][\/vc_column][\/vc_row][vc_row][vc_column width=\"1\/3\"][vc_single_image image=\"236\" img_size=\"medium\"][vc_column_text]<\/p>\n<h2><span style=\"color: #000080;\">ASTRONOMIE<\/span><\/h2>\n<p>Vendredi \u00e0 partir de 21h<br \/>\nObservatoire - rue Pascal Lafitte - 40100 DAX<br \/>\nTarif \u00e0 la s\u00e9ance ados\/jeunes\/adultes\u00a0 : 6\u20ac<br \/>\nTarif \u00e0 la s\u00e9ance enfants (jusqu'\u00e0 13 ans) : 4 \u20ac[\/vc_column_text][vc_button title=\"Tarif Annuel Astronomie : 59 \u20ac\" color=\"btn-info\" href=\"http:\/\/www.culture-dax.fr\/?page_id=73\"][\/vc_column][vc_column width=\"1\/3\"][vc_single_image image=\"720\" img_size=\"medium\"][vc_column_text]<\/p>\n<h2>INFORMATIQUE<\/h2>\n<p>Mardi 9 h 30 \u2013 10 h 30 - soit 1 h\u00a0 - Initiation<br \/>\nMardi 10 h 30 \u2013 12 h - soit 1 h 30\u00a0 - Avanc\u00e9[\/vc_column_text][vc_button title=\"Tarif annuel Informatique : 129 \u20ac : initiation      et 189 \u20ac :  Avanc\u00e9\" color=\"btn-info\" href=\"http:\/\/www.culture-dax.fr\/?page_id=75\"][\/vc_column][vc_column width=\"1\/3\"][vc_single_image image=\"905\" img_size=\"medium\"][vc_column_text]<\/p>\n<h2><span style=\"color: #000080;\">PHOTOGRAPHIE<\/span><\/h2>\n<p>Club tous les jeudis a partir de 20h30 \u00e0 23h00<br \/>\n+ licence individuelle sur option : 40\u20ac[\/vc_column_text][vc_button title=\"Tarif Annuel Photographie : 59 \u20ac + licence 40\u20ac\" color=\"btn-info\" href=\"http:\/\/www.culture-dax.fr\/?page_id=79\"][\/vc_column][\/vc_row][vc_row][vc_column][vc_empty_space height=\"20px\"][vc_column_text]<\/p>\n<h2><span style=\"color: #993300;\"><strong>MUSIQUE<\/strong><\/span><\/h2>\n<p>[\/vc_column_text][\/vc_column][\/vc_row][vc_row][vc_column width=\"1\/3\"][vc_single_image image=\"193\" img_size=\"medium\"][vc_column_text]<\/p>\n<h2><span style=\"color: #000080;\">GUITARE<\/span><\/h2>\n<p><strong>Cours avec Ga\u00ebl<\/strong><br \/>\nLundi : 16h00 - 17h00<br \/>\nLundi : 17h00 - 18h00<br \/>\nLundi : 18h00 - 19h00<br \/>\nLundi : 19h00 - 20h00[\/vc_column_text][vc_button title=\"Tarif Annuel Guitare : 220\u20ac\" color=\"btn-info\" href=\"http:\/\/www.culture-dax.fr\/?page_id=87\"][vc_column_text]<\/p>\n<h2><span style=\"color: #000080;\">GUITARE<\/span><\/h2>\n<p><strong>Cours avec Ga\u00ebtan<\/strong><br \/>\nJeudi 18h00 - 19h00<\/p>\n<p><strong>Cours avec Aur\u00e9lien<\/strong><br \/>\nVendredi 18h00 - 19h00<br \/>\nVendredi 19h00 - 20h00[\/vc_column_text][vc_button title=\"Tarif Annuel Guitare : 159\u20ac\" color=\"btn-info\" href=\"http:\/\/www.culture-dax.fr\/?page_id=87\"][\/vc_column][\/vc_row][vc_row][vc_column][vc_empty_space height=\"20px\"][\/vc_column][\/vc_row][vc_row][vc_column][vc_empty_space height=\"20px\"][vc_column_text]<\/p>\n<h2><span style=\"color: #993300;\"><strong>EXPRESSION ARTISTIQUE<\/strong><\/span><\/h2>\n<p>[\/vc_column_text][\/vc_column][\/vc_row][vc_row][vc_column width=\"1\/3\"][vc_single_image image=\"211\" img_size=\"medium\"][vc_column_text]<\/p>\n<h2><span style=\"color: #000080;\">Atelier\u00a0des enfants<br \/>\nCompagnie du Trou de Serrure<\/span><\/h2>\n<p>de 7 \u00e0 11 ans : Mercredi 15h45 \u2013 17h30[\/vc_column_text][vc_button title=\"Tarif Annuel Th\u00e9\u00e2tre 7\/11ans : 149 \u20ac\" color=\"btn-info\" href=\"http:\/\/www.culture-dax.fr\/?page_id=83\"][\/vc_column][vc_column width=\"1\/3\"][vc_single_image image=\"211\" img_size=\"medium\"][vc_column_text]<\/p>\n<h2><span style=\"color: #000080;\">Atelier\u00a0des jeunes<br \/>\nCompagnie du Trou de Serrure<\/span><\/h2>\n<p>de 11 \u00e0 14 ans : Mercredi 17h30 - 20h[\/vc_column_text][vc_button title=\"Tarif Annuel th\u00e9\u00e2tre 11\/14 ans : 165 \u20ac\" color=\"btn-info\" href=\"http:\/\/www.culture-dax.fr\/?page_id=83\"][\/vc_column][vc_column width=\"1\/3\"][vc_single_image image=\"211\" img_size=\"medium\"][vc_column_text]<\/p>\n<h2><span style=\"color: #000080;\">Atelier des Ados<br \/>\nCompagnie du Trou de Serrure<\/span><\/h2>\n<p>de 14 \u00e0 20 ans : Vendredi 18h30 - 21h30[\/vc_column_text][vc_button title=\"Tarif Annuel Th\u00e9\u00e2tre 14\/20 ans : 185 \u20ac\" color=\"btn-info\" href=\"http:\/\/www.culture-dax.fr\/?page_id=83\"][\/vc_column][\/vc_row][vc_row][vc_column][vc_empty_space height=\"20px\"][\/vc_column][\/vc_row][vc_row][vc_column width=\"1\/3\"][vc_single_image image=\"211\" img_size=\"medium\"][vc_column_text]<\/p>\n<h2><span style=\"color: #000080;\">Jacadi Impro Adultes<br \/>\nCompagnie du Trou de Serrure<\/span><\/h2>\n<p>Mercredi 20h \u2013 22h00[\/vc_column_text][vc_button title=\"Tarif Annuel Th\u00e9\u00e2tre Adultes d\u00e9but. : 165 \u20ac\" color=\"btn-info\" href=\"http:\/\/www.culture-dax.fr\/?page_id=83\"][\/vc_column][vc_column width=\"1\/3\"][vc_single_image image=\"211\" img_size=\"medium\"][vc_column_text]<\/p>\n<h2><span style=\"color: #000080;\">Jacadi Impro Juniors<br \/>\nCompagnie du Trou de Serrure<br \/>\n<\/span><\/h2>\n<p>Jeudi 17h30 - 19h00[\/vc_column_text][vc_button title=\"Tarif Annuel Th\u00e9\u00e2tre Impro d\u00e9but. : 109 \u20ac\" color=\"btn-info\" href=\"http:\/\/www.culture-dax.fr\/?page_id=83\"][\/vc_column][vc_column width=\"1\/3\"][vc_single_image image=\"211\" img_size=\"medium\"][vc_column_text]<\/p>\n<h2><span style=\"color: #000080;\">THEATRE Impro longue<br \/>\n<\/span><\/h2>\n<p>Lundi : 19h30 - 21h30[\/vc_column_text][vc_button title=\"Tarif Annuel Th\u00e9\u00e2tre Impro longue. : 59 \u20ac\" color=\"btn-info\" href=\"http:\/\/www.culture-dax.fr\/?page_id=83\"][\/vc_column][\/vc_row][vc_row][vc_column width=\"1\/3\"][\/vc_column][vc_column width=\"1\/3\"][\/vc_column][vc_column width=\"1\/3\"][\/vc_column][\/vc_row][vc_row][vc_column][vc_empty_space height=\"20px\"][\/vc_column][\/vc_row][vc_row][vc_column width=\"1\/3\"][vc_single_image image=\"204\" img_size=\"medium\"][vc_column_text]<\/p>\n<h2><span style=\"color: #000080;\">POTERIE confirm\u00e9s cours libre<\/span><\/h2>\n<p>Atelier sans professeur<br \/>\nMardi 14h00 \u2013 16h30 - apr\u00e8s avis du responsable de l'atelier<br \/>\nMardi 16h30 - 19h00 - apr\u00e8s avis du responsable de l'atelier[\/vc_column_text][vc_button title=\"Tarif Annuel Poterie confirm\u00e9s : 59 \u20ac\" color=\"btn-info\" href=\"http:\/\/www.culture-dax.fr\/?page_id=85\"][\/vc_column][vc_column width=\"1\/3\"][vc_single_image image=\"204\" img_size=\"medium\"][vc_column_text]<\/p>\n<h2><span style=\"color: #000080;\">POTERIE enfants\/adultes avec professeur<\/span><\/h2>\n<p>Mercredi 14h00 \u201316h00 - Enfants \/ Adultes<br \/>\nMercredi 16h00 - 18h00 - Adultes<br \/>\nMercredi 18h00 - 20h00 - Adultes[\/vc_column_text][vc_button title=\"Tarif Annuel Poterie : enfants : 169 \u20ac\/adultes: 220\u20ac\" color=\"btn-info\" href=\"http:\/\/www.culture-dax.fr\/?page_id=85\"][\/vc_column][vc_column width=\"1\/3\"][vc_single_image image=\"181\" img_size=\"medium\"][vc_column_text]<\/p>\n<h2><span style=\"color: #000080;\">SCULPTURE sur Bois avec Professeur<\/span><\/h2>\n<p>Cours une fois par mois<br \/>\nle mercredi de 10h \u00e0 16h[\/vc_column_text][vc_button title=\"Tarif Annuel Poterie Adultes : 220 \u20ac\" color=\"btn-info\" href=\"http:\/\/www.culture-dax.fr\/?page_id=310\"][\/vc_column][\/vc_row][vc_row][vc_column width=\"1\/3\"][\/vc_column][vc_column width=\"1\/3\"][\/vc_column][vc_column width=\"1\/3\"][\/vc_column][\/vc_row][vc_row][vc_column width=\"1\/2\"][vc_single_image image=\"181\" img_size=\"medium\"][vc_column_text]<\/p>\n<h2><span style=\"color: #000080;\">SCULPTURE sur Bois - Avec professeur\u00a0<\/span><\/h2>\n<p>Mercredi 10h - 16h30[\/vc_column_text][vc_button title=\"Tarif Annuel Sculpture Initiation : 183 \u20ac\" color=\"btn-info\" href=\"http:\/\/www.culture-dax.fr\/?page_id=310\"][\/vc_column][vc_column width=\"1\/2\"][vc_single_image image=\"181\" img_size=\"medium\"][vc_column_text]<\/p>\n<h2><span style=\"color: #000080;\">SCULPTURE sur Bois - Atelier libre\u00a0<\/span><\/h2>\n<p>Atelier sans professeur<br \/>\nMercredi 14h00 \u2013 17h00[\/vc_column_text][vc_button title=\"Tarif Annuel Sculpture Initiation : 59 \u20ac\" color=\"btn-info\" href=\"http:\/\/www.culture-dax.fr\/?page_id=310\"][\/vc_column][\/vc_row][vc_row][vc_column width=\"1\/3\"][\/vc_column][\/vc_row][vc_row][vc_column width=\"1\/3\"][vc_single_image image=\"2527\" img_size=\"medium\"][vc_column_text]<\/p>\n<h2><span style=\"color: #000080;\">BOTANIQUE<\/span><\/h2>\n<p>Le jeudi de 14h \u00e0 17h[\/vc_column_text][vc_button title=\"Tarif Annuel Botanique : 59 \u20ac\" color=\"btn-info\" href=\"http:\/\/www.culture-dax.fr\/?page_id=310\"][\/vc_column][\/vc_row][vc_row][vc_column][vc_empty_space height=\"20px\"][vc_column_text]<\/p>\n<h2><span style=\"color: #993300;\"><strong>NOUVEAUT\u00c9S<\/strong><\/span><\/h2>\n<p>[\/vc_column_text][\/vc_column][\/vc_row][vc_row][vc_column width=\"1\/3\"][vc_single_image image=\"2733\" img_size=\"medium\"][vc_column_text]<\/p>\n<h2><span style=\"color: #000080;\">AUDIOVISUEL<\/span><\/h2>\n<p>Les samedis de 9h \u00e0 12h[\/vc_column_text][vc_button title=\"Tarif Annuel Audiovisuel : 120 \u20ac\" color=\"btn-info\" href=\"http:\/\/www.culture-dax.fr\/?page_id=2736\"][\/vc_column][vc_column width=\"1\/3\"][vc_single_image image=\"204\" img_size=\"medium\"][vc_column_text]<\/p>\n<h2><span style=\"color: #000080;\">POTERIE initiation au tournage<\/span><\/h2>\n<p>Mercredi 10h00 - 12h00 (terre fournie)<br \/>\n1 cours tous les 15 jours[\/vc_column_text][vc_button title=\"35 \u20ac le cours\" color=\"btn-info\"][\/vc_column][vc_column width=\"1\/3\"][vc_single_image image=\"2745\" img_size=\"medium\"][vc_column_text]<\/p>\n<h2><span style=\"color: #000080;\">2 ateliers : AQUARELLE et ARTS CR\u00c9ATIFS<\/span><\/h2>\n<p>devraient \u00eatre propos\u00e9s.<br \/>\nPour plus d'information merci de vous adresser au secr\u00e9tariat d\u00e8s juillet.[\/vc_column_text][vc_button title=\"Tarif Annuel Poterie Adultes : 220 \u20ac\" color=\"btn-info\" href=\"http:\/\/www.culture-dax.fr\/?page_id=310\"][\/vc_column][\/vc_row][vc_row][vc_column][vc_empty_space height=\"20px\"][\/vc_column][\/vc_row][vc_row][vc_column][vc_single_image image=\"2630\" img_size=\"714x201\" alignment=\"center\" css_animation=\"appear\"][\/vc_column][\/vc_row]<\/p>\n","_et_gb_content_width":"","footnotes":""},"class_list":["post-35","page","type-page","status-publish","hentry"],"_links":{"self":[{"href":"https:\/\/www.culture-dax.fr\/index.php?rest_route=\/wp\/v2\/pages\/35","targetHints":{"allow":["GET"]}}],"collection":[{"href":"https:\/\/www.culture-dax.fr\/index.php?rest_route=\/wp\/v2\/pages"}],"about":[{"href":"https:\/\/www.culture-dax.fr\/index.php?rest_route=\/wp\/v2\/types\/page"}],"author":[{"embeddable":true,"href":"https:\/\/www.culture-dax.fr\/index.php?rest_route=\/wp\/v2\/users\/1"}],"replies":[{"embeddable":true,"href":"https:\/\/www.culture-dax.fr\/index.php?rest_route=%2Fwp%2Fv2%2Fcomments&post=35"}],"version-history":[{"count":167,"href":"https:\/\/www.culture-dax.fr\/index.php?rest_route=\/wp\/v2\/pages\/35\/revisions"}],"predecessor-version":[{"id":3023,"href":"https:\/\/www.culture-dax.fr\/index.php?rest_route=\/wp\/v2\/pages\/35\/revisions\/3023"}],"wp:attachment":[{"href":"https:\/\/www.culture-dax.fr\/index.php?rest_route=%2Fwp%2Fv2%2Fmedia&parent=35"}],"curies":[{"name":"wp","href":"https:\/\/api.w.org\/{rel}","templated":true}]}}