{"id":460,"date":"2014-10-31T10:55:08","date_gmt":"2014-10-31T09:55:08","guid":{"rendered":"http:\/\/www.culture-dax.fr\/?page_id=460"},"modified":"2025-07-09T06:01:46","modified_gmt":"2025-07-09T05:01:46","slug":"reglement-interieur","status":"publish","type":"page","link":"https:\/\/www.culture-dax.fr\/?page_id=460","title":{"rendered":"R\u00e9glement Int\u00e9rieur"},"content":{"rendered":"<p>[et_pb_section fb_built=\u00a0\u00bb1&Prime; admin_label=\u00a0\u00bbsection\u00a0\u00bb _builder_version=\u00a0\u00bb4.16&Prime; global_colors_info=\u00a0\u00bb{}\u00a0\u00bb][et_pb_row admin_label=\u00a0\u00bbrow\u00a0\u00bb _builder_version=\u00a0\u00bb4.16&Prime; background_size=\u00a0\u00bbinitial\u00a0\u00bb background_position=\u00a0\u00bbtop_left\u00a0\u00bb background_repeat=\u00a0\u00bbrepeat\u00a0\u00bb global_colors_info=\u00a0\u00bb{}\u00a0\u00bb][et_pb_column type=\u00a0\u00bb4_4&Prime; _builder_version=\u00a0\u00bb4.16&Prime; custom_padding=\u00a0\u00bb|||\u00a0\u00bb global_colors_info=\u00a0\u00bb{}\u00a0\u00bb custom_padding__hover=\u00a0\u00bb|||\u00a0\u00bb][et_pb_text admin_label=\u00a0\u00bbText\u00a0\u00bb _builder_version=\u00a0\u00bb4.25.0&Prime; background_size=\u00a0\u00bbinitial\u00a0\u00bb background_position=\u00a0\u00bbtop_left\u00a0\u00bb background_repeat=\u00a0\u00bbrepeat\u00a0\u00bb hover_enabled=\u00a0\u00bb0&Prime; global_colors_info=\u00a0\u00bb{}\u00a0\u00bb sticky_enabled=\u00a0\u00bb0&Prime;]<\/p>\n<p>&nbsp;<\/p>\n<h1><span style=\"font-family: arial, helvetica, sans-serif;\">R\u00e8glement int\u00e9rieur<\/span><\/h1>\n<p><strong>REGLEMENT INTERIEUR<\/strong><\/p>\n<p>Modifi\u00e9 par vote en Assembl\u00e9e G\u00e9n\u00e9rale le 16 d\u00e9cembre 2004<br \/>Modifi\u00e9 par vote en Assembl\u00e9e G\u00e9n\u00e9rale le 8 d\u00e9cembre 2009<br \/>Modifi\u00e9 par vote en Assembl\u00e9e G\u00e9n\u00e9rale le 20 novembre 2013<br \/>Modifi\u00e9 par vote en Assembl\u00e9e G\u00e9n\u00e9rale Extraordinaire le 16 avril 2015<br \/>Modifi\u00e9 par vote en Assembl\u00e9e G\u00e9n\u00e9rale le 6 novembre 2019<br \/>Modifi\u00e9 par vote en Assembl\u00e9e G\u00e9n\u00e9rale le 19 novembre 2024<\/p>\n<p>&nbsp;<\/p>\n<p>&nbsp;<\/p>\n<p>&nbsp;<\/p>\n<p><strong>Remarques pr\u00e9liminaires :<\/strong><\/p>\n<p>Le pr\u00e9sent r\u00e8glement int\u00e9rieur compl\u00e8te les statuts de l\u2019ASSOCIATION CULTURELLE DE DAX (ACD) et a pour objet de pr\u00e9ciser son mode de fonctionnement.<\/p>\n<p>Chaque membre, par son adh\u00e9sion, s\u2019engage \u00e0 le respecter.<\/p>\n<p>&nbsp;<\/p>\n<p>&nbsp;<\/p>\n<p>&nbsp;<\/p>\n<h1>I &#8211; FONCTIONNEMENT DES ORGANES<\/h1>\n<p><strong>\u00a0<\/strong><\/p>\n<p><strong>\u00a0<\/strong><\/p>\n<p><strong>\u00a0<\/strong><\/p>\n<p><strong><em><u>A &#8211; L\u2019ASSEMBLEE GENERALE ORDINAIRE (AG)<\/u><\/em><\/strong><\/p>\n<p>Tout membre de l\u2019ACD peut demander qu\u2019un sujet figure \u00e0 l\u2019ordre du jour de l\u2019AG.<\/p>\n<p>&nbsp;<\/p>\n<p>Sa demande \u00e9crite doit parvenir au bureau au moins un (1) mois avant la date pr\u00e9vue pour l\u2019AG.<\/p>\n<p>&nbsp;<\/p>\n<p>&nbsp;<\/p>\n<p>&nbsp;<\/p>\n<p><strong><em><u>B &#8211; LE CONSEIL D\u2019ADMINISTRATION (CA)<\/u><\/em><\/strong><\/p>\n<p>Le terme \u00ab administrateurs \u00bb regroupe l\u2019ensemble des personnes \u00e9lues au CA.<\/p>\n<p>&nbsp;<\/p>\n<p>Les fonctions d\u2019administrateur de l\u2019ACD sont obligatoirement b\u00e9n\u00e9voles. N\u00e9anmoins, une indemnisation sur note de frais peut \u00eatre vers\u00e9e.<\/p>\n<p>&nbsp;<\/p>\n<p>Les administrateurs ne doivent tirer, eux-m\u00eames ou par personne interpos\u00e9e, aucun int\u00e9r\u00eat direct ou indirect de l\u2019activit\u00e9 de l\u2019ACD.<\/p>\n<p>&nbsp;<\/p>\n<p>Tout membre de l\u2019ACD peut demander qu\u2019un sujet figure \u00e0 l\u2019ordre du jour du CA.<\/p>\n<p>&nbsp;<\/p>\n<p>Sa demande \u00e9crite doit parvenir au Bureau au moins un (1) mois avant la date pr\u00e9vue pour la r\u00e9union du CA.<\/p>\n<p>&nbsp;<\/p>\n<p><strong><em><u>C &#8211; LE BUREAU<\/u><\/em><\/strong><\/p>\n<p><strong><em>\u00a0<\/em><\/strong><\/p>\n<p>Pour \u00eatre \u00e9lu au Bureau, il faut que le candidat soit membre de l\u2019ACD depuis une dur\u00e9e d\u2019au moins un (1) an.<\/p>\n<p>&nbsp;<\/p>\n<p>Chaque membre du Bureau remplit un r\u00f4le pr\u00e9cis, d\u00e9termin\u00e9 par sa fonction.<\/p>\n<p>Le r\u00f4le du (de la) Pr\u00e9sident(e), du (de la) Secr\u00e9taire G\u00e9n\u00e9ral(e) et du (de la) Tr\u00e9sorier(e) sont pr\u00e9cis\u00e9s \u00e0 l\u2019article VIII-B des statuts.<\/p>\n<p>&nbsp;<\/p>\n<p>Le(a) Pr\u00e9sident(e) et le(a) Tr\u00e9sorier(e) ont la signature \u00e0 la banque.<\/p>\n<p>Le(a) Pr\u00e9sident(e) peut d\u00e9l\u00e9guer sa signature \u00e0 un ou plusieurs membres du bureau.<\/p>\n<p>&nbsp;<\/p>\n<p>Les adjoints secondent les titulaires de chaque fonction et les suppl\u00e9ent en cas d&#8217;emp\u00eachement ou de vacance du poste.<\/p>\n<p>&nbsp;<\/p>\n<p>Le Bureau se r\u00e9unit r\u00e9guli\u00e8rement pour r\u00e9gler les affaires courantes et dynamiser les activit\u00e9s de l\u2019ACD. Il apporte aide et soutien aux animateurs et aux ateliers.<\/p>\n<p>&nbsp;<\/p>\n<p>En cas de besoin, les membres de l\u2019ACD ou les animateurs peuvent demander la r\u00e9union du Bureau.<\/p>\n<p>&nbsp;<\/p>\n<p>Si les circonstances le r\u00e9clament, certaines r\u00e9unions du Bureau peuvent accueillir les animateurs, les administrateurs ou les membres de commissions.<\/p>\n<p>&nbsp;<\/p>\n<p>En cas de situation d\u2019urgence, le Bureau est habilit\u00e9 \u00e0 prendre les d\u00e9cisions n\u00e9cessaires dans les domaines de la gestion administrative et financi\u00e8re, des ressources humaines, de la s\u00e9curit\u00e9 et des actions de communication interne et externe. Il en rend compte au CA lors de sa prochaine r\u00e9union.<\/p>\n<p>&nbsp;<\/p>\n<p>Toute d\u00e9cision ou action importante qui entra\u00eene la responsabilit\u00e9 de l\u2019ACD ou affecte son image (achats, projets, communication sous toutes ses formes, animation du site Internet \u2026) doit obtenir l\u2019aval du CA.<\/p>\n<p>&nbsp;<\/p>\n<p><strong><em><u>D &#8211; LES COMMISSIONS<\/u><\/em><\/strong><\/p>\n<p>Les commissions ont un r\u00f4le de conseils et de propositions aupr\u00e8s du Bureau et du CA. Elles sont cr\u00e9\u00e9es par le CA qui en d\u00e9finit le r\u00f4le et nomme son responsable permanent.<\/p>\n<p>Ce responsable, s\u2019entoure des membres de l\u2019ACD volontaires pour l\u2019aider \u00e0 remplir sa mission. Peuvent \u00eatre \u00e9ventuellement cr\u00e9\u00e9es :<\/p>\n<h2>une commission finances pouvant avoir pour r\u00f4le de :<\/h2>\n<ul>\n<li>aider \u00e0 \u00e9tablir le budget et les tarifs de l\u2019ACD si le Bureau le demande<\/li>\n<li>rechercher des partenariats avec des organismes publics ou priv\u00e9s afin de diversifier les aides vers\u00e9es \u00e0 l\u2019ACD<\/li>\n<li>rechercher les aides ou moyens permettant aux personnes \u00e0 revenu modeste d\u2019acc\u00e9der aux activit\u00e9s de l\u2019ACD<\/li>\n<\/ul>\n<p>&#8211;\u00a0\u00a0\u00a0 \u2026<\/p>\n<p>&nbsp;<\/p>\n<h2>une commission animation pouvant avoir pour r\u00f4le de :<\/h2>\n<p><strong><em>\u00a0<\/em><\/strong><\/p>\n<ul>\n<li>aider \u00e0 d\u00e9finir le programme culturel propos\u00e9 par l\u2019ACD<\/li>\n<li>rechercher artistes ou \u00e9v\u00e8nements culturels \u00e0 promouvoir<\/li>\n<li>aider \u00e0 \u00e9tablir le planning des expositions propos\u00e9es par l\u2019ACD<\/li>\n<li>aider les ateliers de l\u2019ACD \u00e0 organiser leurs expositions<\/li>\n<li>promouvoir en interne et hors de ses murs les activit\u00e9s de l\u2019ACD par tous moyens appropri\u00e9s (site internet, expos, stands, repr\u00e9sentations, animations diverses \u2026)<\/li>\n<li>proposer des actions ayant pour but la coh\u00e9sion interactivit\u00e9s<\/li>\n<\/ul>\n<p>&#8211;\u00a0\u00a0\u00a0\u00a0 \u2026<\/p>\n<p>&nbsp;<\/p>\n<h2>une commission de s\u00e9curit\u00e9 pouvant avoir pour r\u00f4le de :<\/h2>\n<p><strong><em>\u00a0<\/em><\/strong><\/p>\n<ul>\n<li>s\u2019informer aupr\u00e8s des services comp\u00e9tents (services techniques de la mairie, pompiers \u2026) des r\u00e8gles de s\u00e9curit\u00e9 \u00e0 respecter dans les locaux utilis\u00e9s par l\u2019ACD<\/li>\n<li>aider \u00e0 recenser les diff\u00e9rents probl\u00e8mes susceptibles de causer des accidents<\/li>\n<li>s\u2019assurer que les activit\u00e9s de l\u2019ACD respectent les r\u00e8gles \u00e9l\u00e9mentaires de s\u00e9curit\u00e9<\/li>\n<li>recenser et\/ou proposer la formation de personnes aptes \u00e0 utiliser les \u00e9l\u00e9ments de s\u00e9curit\u00e9 (d\u00e9fibrillateur, extincteurs, plans d\u2019\u00e9vacuation &#8230;)<\/li>\n<\/ul>\n<p>&#8211;\u00a0\u00a0\u00a0\u00a0 \u2026<\/p>\n<p>&nbsp;<\/p>\n<p><strong><em>toute autre commission s\u2019av\u00e9rant utile<\/em><\/strong><\/p>\n<p><strong><em>\u00a0<\/em><\/strong><\/p>\n<h1>II &#8211; PERSONNEL PERMANENT<\/h1>\n<p><strong>\u00a0<\/strong><\/p>\n<p>L\u2019ACD peut employer des salari\u00e9s en les recrutant directement ou en faisant appel \u00e0 un organisme tiers.<\/p>\n<p>&nbsp;<\/p>\n<p>La fonction et le temps d\u2019emploi de chaque salari\u00e9 sont fix\u00e9s par le CA et d\u00e9crits dans une \u00ab fiche de poste \u00bb.<\/p>\n<p>&nbsp;<\/p>\n<p>La nature propre des associations en loi de 1901 implique l\u2019adh\u00e9sion morale du personnel aux objectifs poursuivis par l\u2019ACD. Les salari\u00e9s de l\u2019ACD doivent donc faire preuve d\u2019esprit associatif, de respect et de disponibilit\u00e9 envers tous les membres de l\u2019association.<\/p>\n<p>&nbsp;<\/p>\n<p>&nbsp;<\/p>\n<p>&nbsp;<\/p>\n<h1>III \u2013 ANIMATEURS<\/h1>\n<p><strong>\u00a0<\/strong><\/p>\n<p>Les animateurs d\u2019atelier peuvent \u00eatre salari\u00e9s, travailleurs ind\u00e9pendants ou b\u00e9n\u00e9voles. <u>Les animateurs salari\u00e9s<\/u> rel\u00e8vent du chapitre II ci-dessus.<\/p>\n<p><u>Les travailleurs ind\u00e9pendants<\/u> :<\/p>\n<p>&nbsp;<\/p>\n<ul>\n<li>doivent signer chaque ann\u00e9e, un contrat de prestations de service, d\u00e8s que les conditions d\u2019ouverture d\u2019un atelier sont r\u00e9unies (acceptation des horaires et des tarifs propos\u00e9s par l\u2019animateur, nombre d\u2019inscrits suffisant, disponibilit\u00e9 des locaux &#8230;)<\/li>\n<li>doivent justifier de leur statut (immatriculation, assurance &#8230;)<\/li>\n<li>sont r\u00e9mun\u00e9r\u00e9s sur<\/li>\n<\/ul>\n<p>&nbsp;<\/p>\n<p><u>Les animateurs b\u00e9n\u00e9voles<\/u> :<\/p>\n<p>&nbsp;<\/p>\n<ul>\n<li>ne per\u00e7oivent aucune r\u00e9tribution.<\/li>\n<li>peuvent \u00eatre d\u00e9fray\u00e9s sur pr\u00e9sentation d\u2019une note de frais d\u00fbment justifi\u00e9e.<\/li>\n<li>doivent \u00eatre adh\u00e9rents de l\u2019ACD<\/li>\n<li>b\u00e9n\u00e9ficient d\u2019un tarif d\u2019adh\u00e9sion pr\u00e9f\u00e9rentiel<\/li>\n<li>sont exon\u00e9r\u00e9s de la cotisation de l\u2019atelier qu\u2019ils animent<\/li>\n<li>peuvent participer gratuitement \u00e0 un atelier anim\u00e9 par un autre b\u00e9n\u00e9vole.<\/li>\n<\/ul>\n<p>&nbsp;<\/p>\n<p>Aucun contr\u00f4le n\u2019est exerc\u00e9 sur la m\u00e9thode de travail et le contenu de l\u2019enseignement dispens\u00e9 par les animateurs ind\u00e9pendants et b\u00e9n\u00e9voles.<\/p>\n<p>Par contre, leur adh\u00e9sion morale aux objectifs de l\u2019ACD est indispensable. Ils doivent faire preuve d\u2019esprit associatif, de respect et de disponibilit\u00e9 envers tous les adh\u00e9rents de l\u2019ACD.<\/p>\n<p>&nbsp;<\/p>\n<p>De plus, ils doivent veiller \u00e0 la propret\u00e9 des locaux et au bon usage du mat\u00e9riel mis \u00e0 leur disposition ou \u00e0 celle des adh\u00e9rents de l\u2019ACD.<\/p>\n<p>&nbsp;<\/p>\n<p>Ils sont responsables des cl\u00e9s qui leur sont confi\u00e9es et doivent les restituer apr\u00e8s cessation de fonctions.<\/p>\n<p>&nbsp;<\/p>\n<p>&nbsp;<\/p>\n<h1>IV &#8211; FONCTIONNEMENT DES ATELIERS<\/h1>\n<p><strong>\u00a0<\/strong><\/p>\n<p><strong>\u00a0<\/strong><\/p>\n<p><strong><em><u>A \u2013 DISPOSITIONS GENERALES<\/u><\/em><\/strong><\/p>\n<p>La cr\u00e9ation d&rsquo;un atelier avec animateur ou d\u2019un \u00ab atelier libre \u00bb sans animateur est soumise \u00e0 l&rsquo;accord du CA.<\/p>\n<p>Les modalit\u00e9s de fonctionnement de chaque atelier sont d\u00e9termin\u00e9es par le Bureau.<\/p>\n<p>&nbsp;<\/p>\n<p>Les cours doivent \u00eatre dispens\u00e9s en pr\u00e9sentiel dans les locaux de l\u2019ACD : les cours en visio ne doivent \u00eatre donn\u00e9s qu\u2019\u00e0 titre exceptionnel et apr\u00e8s accord pr\u00e9alable du Bureau.<\/p>\n<p>&nbsp;<\/p>\n<p>Avant la validation d\u00e9finitive de son adh\u00e9sion, le nouvel adh\u00e9rent (hors curiste) peut fr\u00e9quenter l&rsquo;atelier de son choix durant 2 semaines cons\u00e9cutives. S&rsquo;il choisit de quitter l&rsquo;association au terme de ce d\u00e9lai, aucune cotisation ne lui sera r\u00e9clam\u00e9e.<\/p>\n<p>&nbsp;<\/p>\n<p>Chaque activit\u00e9 doit d\u00e9signer au moins un (1) repr\u00e9sentant au C.A.<\/p>\n<p>&nbsp;<\/p>\n<p>L&rsquo;appartenance \u00e0 un groupe implique, outre le travail individuel, la volont\u00e9 de participer \u00e0 la vie collective des ateliers et de l&rsquo;association en g\u00e9n\u00e9ral.<\/p>\n<p>&nbsp;<\/p>\n<p>&nbsp;<\/p>\n<p><strong><em><u>B \u2013 ADHESIONS ET COTISATIONS<\/u><\/em><\/strong><\/p>\n<p>Lors de son inscription, chaque adh\u00e9rent doit r\u00e9gler :<\/p>\n<p>&nbsp;<\/p>\n<ul>\n<li>l&rsquo;adh\u00e9sion \u00e0 l&rsquo;ACD, payable en totalit\u00e9, pour les adh\u00e9rents s\u2019inscrivant en cours d\u2019ann\u00e9e post\u00e9rieurement au 31 mars, le montant de l\u2019adh\u00e9sion sera ramen\u00e9 \u00e0 40 pour cent (40 %) de la somme due \u00e0 ce titre pour une ann\u00e9e<\/li>\n<li>la cotisation annuelle (ou trimestrielle) relative \u00e0 l&rsquo;atelier choisi. Cette cotisation est exigible d\u00e8s l&rsquo;inscription, mais le paiement de la cotisation annuelle peut \u00eatre \u00e9chelonn\u00e9 en 3 fois.<\/li>\n<\/ul>\n<p>&nbsp;<\/p>\n<p>Le 1er r\u00e8glement doit intervenir obligatoirement lors de l&rsquo;inscription.<\/p>\n<p>Le paiement du dernier acompte doit \u00eatre enregistr\u00e9 le 1er avril au plus tard.<\/p>\n<p>&nbsp;<\/p>\n<p>Si le fonctionnement de l&rsquo;atelier le permet, les inscriptions en cours d&rsquo;ann\u00e9e sont accept\u00e9es.<\/p>\n<p>La cotisation est alors calcul\u00e9e sur la base de 1\/9 pour chaque mois de fr\u00e9quentation de l&rsquo;atelier.<\/p>\n<p>&nbsp;<\/p>\n<p>Lorsque des d\u00e9lais sont accord\u00e9s, tous les ch\u00e8ques d&rsquo;acompte doivent \u00eatre r\u00e9dig\u00e9s et d\u00e9pos\u00e9s au secr\u00e9tariat le jour de l&rsquo;inscription d\u00e9finitive. Ils sont dat\u00e9s du jour de l&rsquo;inscription et seront remis \u00e0 l&rsquo;encaissement aux dates d&rsquo;\u00e9ch\u00e9ance mentionn\u00e9es sur le bulletin d&rsquo;adh\u00e9sion.<\/p>\n<p>&nbsp;<\/p>\n<p>Tout d\u00e9faut de paiement fera l\u2019objet d\u2019une demande de r\u00e9gularisation par courrier.<\/p>\n<p>A d\u00e9faut de r\u00e8glement ou de mise en place d\u2019un \u00e9ch\u00e9ancier dans le d\u00e9lai fix\u00e9 par le courrier, l\u2019adh\u00e9rent sera exclu de l\u2019ACD par le Bureau, sauf circonstances exceptionnelles.<\/p>\n<p>&nbsp;<\/p>\n<p>&nbsp;<\/p>\n<p><strong><em><u>C \u2013 DEPART DE L\u2019ATELIER<\/u><\/em><\/strong><\/p>\n<p>Toute exclusion, radiation ou tout d\u00e9part volontaire de l&rsquo;association ne donnera lieu \u00e0 aucun remboursement des sommes d\u00e9j\u00e0 vers\u00e9es.<\/p>\n<p>L&rsquo;adh\u00e9sion \u00e0 l&rsquo;ACD et la cotisation relative \u00e0 l&rsquo;atelier resteront acquises \u00e0 l&rsquo;ACD, y compris les acomptes \u00e0 \u00e9choir.<\/p>\n<p>&nbsp;<\/p>\n<p>Toutefois, l&rsquo;ACD pourra rembourser une partie des sommes encaiss\u00e9es, si l&rsquo;adh\u00e9rent quitte l&rsquo;association pour des raisons ind\u00e9pendantes de sa volont\u00e9 (maladie grave, accident, mutation.\u00a0 )<\/p>\n<p>Une demande \u00e9crite et justifi\u00e9e sera transmise au Bureau pour examen.<\/p>\n<p>&nbsp;<\/p>\n<p>En cas d\u2019annulation d\u2019un cours, durant la saison, pour cause de d\u00e9part impr\u00e9vu d\u2019un animateur ou d\u2019un professeur n\u2019ayant pu \u00eatre remplac\u00e9 par l\u2019association, il pourra \u00eatre proc\u00e9d\u00e9 pour les adh\u00e9rents qui le souhaitent et le demandent, au remboursement des cotisations au prorata du montant de la cotisation annuelle pay\u00e9e. Il ne sera pas rembours\u00e9 de prorata sur l\u2019adh\u00e9sion.<\/p>\n<p>&nbsp;<\/p>\n<p>&nbsp;<\/p>\n<h1>V- COOPERATION AVEC D\u2019AUTRES ORGANISMES OU ASSOCIATIONS<\/h1>\n<p><strong>\u00a0<\/strong><\/p>\n<p>Si d\u2019autres clubs ou associations participent \u00e0 des fonctionnements communs avec l\u2019ACD (locaux, mat\u00e9riels \u2026) l\u2019adh\u00e9sion de chaque membre de ces groupements est indispensable.<\/p>\n<p>&nbsp;<\/p>\n<p>Les associations ext\u00e9rieures qui peuvent \u00eatre amen\u00e9es \u00e0 utiliser les locaux et les mat\u00e9riels de l\u2019ACD, sont tenues de respecter le pr\u00e9sent r\u00e8glement. Ceci doit \u00eatre pr\u00e9cis\u00e9 dans une convention adapt\u00e9e.<\/p>\n<p>&nbsp;<\/p>\n<p>&nbsp;<\/p>\n<p>&nbsp;<\/p>\n<h1>VI \u00a0\u200b- MATERIEL PROPRIETE DE L&rsquo;ACD<\/h1>\n<p>Les sorties \u00e9ventuelles et exceptionnelles du mat\u00e9riel sont consign\u00e9es dans un registre tenu par le secr\u00e9tariat : nom de l\u2019utilisateur, objet et dur\u00e9e de l\u2019utilisation, dates de sortie et de r\u00e9int\u00e9gration.<\/p>\n<p>&nbsp;<\/p>\n<p>Elles se font sous la responsabilit\u00e9 exclusive de l\u2019animateur de l\u2019atelier ou de l\u2019administrateur repr\u00e9sentant l\u2019activit\u00e9 au sein du CA.<\/p>\n<p>&nbsp;<\/p>\n<p>Le mat\u00e9riel doit r\u00e9int\u00e9grer les locaux le plus t\u00f4t possible.<\/p>\n<p>&nbsp;<\/p>\n<p>Un exemplaire des cl\u00e9s d\u2019armoires renfermant le mat\u00e9riel doit \u00eatre d\u00e9pos\u00e9 au secr\u00e9tariat. Un inventaire est tenu r\u00e9guli\u00e8rement et v\u00e9rifi\u00e9 chaque ann\u00e9e au moment du bilan.<\/p>\n<p>En cas d\u2019arr\u00eat d\u2019une activit\u00e9, le mat\u00e9riel achet\u00e9 par l\u2019ACD reste sa propri\u00e9t\u00e9. Il pourra \u00eatre vendu apr\u00e8s accord du CA.<\/p>\n<p>&nbsp;<\/p>\n<p>&nbsp;<\/p>\n<p>&nbsp;<\/p>\n<h1>VII \u00a0\u200b- UTILISATION DES LOCAUX<\/h1>\n<p>L\u2019organisation g\u00e9n\u00e9rale de l\u2019occupation des salles est d\u00e9finie en Septembre.<\/p>\n<p>&nbsp;<\/p>\n<p>Les activit\u00e9s de l\u2019association cessent obligatoirement \u00e0 vingt-trois heures, \u00e0 l\u2019exception de l\u2019astronomie.<\/p>\n<p>&nbsp;<\/p>\n<p>Les salles doivent \u00eatre nettoy\u00e9es et rang\u00e9es par les adh\u00e9rents apr\u00e8s chaque utilisation. Toute cl\u00e9 utilis\u00e9e doit avoir son double au secr\u00e9tariat.<\/p>\n<p>Par mesure r\u00e9glementaire, de convivialit\u00e9 et de s\u00e9curit\u00e9, l\u2019usage du tabac est interdit dans tous les locaux de l\u2019ACD.<\/p>\n<p>&nbsp;<\/p>\n<p>Par mesure de s\u00e9curit\u00e9 et d\u2019hygi\u00e8ne, la pr\u00e9sence d\u2019animaux est interdite dans tous les ateliers.<\/p>\n<p>&nbsp;<\/p>\n<p>&nbsp;<\/p>\n<p>&nbsp;<\/p>\n<h1>VIII\u00a0 \u00a0\u200b- COMPORTEMENT SOCIAL DES ADHERENTS<\/h1>\n<p><strong>\u00a0<\/strong><\/p>\n<p>Pour pallier les risques de violence physique ou morale qui peuvent perturber les relations entre adh\u00e9rents, administrateurs, animateurs et salari\u00e9s ou entre l\u2019ACD et ses partenaires ext\u00e9rieurs, toute personne dont le comportement se r\u00e9v\u00e8lera contraire \u00e0 l\u2019\u00e9thique associative (d\u00e9clarations intempestives, escalades verbales, manquement av\u00e9r\u00e9 \u00e0 la r\u00e9serve d\u2019usage, comportement incompatible avec les r\u00e8gles \u00e9l\u00e9mentaires du respect de chacun \u2026) pourra faire l\u2019objet de mesures disciplinaires distinctes selon la gravit\u00e9 de l\u2019\u00e9v\u00e8nement :<\/p>\n<p>&nbsp;<\/p>\n<ul>\n<li>Un avertissement du pr\u00e9sident<\/li>\n<li>Une exclusion temporaire \u00e0 effet imm\u00e9diat qui lui sera signifi\u00e9e par le Bureau<\/li>\n<li>Une exclusion d\u00e9finitive qui sera d\u00e9cid\u00e9e par le Conseil d\u2019Administration<\/li>\n<\/ul>\n<p>&nbsp;<\/p>\n<p>REGLEMENT INTERIEUR MIS A JOUR LE 19 NOVEMBRE 2024<\/p>\n<p>&nbsp;<\/p>\n<p>CERTIFIE CONFORME<\/p>\n<p>&nbsp;<\/p>\n<p>La Pr\u00e9sidente,\u00a0\u00a0\u00a0\u00a0\u00a0\u00a0\u00a0\u00a0\u00a0\u00a0\u00a0\u00a0\u00a0\u00a0\u00a0\u00a0\u00a0\u00a0\u00a0\u00a0\u00a0\u00a0\u00a0\u00a0\u00a0\u00a0\u00a0\u00a0\u00a0\u00a0\u00a0\u00a0\u00a0\u00a0\u00a0\u00a0\u00a0\u00a0\u00a0\u00a0\u00a0\u00a0\u00a0\u00a0\u00a0\u00a0\u00a0\u00a0\u00a0\u00a0\u00a0\u00a0\u00a0\u00a0\u00a0\u00a0\u00a0\u00a0\u00a0\u00a0\u00a0\u00a0\u00a0\u00a0\u00a0\u00a0\u00a0\u00a0\u00a0\u00a0\u00a0\u00a0\u00a0\u00a0\u00a0\u00a0\u00a0\u00a0\u00a0\u00a0\u00a0\u00a0 La Secr\u00e9taire G\u00e9n\u00e9rale,<\/p>\n<p>Roselyne FERT\u00a0\u00a0\u00a0\u00a0\u00a0\u00a0\u00a0\u00a0\u00a0\u00a0\u00a0\u00a0\u00a0\u00a0\u00a0\u00a0\u00a0\u00a0\u00a0\u00a0\u00a0\u00a0\u00a0\u00a0\u00a0\u00a0\u00a0\u00a0\u00a0\u00a0\u00a0\u00a0\u00a0\u00a0\u00a0\u00a0\u00a0\u00a0\u00a0\u00a0\u00a0\u00a0\u00a0\u00a0\u00a0\u00a0\u00a0\u00a0\u00a0\u00a0\u00a0\u00a0\u00a0\u00a0\u00a0\u00a0\u00a0\u00a0\u00a0\u00a0\u00a0\u00a0\u00a0\u00a0\u00a0\u00a0\u00a0\u00a0\u00a0\u00a0\u00a0\u00a0\u00a0\u00a0\u00a0\u00a0\u00a0\u00a0\u00a0\u00a0 Martine CAZALIS<\/p>\n<p>[\/et_pb_text][\/et_pb_column][\/et_pb_row][\/et_pb_section]<\/p>\n","protected":false},"excerpt":{"rendered":"<p>&nbsp; R\u00e8glement int\u00e9rieur REGLEMENT INTERIEUR Modifi\u00e9 par vote en Assembl\u00e9e G\u00e9n\u00e9rale le 16 d\u00e9cembre 2004Modifi\u00e9 par vote en Assembl\u00e9e G\u00e9n\u00e9rale le 8 d\u00e9cembre 2009Modifi\u00e9 par vote en Assembl\u00e9e G\u00e9n\u00e9rale le 20 novembre 2013Modifi\u00e9 par vote en Assembl\u00e9e G\u00e9n\u00e9rale Extraordinaire le 16 avril 2015Modifi\u00e9 par vote en Assembl\u00e9e G\u00e9n\u00e9rale le 6 novembre 2019Modifi\u00e9 par vote en Assembl\u00e9e G\u00e9n\u00e9rale le 19 novembre 2024 &nbsp; &nbsp; &nbsp; Remarques pr\u00e9liminaires : Le pr\u00e9sent r\u00e8glement int\u00e9rieur compl\u00e8te les statuts de l\u2019ASSOCIATION CULTURELLE DE DAX (ACD) et a pour objet de pr\u00e9ciser son mode de fonctionnement. Chaque membre, par son adh\u00e9sion, s\u2019engage \u00e0 le respecter. &nbsp; &nbsp; &nbsp; I &#8211; FONCTIONNEMENT DES ORGANES \u00a0 \u00a0 \u00a0 A &#8211; L\u2019ASSEMBLEE GENERALE ORDINAIRE (AG) Tout membre de l\u2019ACD peut demander qu\u2019un sujet figure \u00e0 l\u2019ordre du jour de l\u2019AG. &nbsp; Sa demande \u00e9crite doit parvenir au bureau au moins un (1) mois avant la date pr\u00e9vue pour l\u2019AG. &nbsp; &nbsp; &nbsp; B &#8211; LE CONSEIL D\u2019ADMINISTRATION (CA) Le terme \u00ab administrateurs \u00bb regroupe l\u2019ensemble des personnes \u00e9lues au CA. &nbsp; Les fonctions d\u2019administrateur de l\u2019ACD sont obligatoirement b\u00e9n\u00e9voles. N\u00e9anmoins, une indemnisation sur note de frais peut \u00eatre vers\u00e9e. &nbsp; Les administrateurs ne doivent tirer, eux-m\u00eames ou par personne [&hellip;]<\/p>\n","protected":false},"author":1,"featured_media":0,"parent":37,"menu_order":0,"comment_status":"closed","ping_status":"closed","template":"","meta":{"_et_pb_use_builder":"on","_et_pb_old_content":"<p>[vc_row][vc_column][vc_column_text]<\/p>\n<h1><span style=\"font-family: arial, helvetica, sans-serif;\">R\u00e8glement int\u00e9rieur<\/span><\/h1>\n<p>[\/vc_column_text][\/vc_column][\/vc_row][vc_row][vc_column][vc_column_text]<strong>REGLEMENT INTERIEUR<\/strong><\/p>\n<p>Modifi\u00e9 par vote en Assembl\u00e9e G\u00e9n\u00e9rale le 16 d\u00e9cembre 2004<br \/>\nModifi\u00e9 par vote en Assembl\u00e9e G\u00e9n\u00e9rale le 8 d\u00e9cembre 2009<br \/>\nModifi\u00e9 par vote en Assembl\u00e9e G\u00e9n\u00e9rale le 20 novembre 2013<br \/>\nModifi\u00e9 par vote en Assembl\u00e9e G\u00e9n\u00e9rale Extraordinaire le 16 avril 2015<br \/>\nModifi\u00e9 par vote en Assembl\u00e9e G\u00e9n\u00e9rale le 6 novembre 2019<br \/>\nModifi\u00e9 par vote en Assembl\u00e9e G\u00e9n\u00e9rale le 19 novembre 2024<\/p>\n<p>&nbsp;<\/p>\n<p>&nbsp;<\/p>\n<p>&nbsp;<\/p>\n<p><strong>Remarques pr\u00e9liminaires :<\/strong><\/p>\n<p>Le pr\u00e9sent r\u00e8glement int\u00e9rieur compl\u00e8te les statuts de l\u2019ASSOCIATION CULTURELLE DE DAX (ACD) et a pour objet de pr\u00e9ciser son mode de fonctionnement.<\/p>\n<p>Chaque membre, par son adh\u00e9sion, s\u2019engage \u00e0 le respecter.<\/p>\n<p>&nbsp;<\/p>\n<p>&nbsp;<\/p>\n<p>&nbsp;<\/p>\n<h1>I - FONCTIONNEMENT DES ORGANES<\/h1>\n<p><strong>\u00a0<\/strong><\/p>\n<p><strong>\u00a0<\/strong><\/p>\n<p><strong>\u00a0<\/strong><\/p>\n<p><strong><em><u>A - L\u2019ASSEMBLEE GENERALE ORDINAIRE (AG)<\/u><\/em><\/strong><\/p>\n<p>Tout membre de l\u2019ACD peut demander qu\u2019un sujet figure \u00e0 l\u2019ordre du jour de l\u2019AG.<\/p>\n<p>&nbsp;<\/p>\n<p>Sa demande \u00e9crite doit parvenir au bureau au moins un (1) mois avant la date pr\u00e9vue pour l\u2019AG.<\/p>\n<p>&nbsp;<\/p>\n<p>&nbsp;<\/p>\n<p>&nbsp;<\/p>\n<p><strong><em><u>B - LE CONSEIL D\u2019ADMINISTRATION (CA)<\/u><\/em><\/strong><\/p>\n<p>Le terme \u00ab administrateurs \u00bb regroupe l\u2019ensemble des personnes \u00e9lues au CA.<\/p>\n<p>&nbsp;<\/p>\n<p>Les fonctions d\u2019administrateur de l\u2019ACD sont obligatoirement b\u00e9n\u00e9voles. N\u00e9anmoins, une indemnisation sur note de frais peut \u00eatre vers\u00e9e.<\/p>\n<p>&nbsp;<\/p>\n<p>Les administrateurs ne doivent tirer, eux-m\u00eames ou par personne interpos\u00e9e, aucun int\u00e9r\u00eat direct ou indirect de l\u2019activit\u00e9 de l\u2019ACD.<\/p>\n<p>&nbsp;<\/p>\n<p>Tout membre de l\u2019ACD peut demander qu\u2019un sujet figure \u00e0 l\u2019ordre du jour du CA.<\/p>\n<p>&nbsp;<\/p>\n<p>Sa demande \u00e9crite doit parvenir au Bureau au moins un (1) mois avant la date pr\u00e9vue pour la r\u00e9union du CA.<\/p>\n<p>&nbsp;<\/p>\n<p><strong><em><u>C - LE BUREAU<\/u><\/em><\/strong><\/p>\n<p><strong><em>\u00a0<\/em><\/strong><\/p>\n<p>Pour \u00eatre \u00e9lu au Bureau, il faut que le candidat soit membre de l\u2019ACD depuis une dur\u00e9e d\u2019au moins un (1) an.<\/p>\n<p>&nbsp;<\/p>\n<p>Chaque membre du Bureau remplit un r\u00f4le pr\u00e9cis, d\u00e9termin\u00e9 par sa fonction.<\/p>\n<p>Le r\u00f4le du (de la) Pr\u00e9sident(e), du (de la) Secr\u00e9taire G\u00e9n\u00e9ral(e) et du (de la) Tr\u00e9sorier(e) sont pr\u00e9cis\u00e9s \u00e0 l\u2019article VIII-B des statuts.<\/p>\n<p>&nbsp;<\/p>\n<p>Le(a) Pr\u00e9sident(e) et le(a) Tr\u00e9sorier(e) ont la signature \u00e0 la banque.<\/p>\n<p>Le(a) Pr\u00e9sident(e) peut d\u00e9l\u00e9guer sa signature \u00e0 un ou plusieurs membres du bureau.<\/p>\n<p>&nbsp;<\/p>\n<p>Les adjoints secondent les titulaires de chaque fonction et les suppl\u00e9ent en cas d'emp\u00eachement ou de vacance du poste.<\/p>\n<p>&nbsp;<\/p>\n<p>Le Bureau se r\u00e9unit r\u00e9guli\u00e8rement pour r\u00e9gler les affaires courantes et dynamiser les activit\u00e9s de l\u2019ACD. Il apporte aide et soutien aux animateurs et aux ateliers.<\/p>\n<p>&nbsp;<\/p>\n<p>En cas de besoin, les membres de l\u2019ACD ou les animateurs peuvent demander la r\u00e9union du Bureau.<\/p>\n<p>&nbsp;<\/p>\n<p>Si les circonstances le r\u00e9clament, certaines r\u00e9unions du Bureau peuvent accueillir les animateurs, les administrateurs ou les membres de commissions.<\/p>\n<p>&nbsp;<\/p>\n<p>En cas de situation d\u2019urgence, le Bureau est habilit\u00e9 \u00e0 prendre les d\u00e9cisions n\u00e9cessaires dans les domaines de la gestion administrative et financi\u00e8re, des ressources humaines, de la s\u00e9curit\u00e9 et des actions de communication interne et externe. Il en rend compte au CA lors de sa prochaine r\u00e9union.<\/p>\n<p>&nbsp;<\/p>\n<p>Toute d\u00e9cision ou action importante qui entra\u00eene la responsabilit\u00e9 de l\u2019ACD ou affecte son image (achats, projets, communication sous toutes ses formes, animation du site Internet \u2026) doit obtenir l\u2019aval du CA.<\/p>\n<p>&nbsp;<\/p>\n<p><strong><em><u>D - LES COMMISSIONS<\/u><\/em><\/strong><\/p>\n<p>Les commissions ont un r\u00f4le de conseils et de propositions aupr\u00e8s du Bureau et du CA. Elles sont cr\u00e9\u00e9es par le CA qui en d\u00e9finit le r\u00f4le et nomme son responsable permanent.<\/p>\n<p>Ce responsable, s\u2019entoure des membres de l\u2019ACD volontaires pour l\u2019aider \u00e0 remplir sa mission. Peuvent \u00eatre \u00e9ventuellement cr\u00e9\u00e9es :<\/p>\n<h2>une commission finances pouvant avoir pour r\u00f4le de :<\/h2>\n<ul>\n<li>aider \u00e0 \u00e9tablir le budget et les tarifs de l\u2019ACD si le Bureau le demande<\/li>\n<li>rechercher des partenariats avec des organismes publics ou priv\u00e9s afin de diversifier les aides vers\u00e9es \u00e0 l\u2019ACD<\/li>\n<li>rechercher les aides ou moyens permettant aux personnes \u00e0 revenu modeste d\u2019acc\u00e9der aux activit\u00e9s de l\u2019ACD<\/li>\n<\/ul>\n<p>-\u00a0\u00a0\u00a0 \u2026<\/p>\n<p>&nbsp;<\/p>\n<h2>une commission animation pouvant avoir pour r\u00f4le de :<\/h2>\n<p><strong><em>\u00a0<\/em><\/strong><\/p>\n<ul>\n<li>aider \u00e0 d\u00e9finir le programme culturel propos\u00e9 par l\u2019ACD<\/li>\n<li>rechercher artistes ou \u00e9v\u00e8nements culturels \u00e0 promouvoir<\/li>\n<li>aider \u00e0 \u00e9tablir le planning des expositions propos\u00e9es par l\u2019ACD<\/li>\n<li>aider les ateliers de l\u2019ACD \u00e0 organiser leurs expositions<\/li>\n<li>promouvoir en interne et hors de ses murs les activit\u00e9s de l\u2019ACD par tous moyens appropri\u00e9s (site internet, expos, stands, repr\u00e9sentations, animations diverses \u2026)<\/li>\n<li>proposer des actions ayant pour but la coh\u00e9sion interactivit\u00e9s<\/li>\n<\/ul>\n<p>-\u00a0\u00a0\u00a0\u00a0 \u2026<\/p>\n<p>&nbsp;<\/p>\n<h2>une commission de s\u00e9curit\u00e9 pouvant avoir pour r\u00f4le de :<\/h2>\n<p><strong><em>\u00a0<\/em><\/strong><\/p>\n<ul>\n<li>s\u2019informer aupr\u00e8s des services comp\u00e9tents (services techniques de la mairie, pompiers \u2026) des r\u00e8gles de s\u00e9curit\u00e9 \u00e0 respecter dans les locaux utilis\u00e9s par l\u2019ACD<\/li>\n<li>aider \u00e0 recenser les diff\u00e9rents probl\u00e8mes susceptibles de causer des accidents<\/li>\n<li>s\u2019assurer que les activit\u00e9s de l\u2019ACD respectent les r\u00e8gles \u00e9l\u00e9mentaires de s\u00e9curit\u00e9<\/li>\n<li>recenser et\/ou proposer la formation de personnes aptes \u00e0 utiliser les \u00e9l\u00e9ments de s\u00e9curit\u00e9 (d\u00e9fibrillateur, extincteurs, plans d\u2019\u00e9vacuation ...)<\/li>\n<\/ul>\n<p>-\u00a0\u00a0\u00a0\u00a0 \u2026<\/p>\n<p>&nbsp;<\/p>\n<p><strong><em>toute autre commission s\u2019av\u00e9rant utile<\/em><\/strong><\/p>\n<p><strong><em>\u00a0<\/em><\/strong><\/p>\n<h1>II - PERSONNEL PERMANENT<\/h1>\n<p><strong>\u00a0<\/strong><\/p>\n<p>L\u2019ACD peut employer des salari\u00e9s en les recrutant directement ou en faisant appel \u00e0 un organisme tiers.<\/p>\n<p>&nbsp;<\/p>\n<p>La fonction et le temps d\u2019emploi de chaque salari\u00e9 sont fix\u00e9s par le CA et d\u00e9crits dans une \u00ab fiche de poste \u00bb.<\/p>\n<p>&nbsp;<\/p>\n<p>La nature propre des associations en loi de 1901 implique l\u2019adh\u00e9sion morale du personnel aux objectifs poursuivis par l\u2019ACD. Les salari\u00e9s de l\u2019ACD doivent donc faire preuve d\u2019esprit associatif, de respect et de disponibilit\u00e9 envers tous les membres de l\u2019association.<\/p>\n<p>&nbsp;<\/p>\n<p>&nbsp;<\/p>\n<p>&nbsp;<\/p>\n<h1>III \u2013 ANIMATEURS<\/h1>\n<p><strong>\u00a0<\/strong><\/p>\n<p>Les animateurs d\u2019atelier peuvent \u00eatre salari\u00e9s, travailleurs ind\u00e9pendants ou b\u00e9n\u00e9voles. <u>Les animateurs salari\u00e9s<\/u> rel\u00e8vent du chapitre II ci-dessus.<\/p>\n<p><u>Les travailleurs ind\u00e9pendants<\/u> :<\/p>\n<p>&nbsp;<\/p>\n<ul>\n<li>doivent signer chaque ann\u00e9e, un contrat de prestations de service, d\u00e8s que les conditions d\u2019ouverture d\u2019un atelier sont r\u00e9unies (acceptation des horaires et des tarifs propos\u00e9s par l\u2019animateur, nombre d\u2019inscrits suffisant, disponibilit\u00e9 des locaux ...)<\/li>\n<li>doivent justifier de leur statut (immatriculation, assurance ...)<\/li>\n<li>sont r\u00e9mun\u00e9r\u00e9s sur<\/li>\n<\/ul>\n<p>&nbsp;<\/p>\n<p><u>Les animateurs b\u00e9n\u00e9voles<\/u> :<\/p>\n<p>&nbsp;<\/p>\n<ul>\n<li>ne per\u00e7oivent aucune r\u00e9tribution.<\/li>\n<li>peuvent \u00eatre d\u00e9fray\u00e9s sur pr\u00e9sentation d\u2019une note de frais d\u00fbment justifi\u00e9e.<\/li>\n<li>doivent \u00eatre adh\u00e9rents de l\u2019ACD<\/li>\n<li>b\u00e9n\u00e9ficient d\u2019un tarif d\u2019adh\u00e9sion pr\u00e9f\u00e9rentiel<\/li>\n<li>sont exon\u00e9r\u00e9s de la cotisation de l\u2019atelier qu\u2019ils animent<\/li>\n<li>peuvent participer gratuitement \u00e0 un atelier anim\u00e9 par un autre b\u00e9n\u00e9vole.<\/li>\n<\/ul>\n<p>&nbsp;<\/p>\n<p>Aucun contr\u00f4le n\u2019est exerc\u00e9 sur la m\u00e9thode de travail et le contenu de l\u2019enseignement dispens\u00e9 par les animateurs ind\u00e9pendants et b\u00e9n\u00e9voles.<\/p>\n<p>Par contre, leur adh\u00e9sion morale aux objectifs de l\u2019ACD est indispensable. Ils doivent faire preuve d\u2019esprit associatif, de respect et de disponibilit\u00e9 envers tous les adh\u00e9rents de l\u2019ACD.<\/p>\n<p>&nbsp;<\/p>\n<p>De plus, ils doivent veiller \u00e0 la propret\u00e9 des locaux et au bon usage du mat\u00e9riel mis \u00e0 leur disposition ou \u00e0 celle des adh\u00e9rents de l\u2019ACD.<\/p>\n<p>&nbsp;<\/p>\n<p>Ils sont responsables des cl\u00e9s qui leur sont confi\u00e9es et doivent les restituer apr\u00e8s cessation de fonctions.<\/p>\n<p>&nbsp;<\/p>\n<p>&nbsp;<\/p>\n<h1>IV - FONCTIONNEMENT DES ATELIERS<\/h1>\n<p><strong>\u00a0<\/strong><\/p>\n<p><strong>\u00a0<\/strong><\/p>\n<p><strong><em><u>A \u2013 DISPOSITIONS GENERALES<\/u><\/em><\/strong><\/p>\n<p>La cr\u00e9ation d'un atelier avec animateur ou d\u2019un \u00ab atelier libre \u00bb sans animateur est soumise \u00e0 l'accord du CA.<\/p>\n<p>Les modalit\u00e9s de fonctionnement de chaque atelier sont d\u00e9termin\u00e9es par le Bureau.<\/p>\n<p>&nbsp;<\/p>\n<p>Les cours doivent \u00eatre dispens\u00e9s en pr\u00e9sentiel dans les locaux de l\u2019ACD : les cours en visio ne doivent \u00eatre donn\u00e9s qu\u2019\u00e0 titre exceptionnel et apr\u00e8s accord pr\u00e9alable du Bureau.<\/p>\n<p>&nbsp;<\/p>\n<p>Avant la validation d\u00e9finitive de son adh\u00e9sion, le nouvel adh\u00e9rent (hors curiste) peut fr\u00e9quenter l'atelier de son choix durant 2 semaines cons\u00e9cutives. S'il choisit de quitter l'association au terme de ce d\u00e9lai, aucune cotisation ne lui sera r\u00e9clam\u00e9e.<\/p>\n<p>&nbsp;<\/p>\n<p>Chaque activit\u00e9 doit d\u00e9signer au moins un (1) repr\u00e9sentant au C.A.<\/p>\n<p>&nbsp;<\/p>\n<p>L'appartenance \u00e0 un groupe implique, outre le travail individuel, la volont\u00e9 de participer \u00e0 la vie collective des ateliers et de l'association en g\u00e9n\u00e9ral.<\/p>\n<p>&nbsp;<\/p>\n<p>&nbsp;<\/p>\n<p><strong><em><u>B \u2013 ADHESIONS ET COTISATIONS<\/u><\/em><\/strong><\/p>\n<p>Lors de son inscription, chaque adh\u00e9rent doit r\u00e9gler :<\/p>\n<p>&nbsp;<\/p>\n<ul>\n<li>l'adh\u00e9sion \u00e0 l'ACD, payable en totalit\u00e9, pour les adh\u00e9rents s\u2019inscrivant en cours d\u2019ann\u00e9e post\u00e9rieurement au 31 mars, le montant de l\u2019adh\u00e9sion sera ramen\u00e9 \u00e0 40 pour cent (40 %) de la somme due \u00e0 ce titre pour une ann\u00e9e<\/li>\n<li>la cotisation annuelle (ou trimestrielle) relative \u00e0 l'atelier choisi. Cette cotisation est exigible d\u00e8s l'inscription, mais le paiement de la cotisation annuelle peut \u00eatre \u00e9chelonn\u00e9 en 3 fois.<\/li>\n<\/ul>\n<p>&nbsp;<\/p>\n<p>Le 1er r\u00e8glement doit intervenir obligatoirement lors de l'inscription.<\/p>\n<p>Le paiement du dernier acompte doit \u00eatre enregistr\u00e9 le 1er avril au plus tard.<\/p>\n<p>&nbsp;<\/p>\n<p>Si le fonctionnement de l'atelier le permet, les inscriptions en cours d'ann\u00e9e sont accept\u00e9es.<\/p>\n<p>La cotisation est alors calcul\u00e9e sur la base de 1\/9 pour chaque mois de fr\u00e9quentation de l'atelier.<\/p>\n<p>&nbsp;<\/p>\n<p>Lorsque des d\u00e9lais sont accord\u00e9s, tous les ch\u00e8ques d'acompte doivent \u00eatre r\u00e9dig\u00e9s et d\u00e9pos\u00e9s au secr\u00e9tariat le jour de l'inscription d\u00e9finitive. Ils sont dat\u00e9s du jour de l'inscription et seront remis \u00e0 l'encaissement aux dates d'\u00e9ch\u00e9ance mentionn\u00e9es sur le bulletin d'adh\u00e9sion.<\/p>\n<p>&nbsp;<\/p>\n<p>Tout d\u00e9faut de paiement fera l\u2019objet d\u2019une demande de r\u00e9gularisation par courrier.<\/p>\n<p>A d\u00e9faut de r\u00e8glement ou de mise en place d\u2019un \u00e9ch\u00e9ancier dans le d\u00e9lai fix\u00e9 par le courrier, l\u2019adh\u00e9rent sera exclu de l\u2019ACD par le Bureau, sauf circonstances exceptionnelles.<\/p>\n<p>&nbsp;<\/p>\n<p>&nbsp;<\/p>\n<p><strong><em><u>C \u2013 DEPART DE L\u2019ATELIER<\/u><\/em><\/strong><\/p>\n<p>Toute exclusion, radiation ou tout d\u00e9part volontaire de l'association ne donnera lieu \u00e0 aucun remboursement des sommes d\u00e9j\u00e0 vers\u00e9es.<\/p>\n<p>L'adh\u00e9sion \u00e0 l'ACD et la cotisation relative \u00e0 l'atelier resteront acquises \u00e0 l'ACD, y compris les acomptes \u00e0 \u00e9choir.<\/p>\n<p>&nbsp;<\/p>\n<p>Toutefois, l'ACD pourra rembourser une partie des sommes encaiss\u00e9es, si l'adh\u00e9rent quitte l'association pour des raisons ind\u00e9pendantes de sa volont\u00e9 (maladie grave, accident, mutation.\u00a0 )<\/p>\n<p>Une demande \u00e9crite et justifi\u00e9e sera transmise au Bureau pour examen.<\/p>\n<p>&nbsp;<\/p>\n<p>En cas d\u2019annulation d\u2019un cours, durant la saison, pour cause de d\u00e9part impr\u00e9vu d\u2019un animateur ou d\u2019un professeur n\u2019ayant pu \u00eatre remplac\u00e9 par l\u2019association, il pourra \u00eatre proc\u00e9d\u00e9 pour les adh\u00e9rents qui le souhaitent et le demandent, au remboursement des cotisations au prorata du montant de la cotisation annuelle pay\u00e9e. Il ne sera pas rembours\u00e9 de prorata sur l\u2019adh\u00e9sion.<\/p>\n<p>&nbsp;<\/p>\n<p>&nbsp;<\/p>\n<h1>V- COOPERATION AVEC D\u2019AUTRES ORGANISMES OU ASSOCIATIONS<\/h1>\n<p><strong>\u00a0<\/strong><\/p>\n<p>Si d\u2019autres clubs ou associations participent \u00e0 des fonctionnements communs avec l\u2019ACD (locaux, mat\u00e9riels \u2026) l\u2019adh\u00e9sion de chaque membre de ces groupements est indispensable.<\/p>\n<p>&nbsp;<\/p>\n<p>Les associations ext\u00e9rieures qui peuvent \u00eatre amen\u00e9es \u00e0 utiliser les locaux et les mat\u00e9riels de l\u2019ACD, sont tenues de respecter le pr\u00e9sent r\u00e8glement. Ceci doit \u00eatre pr\u00e9cis\u00e9 dans une convention adapt\u00e9e.<\/p>\n<p>&nbsp;<\/p>\n<p>&nbsp;<\/p>\n<p>&nbsp;<\/p>\n<h1>VI \u00a0\u200b- MATERIEL PROPRIETE DE L'ACD<\/h1>\n<p>Les sorties \u00e9ventuelles et exceptionnelles du mat\u00e9riel sont consign\u00e9es dans un registre tenu par le secr\u00e9tariat : nom de l\u2019utilisateur, objet et dur\u00e9e de l\u2019utilisation, dates de sortie et de r\u00e9int\u00e9gration.<\/p>\n<p>&nbsp;<\/p>\n<p>Elles se font sous la responsabilit\u00e9 exclusive de l\u2019animateur de l\u2019atelier ou de l\u2019administrateur repr\u00e9sentant l\u2019activit\u00e9 au sein du CA.<\/p>\n<p>&nbsp;<\/p>\n<p>Le mat\u00e9riel doit r\u00e9int\u00e9grer les locaux le plus t\u00f4t possible.<\/p>\n<p>&nbsp;<\/p>\n<p>Un exemplaire des cl\u00e9s d\u2019armoires renfermant le mat\u00e9riel doit \u00eatre d\u00e9pos\u00e9 au secr\u00e9tariat. Un inventaire est tenu r\u00e9guli\u00e8rement et v\u00e9rifi\u00e9 chaque ann\u00e9e au moment du bilan.<\/p>\n<p>En cas d\u2019arr\u00eat d\u2019une activit\u00e9, le mat\u00e9riel achet\u00e9 par l\u2019ACD reste sa propri\u00e9t\u00e9. Il pourra \u00eatre vendu apr\u00e8s accord du CA.<\/p>\n<p>&nbsp;<\/p>\n<p>&nbsp;<\/p>\n<p>&nbsp;<\/p>\n<h1>VII \u00a0\u200b- UTILISATION DES LOCAUX<\/h1>\n<p>L\u2019organisation g\u00e9n\u00e9rale de l\u2019occupation des salles est d\u00e9finie en Septembre.<\/p>\n<p>&nbsp;<\/p>\n<p>Les activit\u00e9s de l\u2019association cessent obligatoirement \u00e0 vingt-trois heures, \u00e0 l\u2019exception de l\u2019astronomie.<\/p>\n<p>&nbsp;<\/p>\n<p>Les salles doivent \u00eatre nettoy\u00e9es et rang\u00e9es par les adh\u00e9rents apr\u00e8s chaque utilisation. Toute cl\u00e9 utilis\u00e9e doit avoir son double au secr\u00e9tariat.<\/p>\n<p>Par mesure r\u00e9glementaire, de convivialit\u00e9 et de s\u00e9curit\u00e9, l\u2019usage du tabac est interdit dans tous les locaux de l\u2019ACD.<\/p>\n<p>&nbsp;<\/p>\n<p>Par mesure de s\u00e9curit\u00e9 et d\u2019hygi\u00e8ne, la pr\u00e9sence d\u2019animaux est interdite dans tous les ateliers.<\/p>\n<p>&nbsp;<\/p>\n<p>&nbsp;<\/p>\n<p>&nbsp;<\/p>\n<h1>VIII\u00a0 \u00a0\u200b- COMPORTEMENT SOCIAL DES ADHERENTS<\/h1>\n<p><strong>\u00a0<\/strong><\/p>\n<p>Pour pallier les risques de violence physique ou morale qui peuvent perturber les relations entre adh\u00e9rents, administrateurs, animateurs et salari\u00e9s ou entre l\u2019ACD et ses partenaires ext\u00e9rieurs, toute personne dont le comportement se r\u00e9v\u00e8lera contraire \u00e0 l\u2019\u00e9thique associative (d\u00e9clarations intempestives, escalades verbales, manquement av\u00e9r\u00e9 \u00e0 la r\u00e9serve d\u2019usage, comportement incompatible avec les r\u00e8gles \u00e9l\u00e9mentaires du respect de chacun \u2026) pourra faire l\u2019objet de mesures disciplinaires distinctes selon la gravit\u00e9 de l\u2019\u00e9v\u00e8nement :<\/p>\n<p>&nbsp;<\/p>\n<ul>\n<li>Un avertissement du pr\u00e9sident<\/li>\n<li>Une exclusion temporaire \u00e0 effet imm\u00e9diat qui lui sera signifi\u00e9e par le Bureau<\/li>\n<li>Une exclusion d\u00e9finitive qui sera d\u00e9cid\u00e9e par le Conseil d\u2019Administration<\/li>\n<\/ul>\n<p>&nbsp;<\/p>\n<p>REGLEMENT INTERIEUR MIS A JOUR LE 19 NOVEMBRE 2024<\/p>\n<p>&nbsp;<\/p>\n<p>CERTIFIE CONFORME<\/p>\n<p>&nbsp;<\/p>\n<p>La Pr\u00e9sidente,\u00a0\u00a0\u00a0\u00a0\u00a0\u00a0\u00a0\u00a0\u00a0\u00a0\u00a0\u00a0\u00a0\u00a0\u00a0\u00a0\u00a0\u00a0\u00a0\u00a0\u00a0\u00a0\u00a0\u00a0\u00a0\u00a0\u00a0\u00a0\u00a0\u00a0\u00a0\u00a0\u00a0\u00a0\u00a0\u00a0\u00a0\u00a0\u00a0\u00a0\u00a0\u00a0\u00a0\u00a0\u00a0\u00a0\u00a0\u00a0\u00a0\u00a0\u00a0\u00a0\u00a0\u00a0\u00a0\u00a0\u00a0\u00a0\u00a0\u00a0\u00a0\u00a0\u00a0\u00a0\u00a0\u00a0\u00a0\u00a0\u00a0\u00a0\u00a0\u00a0\u00a0\u00a0\u00a0\u00a0\u00a0\u00a0\u00a0\u00a0\u00a0\u00a0 La Secr\u00e9taire G\u00e9n\u00e9rale,<\/p>\n<p>Roselyne FERT\u00a0\u00a0\u00a0\u00a0\u00a0\u00a0\u00a0\u00a0\u00a0\u00a0\u00a0\u00a0\u00a0\u00a0\u00a0\u00a0\u00a0\u00a0\u00a0\u00a0\u00a0\u00a0\u00a0\u00a0\u00a0\u00a0\u00a0\u00a0\u00a0\u00a0\u00a0\u00a0\u00a0\u00a0\u00a0\u00a0\u00a0\u00a0\u00a0\u00a0\u00a0\u00a0\u00a0\u00a0\u00a0\u00a0\u00a0\u00a0\u00a0\u00a0\u00a0\u00a0\u00a0\u00a0\u00a0\u00a0\u00a0\u00a0\u00a0\u00a0\u00a0\u00a0\u00a0\u00a0\u00a0\u00a0\u00a0\u00a0\u00a0\u00a0\u00a0\u00a0\u00a0\u00a0\u00a0\u00a0\u00a0\u00a0\u00a0\u00a0 Martine CAZALIS[\/vc_column_text][\/vc_column][\/vc_row]<\/p>\n","_et_gb_content_width":"","footnotes":""},"class_list":["post-460","page","type-page","status-publish","hentry"],"_links":{"self":[{"href":"https:\/\/www.culture-dax.fr\/index.php?rest_route=\/wp\/v2\/pages\/460","targetHints":{"allow":["GET"]}}],"collection":[{"href":"https:\/\/www.culture-dax.fr\/index.php?rest_route=\/wp\/v2\/pages"}],"about":[{"href":"https:\/\/www.culture-dax.fr\/index.php?rest_route=\/wp\/v2\/types\/page"}],"author":[{"embeddable":true,"href":"https:\/\/www.culture-dax.fr\/index.php?rest_route=\/wp\/v2\/users\/1"}],"replies":[{"embeddable":true,"href":"https:\/\/www.culture-dax.fr\/index.php?rest_route=%2Fwp%2Fv2%2Fcomments&post=460"}],"version-history":[{"count":12,"href":"https:\/\/www.culture-dax.fr\/index.php?rest_route=\/wp\/v2\/pages\/460\/revisions"}],"predecessor-version":[{"id":2786,"href":"https:\/\/www.culture-dax.fr\/index.php?rest_route=\/wp\/v2\/pages\/460\/revisions\/2786"}],"up":[{"embeddable":true,"href":"https:\/\/www.culture-dax.fr\/index.php?rest_route=\/wp\/v2\/pages\/37"}],"wp:attachment":[{"href":"https:\/\/www.culture-dax.fr\/index.php?rest_route=%2Fwp%2Fv2%2Fmedia&parent=460"}],"curies":[{"name":"wp","href":"https:\/\/api.w.org\/{rel}","templated":true}]}}