{"id":73,"date":"2014-10-24T15:08:05","date_gmt":"2014-10-24T14:08:05","guid":{"rendered":"http:\/\/www.culture-dax.fr\/?page_id=73"},"modified":"2025-07-09T09:42:08","modified_gmt":"2025-07-09T08:42:08","slug":"bienvenue-a-lastronomie","status":"publish","type":"page","link":"https:\/\/www.culture-dax.fr\/?page_id=73","title":{"rendered":"Astronomie"},"content":{"rendered":"<p>[et_pb_section fb_built=\u00a0\u00bb1&Prime; fullwidth=\u00a0\u00bbon\u00a0\u00bb theme_builder_area=\u00a0\u00bbpost_content\u00a0\u00bb _builder_version=\u00a0\u00bb4.25.0&Prime; _module_preset=\u00a0\u00bbdefault\u00a0\u00bb][et_pb_fullwidth_image src=\u00a0\u00bbhttp:\/\/www.culture-dax.fr\/wp-content\/uploads\/2014\/10\/ob_df41df1561bf0acd9b9050a0cb5876d8_m31-andromede.jpg\u00a0\u00bb _builder_version=\u00a0\u00bb4.25.0&Prime; _module_preset=\u00a0\u00bbdefault\u00a0\u00bb theme_builder_area=\u00a0\u00bbpost_content\u00a0\u00bb title_text=\u00a0\u00bbob_df41df1561bf0acd9b9050a0cb5876d8_m31-andromede\u00a0\u00bb hover_enabled=\u00a0\u00bb0&Prime; sticky_enabled=\u00a0\u00bb0&Prime;][\/et_pb_fullwidth_image][\/et_pb_section][et_pb_section fb_built=\u00a0\u00bb1&Prime; admin_label=\u00a0\u00bbsection\u00a0\u00bb _builder_version=\u00a0\u00bb4.16&Prime; global_colors_info=\u00a0\u00bb{}\u00a0\u00bb][et_pb_row admin_label=\u00a0\u00bbrow\u00a0\u00bb _builder_version=\u00a0\u00bb4.16&Prime; background_size=\u00a0\u00bbinitial\u00a0\u00bb background_position=\u00a0\u00bbtop_left\u00a0\u00bb background_repeat=\u00a0\u00bbrepeat\u00a0\u00bb global_colors_info=\u00a0\u00bb{}\u00a0\u00bb][et_pb_column type=\u00a0\u00bb4_4&Prime; _builder_version=\u00a0\u00bb4.16&Prime; custom_padding=\u00a0\u00bb|||\u00a0\u00bb global_colors_info=\u00a0\u00bb{}\u00a0\u00bb custom_padding__hover=\u00a0\u00bb|||\u00a0\u00bb][et_pb_text admin_label=\u00a0\u00bbText\u00a0\u00bb _builder_version=\u00a0\u00bb4.25.0&Prime; background_size=\u00a0\u00bbinitial\u00a0\u00bb background_position=\u00a0\u00bbtop_left\u00a0\u00bb background_repeat=\u00a0\u00bbrepeat\u00a0\u00bb global_colors_info=\u00a0\u00bb{}\u00a0\u00bb]<\/p>\n<p>&nbsp;<\/p>\n<h1><span style=\"color: #993300;\">ASTRONOMIE avec Philippe<\/span><\/h1>\n<p><span style=\"font-family: arial, helvetica, sans-serif; font-size: 10pt;\"><strong>L\u2019observatoire de DAX<\/strong><\/span><\/p>\n<table>\n<tbody>\n<tr>\n<td><span style=\"font-family: arial, helvetica, sans-serif; font-size: 10pt;\">Code UAI: 958<\/span><br \/><span style=\"font-family: arial, helvetica, sans-serif; font-size: 10pt;\"> Longitude: 1\u00b0 1\u2032 49.8\u2033 W<\/span><br \/><span style=\"font-family: arial, helvetica, sans-serif; font-size: 10pt;\"> Latitude: 43\u00b0 41\u2032 36.4\u2033 N<\/span><\/td>\n<\/tr>\n<\/tbody>\n<\/table>\n<p><span style=\"font-size: 10pt;\">\u00a0<\/span><\/p>\n<p><span style=\"font-family: arial, helvetica, sans-serif; font-size: 10pt;\"><strong>Activit\u00e9s et leur fonctionnement :<\/strong><\/span><br \/><span style=\"font-family: arial, helvetica, sans-serif; font-size: 10pt;\"> Observatoire ouvert au public le vendredi soir,<\/span><br \/><span style=\"font-family: arial, helvetica, sans-serif; font-size: 10pt;\"> Visites de scolaires et de divers groupes,<\/span><br \/><span style=\"font-family: arial, helvetica, sans-serif; font-size: 10pt;\"> Participation \u00e0 la Nuit des \u00c9toiles, nombreux publics,<\/span><br \/><span style=\"font-family: arial, helvetica, sans-serif; font-size: 10pt;\"> Animation lors de l&rsquo;op\u00e9ration \u00ab Berges \u00c9ph\u00e9m\u00e8res \u00bb de la Ville de Dax,<\/span><br \/><span style=\"font-family: arial, helvetica, sans-serif; font-size: 10pt;\"> Entretien de l&rsquo;observatoire.<\/span><\/p>\n<p><span style=\"font-size: 10pt;\">\u00a0<\/span><\/p>\n<table>\n<tbody>\n<tr>\n<td><span style=\"font-family: arial, helvetica, sans-serif; font-size: 10pt;\"><strong>Site officiel de l\u2019Observatoire de DAX :\u00a0<\/strong><\/span><\/td>\n<td><span style=\"font-family: arial, helvetica, sans-serif; font-size: 10pt;\"><a href=\"http:\/\/astrosurf.com\/obsdax\/home.htm\">http:\/\/astrosurf.com\/obsdax\/home.htm<\/a><\/span><\/td>\n<\/tr>\n<\/tbody>\n<\/table>\n<p><span style=\"font-family: arial, helvetica, sans-serif; font-size: 10pt;\">L\u2019Observatoire, cr\u00e9\u00e9 en 1976, est issu de l\u2019<strong>Association culturelle de DAX<\/strong>, Il est sous la direction de\u00a0<strong>Philippe DUPOUY<\/strong>, fondateur de ce dernier. C\u2019est un des premiers observatoires amateurs de France tant sur le plan de l\u2019\u00e9quipement que sur celui de ses travaux (1982: cr\u00e9ation du premier plan\u00e9tarium amateur de France, 1997 : premi\u00e8re d\u00e9couverte mondiale d\u2019une com\u00e8te par un amateur avec une cam\u00e9ra CCD, co-d\u00e9couverte avec Michel Meunier).<\/span><\/p>\n<p><span style=\"font-family: arial, helvetica, sans-serif; font-size: 10pt;\">Si\u00e8ge de la d\u00e9l\u00e9gation r\u00e9gionale aquitaine de la Soci\u00e9t\u00e9 Astronomique de France, l\u2019 Observatoire poss\u00e8de une section m\u00e9t\u00e9o, de nombreux instruments d\u2019observation, de traitement et d\u2019acquisition d\u2019images (cam\u00e9ras CCD), un plan\u00e9tarium et bien d\u2019autres choses encore\u2026<\/span><\/p>\n<p><span style=\"font-family: arial, helvetica, sans-serif; font-size: 10pt;\">L\u2019observatoire participe depuis le d\u00e9but \u00e0 la Nuit des Etoiles, manifestation qui a lieu au mois d\u2019ao\u00fbt partout en France. Nous organisons \u00e9galement tous les ans une nuit Portes Ouvertes durant les vacances d\u2019\u00e9t\u00e9. A cette occasion, un astronome professionnel anime une conf\u00e9rence.<strong>\u00a0<\/strong><\/span><\/p>\n<p><span style=\"font-family: arial, helvetica, sans-serif; font-size: 10pt;\">Parmi les conf\u00e9renciers que nous avons eu l\u2019honneur d\u2019accueillir, on trouve\u00a0<strong>Jean-Fran\u00e7ois Beaulieu<\/strong>, astronome \u00e0 l\u2019Observatoire de Paris,\u00a0<strong>Fran\u00e7ois Colas<\/strong>, astronome au Bureau des Longitudes et au Pic du Midi,\u00a0<strong>Emmanuel Davoust<\/strong>, astronome \u00e0 l\u2019Observatoire Midi-Pyr\u00e9n\u00e9es et au Pic du Midi,\u00a0<strong>Alain Maury<\/strong>, sp\u00e9cialiste fran\u00e7ais des ast\u00e9ro\u00efdes,\u00a0<strong>Jean-Paul Parisot<\/strong>, astronome \u00e0 l\u2019Observatoire de Bordeaux,\u00a0<strong>Fran\u00e7ois Quercy<\/strong>, astronome \u00e0 l\u2019Observatoire Midi-Pyr\u00e9n\u00e9es,\u00a0<strong>Alain Klotz\u00a0<\/strong>astronome au Centre d\u2019Etudes Spatiales du Rayonnement,<strong>\u00a0Daniel Bonneau<\/strong>, astronome \u00e0 l\u2019Observatoire de la C\u00f4te d\u2019Azur\u2026<\/span><\/p>\n<p><span style=\"font-family: arial, helvetica, sans-serif; font-size: 10pt;\">Depuis quelques ann\u00e9es, l\u2019observatoire participe \u00e9galement \u00e0 la manifestation de \u00ab La Science en f\u00eate \u00bb en octobre, et organise aussi une journ\u00e9e Portes Ouvertes avec une exposition et une conf\u00e9rence sur divers th\u00e8mes scientifiques. Nous avons d\u00e9j\u00e0 abord\u00e9 celui de l\u2019origine et la vie des com\u00e8tes, ainsi que celui de la g\u00e9ologie dans les Landes.<\/span><\/p>\n<p>[\/et_pb_text][\/et_pb_column][\/et_pb_row][\/et_pb_section]<\/p>\n","protected":false},"excerpt":{"rendered":"<p>&nbsp; ASTRONOMIE avec Philippe L\u2019observatoire de DAX Code UAI: 958 Longitude: 1\u00b0 1\u2032 49.8\u2033 W Latitude: 43\u00b0 41\u2032 36.4\u2033 N \u00a0 Activit\u00e9s et leur fonctionnement : Observatoire ouvert au public le vendredi soir, Visites de scolaires et de divers groupes, Participation \u00e0 la Nuit des \u00c9toiles, nombreux publics, Animation lors de l&rsquo;op\u00e9ration \u00ab Berges \u00c9ph\u00e9m\u00e8res \u00bb de la Ville de Dax, Entretien de l&rsquo;observatoire. \u00a0 Site officiel de l\u2019Observatoire de DAX :\u00a0 http:\/\/astrosurf.com\/obsdax\/home.htm L\u2019Observatoire, cr\u00e9\u00e9 en 1976, est issu de l\u2019Association culturelle de DAX, Il est sous la direction de\u00a0Philippe DUPOUY, fondateur de ce dernier. C\u2019est un des premiers observatoires amateurs de France tant sur le plan de l\u2019\u00e9quipement que sur celui de ses travaux (1982: cr\u00e9ation du premier plan\u00e9tarium amateur de France, 1997 : premi\u00e8re d\u00e9couverte mondiale d\u2019une com\u00e8te par un amateur avec une cam\u00e9ra CCD, co-d\u00e9couverte avec Michel Meunier). Si\u00e8ge de la d\u00e9l\u00e9gation r\u00e9gionale aquitaine de la Soci\u00e9t\u00e9 Astronomique de France, l\u2019 Observatoire poss\u00e8de une section m\u00e9t\u00e9o, de nombreux instruments d\u2019observation, de traitement et d\u2019acquisition d\u2019images (cam\u00e9ras CCD), un plan\u00e9tarium et bien d\u2019autres choses encore\u2026 L\u2019observatoire participe depuis le d\u00e9but \u00e0 la Nuit des Etoiles, manifestation qui a lieu au mois d\u2019ao\u00fbt partout en France. Nous organisons \u00e9galement [&hellip;]<\/p>\n","protected":false},"author":1,"featured_media":0,"parent":39,"menu_order":0,"comment_status":"closed","ping_status":"closed","template":"","meta":{"_et_pb_use_builder":"on","_et_pb_old_content":"<p>[vc_row][vc_column][rev_slider_vc alias=\"astro\"][\/vc_column][\/vc_row][vc_row][vc_column][vc_udesign_recent_posts title=\"Derniers commentaires du Blog\" num_posts=\"4\" post_offset=\"0\" num_words_limit=\"13\" show_date_author=\"\" show_more_link=\"yes\" more_link_text=\"En savoir +\" show_thumbs=\"yes\" remove_thumb_frame=\"\" thumb_frame_shadow=\"\" default_thumb=\"yes\" post_thumb_width=\"60\" post_thumb_height=\"60\" class=\"\" category_id=\"6\"][vc_column_text]<\/p>\n<h1><span style=\"color: #993300;\">ASTRONOMIE avec Philippe<\/span><\/h1>\n<p>[\/vc_column_text][\/vc_column][\/vc_row][vc_row][vc_column width=\"3\/4\"][vc_column_text]<span style=\"font-family: arial, helvetica, sans-serif; font-size: 10pt;\"><strong>L\u2019observatoire de DAX<\/strong><\/span><\/p>\n<table>\n<tbody>\n<tr>\n<td><span style=\"font-family: arial, helvetica, sans-serif; font-size: 10pt;\">Code UAI: 958<\/span><br \/>\n<span style=\"font-family: arial, helvetica, sans-serif; font-size: 10pt;\"> Longitude: 1\u00b0 1\u2032 49.8\u2033 W<\/span><br \/>\n<span style=\"font-family: arial, helvetica, sans-serif; font-size: 10pt;\"> Latitude: 43\u00b0 41\u2032 36.4\u2033 N<\/span><\/td>\n<\/tr>\n<\/tbody>\n<\/table>\n<p><span style=\"font-size: 10pt;\">\u00a0<\/span><\/p>\n<p><span style=\"font-family: arial, helvetica, sans-serif; font-size: 10pt;\"><strong>Activit\u00e9s et leur fonctionnement :<\/strong><\/span><br \/>\n<span style=\"font-family: arial, helvetica, sans-serif; font-size: 10pt;\"> Observatoire ouvert au public le vendredi soir,<\/span><br \/>\n<span style=\"font-family: arial, helvetica, sans-serif; font-size: 10pt;\"> Visites de scolaires et de divers groupes,<\/span><br \/>\n<span style=\"font-family: arial, helvetica, sans-serif; font-size: 10pt;\"> Participation \u00e0 la Nuit des \u00c9toiles, nombreux publics,<\/span><br \/>\n<span style=\"font-family: arial, helvetica, sans-serif; font-size: 10pt;\"> Animation lors de l'op\u00e9ration \u00ab Berges \u00c9ph\u00e9m\u00e8res \u00bb de la Ville de Dax,<\/span><br \/>\n<span style=\"font-family: arial, helvetica, sans-serif; font-size: 10pt;\"> Entretien de l'observatoire.<\/span><\/p>\n<p><span style=\"font-size: 10pt;\">\u00a0<\/span><\/p>\n<table>\n<tbody>\n<tr>\n<td><span style=\"font-family: arial, helvetica, sans-serif; font-size: 10pt;\"><strong>Site officiel de l\u2019Observatoire de DAX :\u00a0<\/strong><\/span><\/td>\n<td><span style=\"font-family: arial, helvetica, sans-serif; font-size: 10pt;\"><a href=\"http:\/\/astrosurf.com\/obsdax\/home.htm\">http:\/\/astrosurf.com\/obsdax\/home.htm<\/a><\/span><\/td>\n<\/tr>\n<\/tbody>\n<\/table>\n<p><span style=\"font-family: arial, helvetica, sans-serif; font-size: 10pt;\">L\u2019Observatoire, cr\u00e9\u00e9 en 1976, est issu de l\u2019<strong>Association culturelle de DAX<\/strong>, Il est sous la direction de\u00a0<strong>Philippe DUPOUY<\/strong>, fondateur de ce dernier. C\u2019est un des premiers observatoires amateurs de France tant sur le plan de l\u2019\u00e9quipement que sur celui de ses travaux (1982: cr\u00e9ation du premier plan\u00e9tarium amateur de France, 1997 : premi\u00e8re d\u00e9couverte mondiale d\u2019une com\u00e8te par un amateur avec une cam\u00e9ra CCD, co-d\u00e9couverte avec Michel Meunier).<\/span><\/p>\n<p><span style=\"font-family: arial, helvetica, sans-serif; font-size: 10pt;\">Si\u00e8ge de la d\u00e9l\u00e9gation r\u00e9gionale aquitaine de la Soci\u00e9t\u00e9 Astronomique de France, l\u2019 Observatoire poss\u00e8de une section m\u00e9t\u00e9o, de nombreux instruments d\u2019observation, de traitement et d\u2019acquisition d\u2019images (cam\u00e9ras CCD), un plan\u00e9tarium et bien d\u2019autres choses encore\u2026<\/span><\/p>\n<p><span style=\"font-family: arial, helvetica, sans-serif; font-size: 10pt;\">L\u2019observatoire participe depuis le d\u00e9but \u00e0 la Nuit des Etoiles, manifestation qui a lieu au mois d\u2019ao\u00fbt partout en France. Nous organisons \u00e9galement tous les ans une nuit Portes Ouvertes durant les vacances d\u2019\u00e9t\u00e9. A cette occasion, un astronome professionnel anime une conf\u00e9rence.<strong>\u00a0<\/strong><\/span><\/p>\n<p><span style=\"font-family: arial, helvetica, sans-serif; font-size: 10pt;\">Parmi les conf\u00e9renciers que nous avons eu l\u2019honneur d\u2019accueillir, on trouve\u00a0<strong>Jean-Fran\u00e7ois Beaulieu<\/strong>, astronome \u00e0 l\u2019Observatoire de Paris,\u00a0<strong>Fran\u00e7ois Colas<\/strong>, astronome au Bureau des Longitudes et au Pic du Midi,\u00a0<strong>Emmanuel Davoust<\/strong>, astronome \u00e0 l\u2019Observatoire Midi-Pyr\u00e9n\u00e9es et au Pic du Midi,\u00a0<strong>Alain Maury<\/strong>, sp\u00e9cialiste fran\u00e7ais des ast\u00e9ro\u00efdes,\u00a0<strong>Jean-Paul Parisot<\/strong>, astronome \u00e0 l\u2019Observatoire de Bordeaux,\u00a0<strong>Fran\u00e7ois Quercy<\/strong>, astronome \u00e0 l\u2019Observatoire Midi-Pyr\u00e9n\u00e9es,\u00a0<strong>Alain Klotz\u00a0<\/strong>astronome au Centre d\u2019Etudes Spatiales du Rayonnement,<strong>\u00a0Daniel Bonneau<\/strong>, astronome \u00e0 l\u2019Observatoire de la C\u00f4te d\u2019Azur\u2026<\/span><\/p>\n<p><span style=\"font-family: arial, helvetica, sans-serif; font-size: 10pt;\">Depuis quelques ann\u00e9es, l\u2019observatoire participe \u00e9galement \u00e0 la manifestation de \u00ab\u00a0La Science en f\u00eate\u00a0\u00bb en octobre, et organise aussi une journ\u00e9e Portes Ouvertes avec une exposition et une conf\u00e9rence sur divers th\u00e8mes scientifiques. Nous avons d\u00e9j\u00e0 abord\u00e9 celui de l\u2019origine et la vie des com\u00e8tes, ainsi que celui de la g\u00e9ologie dans les Landes.<\/span>[\/vc_column_text][\/vc_column][\/vc_row][vc_row][vc_column][vc_column_text][\/vc_column_text][\/vc_column][\/vc_row]<\/p>\n","_et_gb_content_width":"","footnotes":""},"class_list":["post-73","page","type-page","status-publish","hentry"],"_links":{"self":[{"href":"https:\/\/www.culture-dax.fr\/index.php?rest_route=\/wp\/v2\/pages\/73","targetHints":{"allow":["GET"]}}],"collection":[{"href":"https:\/\/www.culture-dax.fr\/index.php?rest_route=\/wp\/v2\/pages"}],"about":[{"href":"https:\/\/www.culture-dax.fr\/index.php?rest_route=\/wp\/v2\/types\/page"}],"author":[{"embeddable":true,"href":"https:\/\/www.culture-dax.fr\/index.php?rest_route=\/wp\/v2\/users\/1"}],"replies":[{"embeddable":true,"href":"https:\/\/www.culture-dax.fr\/index.php?rest_route=%2Fwp%2Fv2%2Fcomments&post=73"}],"version-history":[{"count":42,"href":"https:\/\/www.culture-dax.fr\/index.php?rest_route=\/wp\/v2\/pages\/73\/revisions"}],"predecessor-version":[{"id":2843,"href":"https:\/\/www.culture-dax.fr\/index.php?rest_route=\/wp\/v2\/pages\/73\/revisions\/2843"}],"up":[{"embeddable":true,"href":"https:\/\/www.culture-dax.fr\/index.php?rest_route=\/wp\/v2\/pages\/39"}],"wp:attachment":[{"href":"https:\/\/www.culture-dax.fr\/index.php?rest_route=%2Fwp%2Fv2%2Fmedia&parent=73"}],"curies":[{"name":"wp","href":"https:\/\/api.w.org\/{rel}","templated":true}]}}